{"id":3643,"date":"2026-03-18T15:11:40","date_gmt":"2026-03-18T15:11:40","guid":{"rendered":"https:\/\/plazatorossevilla.com\/condicoes-gerais\/"},"modified":"2026-04-20T14:10:34","modified_gmt":"2026-04-20T14:10:34","slug":"condicoes-gerais","status":"publish","type":"page","link":"https:\/\/plazatorossevilla.com\/pt-pt\/condicoes-gerais\/","title":{"rendered":"Condi\u00e7\u00f5es Gerais"},"content":{"rendered":"<section class=\"l-section wpb_row height_medium\"><div class=\"l-section-h i-cf\"><div class=\"g-cols vc_row via_grid cols_1 laptops-cols_inherit tablets-cols_inherit mobiles-cols_1 valign_top type_default stacking_default\"><div class=\"wpb_column vc_column_container\"><div class=\"vc_column-inner\"><div class=\"wpb_text_column\"><div class=\"wpb_wrapper\"><h1>Condi\u00e7\u00f5es Gerais<\/h1>\n<p>https:\/\/plazatorossevilla.com\/ (doravante, o S\u00edtio Web) \u00e9 um s\u00edtio Web propriedade da Toroshopping, S.L., doravante O PROPRIET\u00c1RIO, com NIF n.\u00ba: B92950146 e sede social em: Centro Melior Vasari. Urbanizaci\u00f3n La Alzambra, 3, Local 1, C.P. 29660 \u2013 Marbella (M\u00e1laga).<\/p>\n<p>O acesso, reprodu\u00e7\u00e3o e utiliza\u00e7\u00e3o dos servi\u00e7os do S\u00edtio Web requer a aceita\u00e7\u00e3o pr\u00e9via das Condi\u00e7\u00f5es de Utiliza\u00e7\u00e3o em vigor em cada momento; O PROPRIET\u00c1RIO reserva-se o direito de modificar as referidas Condi\u00e7\u00f5es quando o considerar oportuno, mediante a publica\u00e7\u00e3o do novo texto no S\u00edtio Web. \u00c9 responsabilidade do utilizador conhecer as Condi\u00e7\u00f5es de Utiliza\u00e7\u00e3o antes de aceder aos produtos e servi\u00e7os do S\u00edtio Web; caso n\u00e3o concorde com<br \/>as mesmas, solicitamos que se abstenha de o utilizar.<\/p>\n<p>&nbsp;<\/p>\n<h4 class=\"wp-block-heading\">PROPRIEDADE<\/h4>\n<p>O S\u00edtio Web \u00e9 uma obra composta por diversos elementos integrados e insepar\u00e1veis (texto, ilustra\u00e7\u00f5es, fotografias, imagens animadas, v\u00eddeos, programas de computador, incluindo os c\u00f3digos html do s\u00edtio Web, etc.), cuja Propriedade Intelectual pertence ao PROPRIET\u00c1RIO, salvo no que se refere aos materiais obtidos sob licen\u00e7a de terceiros.<br \/>O PROPRIET\u00c1RIO e os seus licenciadores ret\u00eam em todo o momento a Propriedade Intelectual sobre o S\u00edtio Web e sobre os diversos elementos que o comp\u00f5em, individualmente considerados, em todas as c\u00f3pias que sejam realizadas (qualquer que seja o suporte em que sejam incorporadas), concedendo sobre os mesmos apenas os direitos de utiliza\u00e7\u00e3o que adiante se descrevem. Qualquer direito que n\u00e3o seja expressamente cedido entende-se reservado.<br \/>Al\u00e9m do exposto, O PROPRIET\u00c1RIO \u00e9 respons\u00e1vel pela sele\u00e7\u00e3o, conce\u00e7\u00e3o da estrutura e disposi\u00e7\u00e3o dos conte\u00fados do S\u00edtio Web, bem como quem tomou a iniciativa e assumiu o risco de efetuar os investimentos substanciais orientados para a obten\u00e7\u00e3o, digitaliza\u00e7\u00e3o e apresenta\u00e7\u00e3o do mesmo, cabendo-lhe, portanto, a prote\u00e7\u00e3o que o artigo 12 e o T\u00edtulo VIII do Livro II da Lei de Propriedade Intelectual possa conceder sobre o s\u00edtio Web, considerado como uma base de dados.<br \/>O PROPRIET\u00c1RIO \u00e9 tamb\u00e9m o \u00fanico propriet\u00e1rio do design e imagem gr\u00e1fica do S\u00edtio Web, reservando-se as a\u00e7\u00f5es legais pertinentes que lhe possam corresponder contra as pessoas que realizem imita\u00e7\u00f5es ou utiliza\u00e7\u00f5es desleais do mesmo. <\/p>\n<p>&nbsp;<\/p>\n<h3 class=\"wp-block-heading\">CONTE\u00daDOS DO S\u00cdTIO WEB E DESCARREGAMENTOS. USOS PERMITIDOS E PROIBIDOS. <\/h3>\n<p>\u00c9 permitida:<br \/>\u2022 A navega\u00e7\u00e3o pelo S\u00edtio Web, ou seja, o acesso e visualiza\u00e7\u00e3o do mesmo num dispositivo, ficando autorizada qualquer reprodu\u00e7\u00e3o tempor\u00e1ria ou acess\u00f3ria, desde que a mesma n\u00e3o seja volunt\u00e1ria e fa\u00e7a parte integrante e essencial do processo tecnol\u00f3gico de transmiss\u00e3o. A navega\u00e7\u00e3o por determinadas sec\u00e7\u00f5es do S\u00edtio Web requer o registo pr\u00e9vio.<br \/>\u2022 Beneficiar (mediante registo), dos servi\u00e7os e vantagens prestados pelo PROPRIET\u00c1RIO atrav\u00e9s do S\u00edtio Web aos seus utilizadores, nas condi\u00e7\u00f5es que sejam expressamente indicadas nas diferentes sec\u00e7\u00f5es.<br \/>\u00c9 estritamente proibido:<br \/>\u2022 Quaisquer opera\u00e7\u00f5es relativas ao S\u00edtio Web, aos seus conte\u00fados, aos produtos descarregados e \u00e0s c\u00f3pias de todos eles que sejam contr\u00e1rias \u00e0 Lei, aos bons costumes e \u00e0 boa-f\u00e9.<br \/>\u2022 Qualquer utiliza\u00e7\u00e3o fora do \u00e2mbito pessoal e privado, especialmente aquelas que tenham fins comerciais ou profissionais, incluindo o envio de publicidade ou mensagens e a recolha e tratamento de dados de terceiros.<br \/>\u2022 Qualquer tipo de extra\u00e7\u00e3o, comunica\u00e7\u00e3o p\u00fablica e\/ou transmiss\u00e3o, total ou parcial, por qualquer meio, fora do \u00e2mbito privado de uso permitido e, especialmente, a sua incorpora\u00e7\u00e3o em qualquer outra obra, incluindo p\u00e1ginas Web, cole\u00e7\u00f5es ou bases de dados. Excetua-se desta proibi\u00e7\u00e3o a publica\u00e7\u00e3o em meios de comunica\u00e7\u00e3o dos materiais suscet\u00edveis de descarregamento da sec\u00e7\u00e3o Sala de Imprensa.  <br \/>\u2022 A remo\u00e7\u00e3o, oculta\u00e7\u00e3o ou falsifica\u00e7\u00e3o dos avisos e advert\u00eancias sobre a Propriedade Intelectual ou Industrial do S\u00edtio Web ou de qualquer um dos produtos fornecidos atrav\u00e9s do mesmo.<br \/>\u2022 As opera\u00e7\u00f5es e atividades expressamente proibidas em quaisquer outras sec\u00e7\u00f5es destas Condi\u00e7\u00f5es Gerais e, em geral, qualquer que possa prejudicar o normal funcionamento do S\u00edtio Web, a outros utilizadores ou a qualquer terceiro.<\/p>\n<p>&nbsp;<\/p>\n<h3 class=\"wp-block-heading\">LIGA\u00c7\u00d5ES AO S\u00cdTIO WEB<\/h3>\n<p>\u2022 \u00c9 autorizado o estabelecimento de liga\u00e7\u00f5es e hiperliga\u00e7\u00f5es com o S\u00edtio Web a partir de outras p\u00e1ginas ou s\u00edtios Web, desde que os mesmos n\u00e3o sejam feitos de forma a prejudicar a imagem p\u00fablica e de marca do PROPRIET\u00c1RIO, do S\u00edtio Web ou de qualquer das pessoas e produtos a que se fa\u00e7a refer\u00eancia no mesmo. No estabelecimento de liga\u00e7\u00f5es com o S\u00edtio Web \u00e9 expressamente proibida a utiliza\u00e7\u00e3o de t\u00e9cnicas que impliquem confus\u00e3o sobre a identidade e propriedade dos conte\u00fados, tais como o framing ou outras. <br \/>\u2022 \u00c9 proibido o estabelecimento de liga\u00e7\u00f5es a partir de p\u00e1ginas ou s\u00edtios Web cujos conte\u00fados promovam ou fa\u00e7am apologia, direta ou indiretamente, de qualquer tipo de viol\u00eancia, discrimina\u00e7\u00e3o, pornografia ou atividade ilegal. Do mesmo modo, \u00e9 expressamente proibido o estabelecimento de liga\u00e7\u00f5es com fins comerciais. <\/p>\n<p>Na cria\u00e7\u00e3o das liga\u00e7\u00f5es \u00e9 expressamente proibida a utiliza\u00e7\u00e3o de elementos extra\u00eddos do S\u00edtio Web, sem o consentimento pr\u00e9vio e expresso do PROPRIET\u00c1RIO. Em nenhum caso poder\u00e1 entender-se que as liga\u00e7\u00f5es ao S\u00edtio Web a partir de p\u00e1ginas ou s\u00edtios Web de terceiros implicam rela\u00e7\u00f5es do PROPRIET\u00c1RIO com os titulares destes, nem implica apoio, patroc\u00ednio ou recomenda\u00e7\u00e3o alguma do PROPRIET\u00c1RIO sobre os mesmos, pelo que O PROPRIET\u00c1RIO n\u00e3o ser\u00e1 respons\u00e1vel em absoluto relativamente ao seu conte\u00fado e licitude. <\/p>\n<p>&nbsp;<\/p>\n<h3 class=\"wp-block-heading\">CONTE\u00daDOS E COMPORTAMENTO DO UTILIZADOR<\/h3>\n<p>Como cliente ou utilizador do S\u00edtio Web, compromete-se a fazer um uso adequado dos conte\u00fados e servi\u00e7os oferecidos atrav\u00e9s do mesmo e a n\u00e3o os empregar para:<br \/>\u2022 Incorrer em atividades il\u00edcitas, ilegais ou contr\u00e1rias \u00e0 boa-f\u00e9 e \u00e0 ordem p\u00fablica.<br \/>\u2022 Difundir conte\u00fados ou propaganda de car\u00e1ter racista, xen\u00f3fobo, pornogr\u00e1fico, que fa\u00e7a apologia do terrorismo ou que atente contra os direitos humanos.<br \/>\u2022 Provocar danos nos sistemas f\u00edsicos e l\u00f3gicos do PROPRIET\u00c1RIO, dos seus fornecedores ou de terceiras pessoas, introduzir ou difundir na rede v\u00edrus inform\u00e1ticos ou quaisquer outros sistemas f\u00edsicos ou l\u00f3gicos que sejam suscet\u00edveis de provocar os danos anteriormente mencionados.<br \/>\u2022 Difundir conte\u00fados que atentem contra a imagem e reputa\u00e7\u00e3o do PROPRIET\u00c1RIO ou de terceiros.<br \/>\u2022 Atentar contra os direitos de Propriedade Intelectual, Industrial, de imagem, honra ou outros que correspondam ao PROPRIET\u00c1RIO ou a terceiros.<br \/>O PROPRIET\u00c1RIO ter\u00e1 plena liberdade de decis\u00e3o sobre se as colabora\u00e7\u00f5es e mensagens s\u00e3o finalmente publicadas no S\u00edtio Web ou n\u00e3o, ficando facultado para as retirar quando o estime oportuno.<br \/>A infra\u00e7\u00e3o de qualquer das normas contidas nestas Condi\u00e7\u00f5es de Utiliza\u00e7\u00e3o e muito especialmente, do previsto na presente cl\u00e1usula, facultar\u00e1 ao PROPRIET\u00c1RIO para o desativar de forma imediata como utilizador ou subscritor do S\u00edtio Web.<\/p>\n<p>&nbsp;<\/p>\n<h2 class=\"wp-block-heading\">VENDA DE BILHETES<\/h2>\n<h3><strong>PRE\u00c7OS E DISPONIBILIDADE DE BILHETES.<\/strong><\/h3>\n<p>Os pre\u00e7os dos bilhetes variam consoante o tipo de espet\u00e1culo (novilhada, tourada a cavalo ou corrida de touros) e a localiza\u00e7\u00e3o dos lugares (sol, sombra, sol e sombra e fila).<\/p>\n<p>Pela gest\u00e3o dos referidos bilhetes, \u00e9 adicionado um custo extra de 10 % ao pre\u00e7o da bilheteira oficial do s\u00edtio Web, que se soma ao pre\u00e7o dos bilhetes, IVA inclu\u00eddo.<\/p>\n<p>A venda de bilhetes \u00e9 firme e n\u00e3o permite anula\u00e7\u00f5es por parte do Utilizador, seja qual for a causa.<\/p>\n<p>Os pre\u00e7os e a disponibilidade dos bilhetes s\u00e3o v\u00e1lidos e garantidos at\u00e9 que os bilhetes se esgotem. Excluem-se os erros tipogr\u00e1ficos ou qualquer altera\u00e7\u00e3o de pre\u00e7o realizada pela empresa organizadora do espet\u00e1culo taurino e gestora da pra\u00e7a (doravante \u201co Organizador\u201d). Neste \u00faltimo caso, o Utilizador dever\u00e1 dirigir qualquer reclama\u00e7\u00e3o a esta \u00faltima.  <\/p>\n<p>As reservas ser\u00e3o atendidas por ordem de rece\u00e7\u00e3o. Tentaremos sempre atribuir lugares consecutivos e entraremos em contacto com o cliente para o informar de qualquer problema a este respeito (podendo surgir se se tratar de uma venda de muitos bilhetes) e ofereceremos ent\u00e3o bilhetes alternativos (por exemplo, para outra zona, ou em duas filas, etc.). No entanto, n\u00e3o podemos garantir ao Utilizador a disponibilidade de lugares consecutivos, especialmente no caso de compra de mais de 4 lugares. Quando n\u00e3o for poss\u00edvel a reatribui\u00e7\u00e3o, os bilhetes entender-se-\u00e3o adquiridos em firme pelo Utilizador.   <\/p>\n<p>No caso de o Utilizador ter adquirido um bilhete e os lugares se terem esgotado, proceder-se-\u00e1 ao reembolso da quantia paga ao Utilizador num prazo de cinco (5) dias a partir do dia em que tal circunst\u00e2ncia seja comunicada. O Utilizador reconhece expressamente que n\u00e3o ter\u00e1 direito a qualquer reembolso adicional a t\u00edtulo de indemniza\u00e7\u00e3o ou similar. <\/p>\n<p>N\u00e3o oferecemos nem gerimos reservas com descontos especiais, tais como grupos, reformados, jovens, pessoas com defici\u00eancia, sendo o pre\u00e7o \u00fanico para adultos.<\/p>\n<h3><strong>EMISS\u00c3O DE BILHETES.<\/strong><\/h3>\n<p>O Utilizador adquire o bilhete do Organizador, que lhe ser\u00e1 enviado por e-mail em formato pdf alguns dias antes da data do evento, juntamente com o nosso recibo ou fatura que inclui os nossos custos de gest\u00e3o. <\/p>\n<p><b>M\u00c9TODOS DE COMPRA<\/b><\/p>\n<p>O Utilizador pode pagar com cart\u00e3o Visa ou Mastercard atrav\u00e9s da nossa plataforma 100 % segura<span> <\/span><strong>atrav\u00e9s do Stripe. <\/strong>O sistema pedir\u00e1 ao Utilizador o n\u00famero do cart\u00e3o, a validade e o CCV (3 d\u00edgitos no verso do cart\u00e3o). \u00c9 prov\u00e1vel que a sua entidade banc\u00e1ria lhe envie tamb\u00e9m um c\u00f3digo especial para confirmar a compra pela Internet. <\/p>\n<p>Em nenhum caso conservaremos os seus dados banc\u00e1rios, sendo estes geridos pelas plataformas de pagamento seguro contratadas. \u00c9 responsabilidade do Utilizador ler atentamente as condi\u00e7\u00f5es de utiliza\u00e7\u00e3o e pol\u00edtica de privacidade das referidas plataformas de pagamento antes de realizar o pagamento. <\/p>\n<p><strong>DEVOLU\u00c7\u00d5ES.<\/strong><\/p>\n<p>N\u00e3o \u00e9 permitida a devolu\u00e7\u00e3o do valor dos bilhetes adquiridos. A impossibilidade de assistir a uma atua\u00e7\u00e3o ou qualquer erro cometido pelo Utilizador ao realizar a aquisi\u00e7\u00e3o n\u00e3o ser\u00e3o motivos v\u00e1lidos para proceder \u00e0 devolu\u00e7\u00e3o da quantia paga. <\/p>\n<p>Como ponto de venda oficial, os bilhetes colocados \u00e0 venda s\u00e3o emitidos diretamente pela empresa gestora da Pra\u00e7a de Touros de Sevilha (ou seja, pelo Organizador). O Utilizador recebe o bilhete oficial da empresa por e-mail em formato pdf. <\/p>\n<p>Perante as altera\u00e7\u00f5es que ocorram posteriormente \u00e0 aquisi\u00e7\u00e3o dos bilhetes, tais como (a t\u00edtulo meramente exemplificativo): altera\u00e7\u00e3o de data, hora, cartaz, substitui\u00e7\u00f5es, cancelamentos e\/ou qualquer outro acontecimento. O Utilizador reconhece expressamente que qualquer reclama\u00e7\u00e3o dever\u00e1 ser apresentada diretamente ao Organizador. <\/p>\n<p>A realiza\u00e7\u00e3o de qualquer devolu\u00e7\u00e3o estar\u00e1 sujeita \u00e0s condi\u00e7\u00f5es do Organizador e ao disposto na legisla\u00e7\u00e3o em vigor, ficando em todo o caso dependente de dispor do bilhete oficial, completo, \u00edntegro e n\u00e3o manipulado nem danificado.<\/p>\n<p>A devolu\u00e7\u00e3o do valor do bilhete em caso de suspens\u00e3o, adiamento ou modifica\u00e7\u00e3o, iniciar-se-\u00e1 e finalizar\u00e1 quando o Organizador o indicar na bilheteira oficial da empresa organizadora e em conformidade com as condi\u00e7\u00f5es que se indicam no verso de cada bilhete oficial.<\/p>\n<p>Se o espet\u00e1culo for suspenso uma vez iniciado, por causas n\u00e3o imput\u00e1veis ao Organizador ou por mau tempo, uma vez sa\u00edda a primeira r\u00eas \u00e0 arena, o Utilizador n\u00e3o ter\u00e1 direito a qualquer devolu\u00e7\u00e3o.<\/p>\n<p>S\u00f3 quando o Organizador der ordem expressa para a devolu\u00e7\u00e3o dos bilhetes, se poder\u00e1 proceder \u00e0 devolu\u00e7\u00e3o do valor do bilhete (n\u00e3o assim dos custos de gest\u00e3o da plataforma de ticketing e dos da nossa empresa). As referidas cancelamentos costumam ocorrer em casos como cancelamentos e altera\u00e7\u00f5es de datas. <\/p>\n<p>MENORES DE IDADE OU PESSOAS COM DEFICI\u00caNCIA<\/p>\n<p>N\u00e3o emitimos bilhetes para grupos como menores de idade ou pessoas com defici\u00eancia, reformados, ou cart\u00e3o jovem. Para tal, deve dirigir-se diretamente \u00e0 Bilheteira da Pra\u00e7a de Touros de Sevilha <\/p>\n<p>do Organizador.<\/p>\n<p><strong>DIREITO DE ADMISS\u00c3O<\/strong><\/p>\n<p>O Organizador reserva-se o direito de admiss\u00e3o e poder\u00e1 revistar o p\u00fablico assistente no acesso \u00e0 pra\u00e7a de touros. N\u00e3o \u00e9 permitida a entrada com nenhum objeto que se possa considerar perigoso. Tamb\u00e9m n\u00e3o costuma ser permitida a entrada com comida e bebida.  <\/p>\n<p>\u00c9 da compet\u00eancia da Organiza\u00e7\u00e3o permitir a entrada na corrida uma vez que a mesma tenha come\u00e7ado, assim como permitir a entrada e sa\u00edda do recinto durante a mesma.<\/p>\n<p>Toda a reclama\u00e7\u00e3o sobre a realiza\u00e7\u00e3o, suspens\u00e3o, modifica\u00e7\u00e3o ou anula\u00e7\u00e3o do espet\u00e1culo dever\u00e1 ser dirigida ao Organizador, devendo o Utilizador conservar o bilhete para a sua apresenta\u00e7\u00e3o.<\/p>\n<p>Qualquer reclama\u00e7\u00e3o efetuada pelo Utilizador ser\u00e1 realizada diretamente com o Organizador. Recorda-se ao Utilizador que a responsabilidade sobre o evento corresponder\u00e1 exclusivamente ao Organizador. <\/p>\n<p><strong>LEI APLIC\u00c1VEL E JURISDI\u00c7\u00c3O.<\/strong><\/p>\n<p>Estas Condi\u00e7\u00f5es de Compra regem-se pela lei espanhola. As partes submetem-se para a resolu\u00e7\u00e3o dos conflitos e com ren\u00fancia a qualquer outro foro, aos tribunais do domic\u00edlio do Utilizador, conforme o previsto na legisla\u00e7\u00e3o em vigor. Quando os Utilizadores tiverem o seu domic\u00edlio fora do territ\u00f3rio espanhol, aplicar-se-\u00e1 o disposto na normativa legal aplic\u00e1vel em mat\u00e9ria de jurisdi\u00e7\u00e3o competente, submetendo-se as partes, na sua falta, aos tribunais de Madrid capital.  <\/p>\n<p>&nbsp;<\/p>\n<h3>PROTE\u00c7\u00c3O DE DADOS<\/h3>\n<p>A informa\u00e7\u00e3o ou dados pessoais que nos fornecer ser\u00e3o tratados de acordo com o estabelecido na <a href=\"https:\/\/www.toroshopping.com\/politica-de-privacidad\/\"><strong>Pol\u00edtica de Privacidade<\/strong><\/a>. Ao utilizar esta p\u00e1gina Web, consente o tratamento de tal informa\u00e7\u00e3o e dados e declara que toda a informa\u00e7\u00e3o ou dados que nos fornecer s\u00e3o verdadeiros e correspondem \u00e0 realidade. <\/p>\n<p>&nbsp;<\/p>\n<h3>MODIFICA\u00c7\u00d5ES<\/h3>\n<p>O PROPRIET\u00c1RIO reserva-se o direito de efetuar, sem aviso pr\u00e9vio, as modifica\u00e7\u00f5es que considere oportunas na Web, podendo alterar, suprimir ou adicionar tanto os conte\u00fados e servi\u00e7os que s\u00e3o prestados atrav\u00e9s da mesma, como a forma como estes s\u00e3o apresentados ou localizados.<br \/>Embora O PROPRIET\u00c1RIO envide os seus maiores esfor\u00e7os para manter a informa\u00e7\u00e3o contida na Web atualizada e livre de erros, n\u00e3o oferece qualquer garantia relativamente \u00e0 sua exatid\u00e3o e atualiza\u00e7\u00e3o. Tamb\u00e9m n\u00e3o \u00e9 garantida a obten\u00e7\u00e3o de qualquer resultado ou fim concreto, pelo que o acesso e utiliza\u00e7\u00e3o da Web s\u00e3o da exclusiva responsabilidade dos utilizadores e clientes. <\/p>\n<p>&nbsp;<\/p>\n<h3>A\u00c7\u00d5ES LEGAIS<\/h3>\n<p>O PROPRIET\u00c1RIO perseguir\u00e1 o incumprimento destas Condi\u00e7\u00f5es de Utiliza\u00e7\u00e3o, bem como qualquer utiliza\u00e7\u00e3o indevida da Web ou dos seus conte\u00fados, as infra\u00e7\u00f5es dos direitos que lhe correspondam a si ou aos seus licenciadores, especialmente os de Propriedade Intelectual e Industrial, exercendo todas as a\u00e7\u00f5es, civis e penais, que lhe possam corresponder em Direito.<\/p>\n<p>&nbsp;<\/p>\n<h3>RESOLU\u00c7\u00c3O EXTRAJUDICIAL DE CONFLITOS<\/h3>\n<p>Al\u00e9m disso, nos termos do artigo 14 do Regulamento UE 524\/2013, sobre resolu\u00e7\u00e3o de lit\u00edgios em mat\u00e9ria de consumo, \u00e9 fornecido um link direto para a plataforma de resolu\u00e7\u00e3o de lit\u00edgios online:<br \/>https:\/\/ec.europa.eu\/consumers\/odr\/main\/index.cfm<\/p>\n<p>&nbsp;<\/p>\n<h3>LEI APLIC\u00c1VEL E JURISDI\u00c7\u00c3O<\/h3>\n<p>Para qualquer controv\u00e9rsia ou conflito que possa surgir, derivado destes termos ou condi\u00e7\u00f5es, ser\u00e1 aplic\u00e1vel a Lei Espanhola. A resolu\u00e7\u00e3o dos conflitos judiciais ser\u00e1 submetida \u00e0 compet\u00eancia dos Tribunais do domic\u00edlio do utilizador ou cliente. <\/p>\n<h3>SERVI\u00c7O DE APOIO AO CLIENTE<\/h3>\n<p>&nbsp;<\/p>\n<p>Pode contactar-nos atrav\u00e9s do chat da p\u00e1gina Web, ou atrav\u00e9s do seguinte endere\u00e7o de correio eletr\u00f3nico: info@plazatorossevilla.com<\/p>\n<p>Responderemos \u00e0s suas quest\u00f5es o mais brevemente poss\u00edvel.<\/p>\n<\/div><\/div><\/div><\/div><\/div><\/div><\/section>\n","protected":false},"excerpt":{"rendered":"Condi\u00e7\u00f5es Gerais https:\/\/plazatorossevilla.com\/ (doravante, o S\u00edtio Web) \u00e9 um s\u00edtio Web propriedade da Toroshopping, S.L., doravante O PROPRIET\u00c1RIO, com NIF n.\u00ba: B92950146 e sede social em: Centro Melior Vasari. Urbanizaci\u00f3n La Alzambra, 3, Local 1, C.P. 29660 \u2013 Marbella (M\u00e1laga). O acesso, reprodu\u00e7\u00e3o e utiliza\u00e7\u00e3o dos servi\u00e7os do S\u00edtio Web requer a aceita\u00e7\u00e3o pr\u00e9via das...","protected":false},"author":1,"featured_media":0,"parent":0,"menu_order":0,"comment_status":"closed","ping_status":"closed","template":"","meta":{"footnotes":""},"class_list":["post-3643","page","type-page","status-publish","hentry"],"yoast_head":"<!-- This site is optimized with the Yoast SEO plugin v27.4 - https:\/\/yoast.com\/product\/yoast-seo-wordpress\/ -->\n<title>Condi\u00e7\u00f5es Gerais - Plaza Toros Sevilla<\/title>\n<meta name=\"robots\" content=\"index, follow, max-snippet:-1, max-image-preview:large, max-video-preview:-1\" \/>\n<link rel=\"canonical\" href=\"https:\/\/plazatorossevilla.com\/pt-pt\/condicoes-gerais\/\" \/>\n<meta property=\"og:locale\" content=\"pt_PT\" \/>\n<meta property=\"og:type\" content=\"article\" \/>\n<meta property=\"og:title\" content=\"Condi\u00e7\u00f5es Gerais - Plaza Toros Sevilla\" \/>\n<meta property=\"og:url\" content=\"https:\/\/plazatorossevilla.com\/pt-pt\/condicoes-gerais\/\" \/>\n<meta property=\"og:site_name\" content=\"Plaza Toros Sevilla\" \/>\n<meta property=\"article:modified_time\" content=\"2026-04-20T14:10:34+00:00\" \/>\n<meta name=\"twitter:card\" content=\"summary_large_image\" \/>\n<meta name=\"twitter:label1\" content=\"Tempo estimado de leitura\" \/>\n\t<meta name=\"twitter:data1\" content=\"13 minutos\" \/>\n<script type=\"application\/ld+json\" class=\"yoast-schema-graph\">{\"@context\":\"https:\\\/\\\/schema.org\",\"@graph\":[{\"@type\":\"WebPage\",\"@id\":\"https:\\\/\\\/plazatorossevilla.com\\\/pt-pt\\\/condicoes-gerais\\\/\",\"url\":\"https:\\\/\\\/plazatorossevilla.com\\\/pt-pt\\\/condicoes-gerais\\\/\",\"name\":\"Condi\u00e7\u00f5es Gerais - Plaza Toros Sevilla\",\"isPartOf\":{\"@id\":\"https:\\\/\\\/plazatorossevilla.com\\\/pt-pt\\\/#website\"},\"datePublished\":\"2026-03-18T15:11:40+00:00\",\"dateModified\":\"2026-04-20T14:10:34+00:00\",\"breadcrumb\":{\"@id\":\"https:\\\/\\\/plazatorossevilla.com\\\/pt-pt\\\/condicoes-gerais\\\/#breadcrumb\"},\"inLanguage\":\"pt-PT\",\"potentialAction\":[{\"@type\":\"ReadAction\",\"target\":[\"https:\\\/\\\/plazatorossevilla.com\\\/pt-pt\\\/condicoes-gerais\\\/\"]}]},{\"@type\":\"BreadcrumbList\",\"@id\":\"https:\\\/\\\/plazatorossevilla.com\\\/pt-pt\\\/condicoes-gerais\\\/#breadcrumb\",\"itemListElement\":[{\"@type\":\"ListItem\",\"position\":1,\"name\":\"Portada\",\"item\":\"https:\\\/\\\/plazatorossevilla.com\\\/pt-pt\\\/\"},{\"@type\":\"ListItem\",\"position\":2,\"name\":\"Condi\u00e7\u00f5es Gerais\"}]},{\"@type\":\"WebSite\",\"@id\":\"https:\\\/\\\/plazatorossevilla.com\\\/pt-pt\\\/#website\",\"url\":\"https:\\\/\\\/plazatorossevilla.com\\\/pt-pt\\\/\",\"name\":\"Plaza Toros Sevilla\",\"description\":\"Entradas a corridas de toros en Sevilla, Plaza de Toros La Maestranza\",\"publisher\":{\"@id\":\"https:\\\/\\\/plazatorossevilla.com\\\/pt-pt\\\/#organization\"},\"potentialAction\":[{\"@type\":\"SearchAction\",\"target\":{\"@type\":\"EntryPoint\",\"urlTemplate\":\"https:\\\/\\\/plazatorossevilla.com\\\/pt-pt\\\/?s={search_term_string}\"},\"query-input\":{\"@type\":\"PropertyValueSpecification\",\"valueRequired\":true,\"valueName\":\"search_term_string\"}}],\"inLanguage\":\"pt-PT\"},{\"@type\":\"Organization\",\"@id\":\"https:\\\/\\\/plazatorossevilla.com\\\/pt-pt\\\/#organization\",\"name\":\"Plaza Toros Sevilla\",\"url\":\"https:\\\/\\\/plazatorossevilla.com\\\/pt-pt\\\/\",\"logo\":{\"@type\":\"ImageObject\",\"inLanguage\":\"pt-PT\",\"@id\":\"https:\\\/\\\/plazatorossevilla.com\\\/pt-pt\\\/#\\\/schema\\\/logo\\\/image\\\/\",\"url\":\"https:\\\/\\\/plazatorossevilla.com\\\/wp-content\\\/uploads\\\/2026\\\/03\\\/Logo-plaza-toros-sevilla.webp\",\"contentUrl\":\"https:\\\/\\\/plazatorossevilla.com\\\/wp-content\\\/uploads\\\/2026\\\/03\\\/Logo-plaza-toros-sevilla.webp\",\"width\":286,\"height\":200,\"caption\":\"Plaza Toros Sevilla\"},\"image\":{\"@id\":\"https:\\\/\\\/plazatorossevilla.com\\\/pt-pt\\\/#\\\/schema\\\/logo\\\/image\\\/\"}}]}<\/script>\n<!-- \/ Yoast SEO plugin. -->","yoast_head_json":{"title":"Condi\u00e7\u00f5es Gerais - Plaza Toros Sevilla","robots":{"index":"index","follow":"follow","max-snippet":"max-snippet:-1","max-image-preview":"max-image-preview:large","max-video-preview":"max-video-preview:-1"},"canonical":"https:\/\/plazatorossevilla.com\/pt-pt\/condicoes-gerais\/","og_locale":"pt_PT","og_type":"article","og_title":"Condi\u00e7\u00f5es Gerais - Plaza Toros Sevilla","og_url":"https:\/\/plazatorossevilla.com\/pt-pt\/condicoes-gerais\/","og_site_name":"Plaza Toros Sevilla","article_modified_time":"2026-04-20T14:10:34+00:00","twitter_card":"summary_large_image","twitter_misc":{"Tempo estimado de leitura":"13 minutos"},"schema":{"@context":"https:\/\/schema.org","@graph":[{"@type":"WebPage","@id":"https:\/\/plazatorossevilla.com\/pt-pt\/condicoes-gerais\/","url":"https:\/\/plazatorossevilla.com\/pt-pt\/condicoes-gerais\/","name":"Condi\u00e7\u00f5es Gerais - Plaza Toros Sevilla","isPartOf":{"@id":"https:\/\/plazatorossevilla.com\/pt-pt\/#website"},"datePublished":"2026-03-18T15:11:40+00:00","dateModified":"2026-04-20T14:10:34+00:00","breadcrumb":{"@id":"https:\/\/plazatorossevilla.com\/pt-pt\/condicoes-gerais\/#breadcrumb"},"inLanguage":"pt-PT","potentialAction":[{"@type":"ReadAction","target":["https:\/\/plazatorossevilla.com\/pt-pt\/condicoes-gerais\/"]}]},{"@type":"BreadcrumbList","@id":"https:\/\/plazatorossevilla.com\/pt-pt\/condicoes-gerais\/#breadcrumb","itemListElement":[{"@type":"ListItem","position":1,"name":"Portada","item":"https:\/\/plazatorossevilla.com\/pt-pt\/"},{"@type":"ListItem","position":2,"name":"Condi\u00e7\u00f5es Gerais"}]},{"@type":"WebSite","@id":"https:\/\/plazatorossevilla.com\/pt-pt\/#website","url":"https:\/\/plazatorossevilla.com\/pt-pt\/","name":"Plaza Toros Sevilla","description":"Entradas a corridas de toros en Sevilla, Plaza de Toros La Maestranza","publisher":{"@id":"https:\/\/plazatorossevilla.com\/pt-pt\/#organization"},"potentialAction":[{"@type":"SearchAction","target":{"@type":"EntryPoint","urlTemplate":"https:\/\/plazatorossevilla.com\/pt-pt\/?s={search_term_string}"},"query-input":{"@type":"PropertyValueSpecification","valueRequired":true,"valueName":"search_term_string"}}],"inLanguage":"pt-PT"},{"@type":"Organization","@id":"https:\/\/plazatorossevilla.com\/pt-pt\/#organization","name":"Plaza Toros Sevilla","url":"https:\/\/plazatorossevilla.com\/pt-pt\/","logo":{"@type":"ImageObject","inLanguage":"pt-PT","@id":"https:\/\/plazatorossevilla.com\/pt-pt\/#\/schema\/logo\/image\/","url":"https:\/\/plazatorossevilla.com\/wp-content\/uploads\/2026\/03\/Logo-plaza-toros-sevilla.webp","contentUrl":"https:\/\/plazatorossevilla.com\/wp-content\/uploads\/2026\/03\/Logo-plaza-toros-sevilla.webp","width":286,"height":200,"caption":"Plaza Toros Sevilla"},"image":{"@id":"https:\/\/plazatorossevilla.com\/pt-pt\/#\/schema\/logo\/image\/"}}]}},"_links":{"self":[{"href":"https:\/\/plazatorossevilla.com\/pt-pt\/wp-json\/wp\/v2\/pages\/3643","targetHints":{"allow":["GET"]}}],"collection":[{"href":"https:\/\/plazatorossevilla.com\/pt-pt\/wp-json\/wp\/v2\/pages"}],"about":[{"href":"https:\/\/plazatorossevilla.com\/pt-pt\/wp-json\/wp\/v2\/types\/page"}],"author":[{"embeddable":true,"href":"https:\/\/plazatorossevilla.com\/pt-pt\/wp-json\/wp\/v2\/users\/1"}],"replies":[{"embeddable":true,"href":"https:\/\/plazatorossevilla.com\/pt-pt\/wp-json\/wp\/v2\/comments?post=3643"}],"version-history":[{"count":1,"href":"https:\/\/plazatorossevilla.com\/pt-pt\/wp-json\/wp\/v2\/pages\/3643\/revisions"}],"predecessor-version":[{"id":3644,"href":"https:\/\/plazatorossevilla.com\/pt-pt\/wp-json\/wp\/v2\/pages\/3643\/revisions\/3644"}],"wp:attachment":[{"href":"https:\/\/plazatorossevilla.com\/pt-pt\/wp-json\/wp\/v2\/media?parent=3643"}],"curies":[{"name":"wp","href":"https:\/\/api.w.org\/{rel}","templated":true}]}}