{"id":3597,"date":"2026-03-18T15:33:26","date_gmt":"2026-03-18T15:33:26","guid":{"rendered":"https:\/\/plazatorossevilla.com\/bilhetes-touradas\/"},"modified":"2026-04-20T14:09:55","modified_gmt":"2026-04-20T14:09:55","slug":"bilhetes-touradas","status":"publish","type":"page","link":"https:\/\/plazatorossevilla.com\/pt-pt\/bilhetes-touradas\/","title":{"rendered":"Bilhetes Touradas"},"content":{"rendered":"<section class=\"l-section wpb_row height_medium\"><div class=\"l-section-h i-cf\"><div class=\"g-cols vc_row via_grid cols_1 laptops-cols_inherit tablets-cols_inherit mobiles-cols_1 valign_top type_default stacking_default\"><div class=\"wpb_column vc_column_container\"><div class=\"vc_column-inner\"><div class=\"wpb_text_column us_custom_60e9caca us_animate_this\"><div class=\"wpb_wrapper\"><h1 style=\"text-align: center;\">Bilhetes para Touradas em Sevilha 2026<\/h1>\n<\/div><\/div><div class=\"w-separator size_small with_line width_default thick_1 style_solid color_border align_center\"><div class=\"w-separator-h\"><\/div><\/div><div class=\"w-grid us_product_list type_grid layout_shop_modern cols_4 overflow_hidden preload_style_spinner\" id=\"us_product_list_c327\" style=\"--columns:4;--gap:1.5rem;\"><style>@media (max-width:1024px){#us_product_list_c327{--columns:2!important}}@media (max-width:600px){#us_product_list_c327{--columns:1!important}}.layout_shop_modern .w-grid-item-h{background:var(--color-content-bg);color:var(--color-content-text);border-radius:var(--site-border-radius);box-shadow:0 0.03rem 0.06rem rgba(0,0,0,0.1),0 0.1rem 0.3rem rgba(0,0,0,0.1);transition-duration:0.3s}.no-touch .layout_shop_modern .w-grid-item-h:hover{box-shadow:0 0.1rem 0.2rem rgba(0,0,0,0.1),0 0.33rem 1rem rgba(0,0,0,0.15);z-index:4}.layout_shop_modern .usg_vwrapper_1{transition-duration:0.2s;transform-origin:50% 50%;transform:scale(1) translate(0%,0%)}.layout_shop_modern .w-grid-item-h:focus-within .usg_vwrapper_1,.layout_shop_modern .w-grid-item-h:hover .usg_vwrapper_1{transform:scale(1) translate(0%,-2.4rem);opacity:1}.layout_shop_modern .usg_add_to_cart_1{transition-duration:0.3s;transform-origin:50% 50%;transform:scale(1) translate(0%,0%);opacity:0}.layout_shop_modern .w-grid-item-h:focus-within .usg_add_to_cart_1,.layout_shop_modern .w-grid-item-h:hover .usg_add_to_cart_1{transform:scale(1) translate(0%,0%);opacity:1}.layout_shop_modern .usg_product_field_1{color:#fff!important;font-size:12px!important;font-weight:700!important;text-transform:uppercase!important;position:absolute!important;top:10px!important;left:10px!important;padding-right:0.8rem!important;padding-left:0.8rem!important;border-radius:9em!important;background:var(--color-content-primary)!important}.layout_shop_modern .usg_vwrapper_1{background:inherit!important;padding:1rem 1.2rem 1rem 1.2rem!important}.layout_shop_modern .usg_post_title_1{color:inherit!important;font-size:1rem!important;margin-bottom:0.3rem!important}.layout_shop_modern .usg_product_field_2{margin-bottom:0.3rem!important}.layout_shop_modern .usg_product_field_3{font-weight:700!important}.layout_shop_modern .usg_add_to_cart_1{font-size:0.8rem!important;width:100%!important;border-radius:0!important;position:absolute!important;right:0!important;bottom:0!important;left:0!important}<\/style><div class=\"w-grid-list\">\t<article class=\"w-grid-item size_1x1 post-3817 product type-product status-publish has-post-thumbnail product_cat-feira-de-abril first instock taxable shipping-taxable purchasable product-type-variable\" data-id=\"3817\">\r\n\t\t<div class=\"w-grid-item-h\">\r\n\t\t\t\t\t\t<div class=\"w-post-elm post_image usg_post_image_1 stretched\"><a href=\"https:\/\/plazatorossevilla.com\/pt-pt\/producto\/novilhada-10-de-maio\/\" aria-label=\"Novilhada 10 de Maio\"><img loading=\"lazy\" decoding=\"async\" width=\"300\" height=\"300\" src=\"https:\/\/plazatorossevilla.com\/wp-content\/uploads\/2026\/04\/Novillada-10-de-mayo-300x300.webp\" class=\"attachment-woocommerce_thumbnail size-woocommerce_thumbnail wp-post-image\" alt=\"Novilhada 10 de maio sevilha\" srcset=\"https:\/\/plazatorossevilla.com\/wp-content\/uploads\/2026\/04\/Novillada-10-de-mayo-300x300.webp 300w, https:\/\/plazatorossevilla.com\/wp-content\/uploads\/2026\/04\/Novillada-10-de-mayo-150x150.webp 150w, https:\/\/plazatorossevilla.com\/wp-content\/uploads\/2026\/04\/Novillada-10-de-mayo.webp 500w\" sizes=\"auto, (max-width: 300px) 100vw, 300px\" \/><\/a><\/div><div class=\"w-vwrapper usg_vwrapper_1 align_center valign_top\"><h2 class=\"w-post-elm post_title usg_post_title_1 has_text_color woocommerce-loop-product__title color_link_inherit\"><a href=\"https:\/\/plazatorossevilla.com\/pt-pt\/producto\/novilhada-10-de-maio\/\">Novilhada 10 de Maio<\/a><\/h2><p class=\"w-post-elm product_field price usg_product_field_3\"><span class=\"woocommerce-Price-amount amount\" aria-hidden=\"true\"><bdi>14,00&nbsp;<span class=\"woocommerce-Price-currencySymbol\">&euro;<\/span><\/bdi><\/span> <span aria-hidden=\"true\">&ndash;<\/span> <span class=\"woocommerce-Price-amount amount\" aria-hidden=\"true\"><bdi>80,00&nbsp;<span class=\"woocommerce-Price-currencySymbol\">&euro;<\/span><\/bdi><\/span><span class=\"screen-reader-text\">Price range: 14,00&nbsp;&euro; through 80,00&nbsp;&euro;<\/span><\/p><\/div><div class=\"w-btn-wrapper woocommerce usg_add_to_cart_1 has_border_radius has_font_size no_view_cart_link\"><a href=\"https:\/\/plazatorossevilla.com\/pt-pt\/producto\/novilhada-10-de-maio\/\" aria-describedby=\"woocommerce_loop_add_to_cart_link_describedby_3817\" data-quantity=\"1\" class=\"button product_type_variable add_to_cart_button\" data-product_id=\"3817\" data-product_sku=\"\" aria-label=\"Seleccione as op\u00e7\u00f5es para &ldquo;Novilhada 10 de Maio&rdquo;\" rel=\"nofollow\"><i class=\"g-preloader type_1\"><\/i><span class=\"w-btn-label\">Ver op\u00e7\u00f5es<\/span><\/a>\t<span id=\"woocommerce_loop_add_to_cart_link_describedby_3817\" class=\"screen-reader-text\">\n\t\tThis product has multiple variants. The options may be chosen on the product page\t<\/span>\n<\/div>\t\t<\/div>\r\n\t\t\t<\/article>\r\n\t<article class=\"w-grid-item size_1x1 post-3891 product type-product status-publish has-post-thumbnail product_cat-feira-de-abril  instock taxable shipping-taxable purchasable product-type-variable\" data-id=\"3891\">\r\n\t\t<div class=\"w-grid-item-h\">\r\n\t\t\t\t\t\t<div class=\"w-post-elm post_image usg_post_image_1 stretched\"><a href=\"https:\/\/plazatorossevilla.com\/pt-pt\/producto\/novilhada-17-de-maio\/\" aria-label=\"Novilhada 17 de maio\"><img loading=\"lazy\" decoding=\"async\" width=\"300\" height=\"300\" src=\"https:\/\/plazatorossevilla.com\/wp-content\/uploads\/2026\/04\/Novillada-17-de-mayo-300x300.webp\" class=\"attachment-woocommerce_thumbnail size-woocommerce_thumbnail wp-post-image\" alt=\"Novilhada 17 de maio Sevilha\" srcset=\"https:\/\/plazatorossevilla.com\/wp-content\/uploads\/2026\/04\/Novillada-17-de-mayo-300x300.webp 300w, https:\/\/plazatorossevilla.com\/wp-content\/uploads\/2026\/04\/Novillada-17-de-mayo-150x150.webp 150w, https:\/\/plazatorossevilla.com\/wp-content\/uploads\/2026\/04\/Novillada-17-de-mayo.webp 500w\" sizes=\"auto, (max-width: 300px) 100vw, 300px\" \/><\/a><\/div><div class=\"w-vwrapper usg_vwrapper_1 align_center valign_top\"><h2 class=\"w-post-elm post_title usg_post_title_1 has_text_color woocommerce-loop-product__title color_link_inherit\"><a href=\"https:\/\/plazatorossevilla.com\/pt-pt\/producto\/novilhada-17-de-maio\/\">Novilhada 17 de maio<\/a><\/h2><p class=\"w-post-elm product_field price usg_product_field_3\"><span class=\"woocommerce-Price-amount amount\" aria-hidden=\"true\"><bdi>14,00&nbsp;<span class=\"woocommerce-Price-currencySymbol\">&euro;<\/span><\/bdi><\/span> <span aria-hidden=\"true\">&ndash;<\/span> <span class=\"woocommerce-Price-amount amount\" aria-hidden=\"true\"><bdi>80,00&nbsp;<span class=\"woocommerce-Price-currencySymbol\">&euro;<\/span><\/bdi><\/span><span class=\"screen-reader-text\">Price range: 14,00&nbsp;&euro; through 80,00&nbsp;&euro;<\/span><\/p><\/div><div class=\"w-btn-wrapper woocommerce usg_add_to_cart_1 has_border_radius has_font_size no_view_cart_link\"><a href=\"https:\/\/plazatorossevilla.com\/pt-pt\/producto\/novilhada-17-de-maio\/\" aria-describedby=\"woocommerce_loop_add_to_cart_link_describedby_3891\" data-quantity=\"1\" class=\"button product_type_variable add_to_cart_button\" data-product_id=\"3891\" data-product_sku=\"\" aria-label=\"Seleccione as op\u00e7\u00f5es para &ldquo;Novilhada 17 de maio&rdquo;\" rel=\"nofollow\"><i class=\"g-preloader type_1\"><\/i><span class=\"w-btn-label\">Ver op\u00e7\u00f5es<\/span><\/a>\t<span id=\"woocommerce_loop_add_to_cart_link_describedby_3891\" class=\"screen-reader-text\">\n\t\tThis product has multiple variants. The options may be chosen on the product page\t<\/span>\n<\/div>\t\t<\/div>\r\n\t\t\t<\/article>\r\n\t<article class=\"w-grid-item size_1x1 post-3928 product type-product status-publish has-post-thumbnail product_cat-feira-de-abril last instock taxable shipping-taxable purchasable product-type-variable\" data-id=\"3928\">\r\n\t\t<div class=\"w-grid-item-h\">\r\n\t\t\t\t\t\t<div class=\"w-post-elm post_image usg_post_image_1 stretched\"><a href=\"https:\/\/plazatorossevilla.com\/pt-pt\/producto\/novilhada-31-de-maio\/\" aria-label=\"Novilhada 31 de Maio\"><img loading=\"lazy\" decoding=\"async\" width=\"300\" height=\"300\" src=\"https:\/\/plazatorossevilla.com\/wp-content\/uploads\/2026\/04\/Novillada-31-de-mayo-300x300.webp\" class=\"attachment-woocommerce_thumbnail size-woocommerce_thumbnail wp-post-image\" alt=\"Novilhada 31 de maio Sevilha\" srcset=\"https:\/\/plazatorossevilla.com\/wp-content\/uploads\/2026\/04\/Novillada-31-de-mayo-300x300.webp 300w, https:\/\/plazatorossevilla.com\/wp-content\/uploads\/2026\/04\/Novillada-31-de-mayo-150x150.webp 150w, https:\/\/plazatorossevilla.com\/wp-content\/uploads\/2026\/04\/Novillada-31-de-mayo.webp 500w\" sizes=\"auto, (max-width: 300px) 100vw, 300px\" \/><\/a><\/div><div class=\"w-vwrapper usg_vwrapper_1 align_center valign_top\"><h2 class=\"w-post-elm post_title usg_post_title_1 has_text_color woocommerce-loop-product__title color_link_inherit\"><a href=\"https:\/\/plazatorossevilla.com\/pt-pt\/producto\/novilhada-31-de-maio\/\">Novilhada 31 de Maio<\/a><\/h2><p class=\"w-post-elm product_field price usg_product_field_3\"><span class=\"woocommerce-Price-amount amount\" aria-hidden=\"true\"><bdi>14,00&nbsp;<span class=\"woocommerce-Price-currencySymbol\">&euro;<\/span><\/bdi><\/span> <span aria-hidden=\"true\">&ndash;<\/span> <span class=\"woocommerce-Price-amount amount\" aria-hidden=\"true\"><bdi>80,00&nbsp;<span class=\"woocommerce-Price-currencySymbol\">&euro;<\/span><\/bdi><\/span><span class=\"screen-reader-text\">Price range: 14,00&nbsp;&euro; through 80,00&nbsp;&euro;<\/span><\/p><\/div><div class=\"w-btn-wrapper woocommerce usg_add_to_cart_1 has_border_radius has_font_size no_view_cart_link\"><a href=\"https:\/\/plazatorossevilla.com\/pt-pt\/producto\/novilhada-31-de-maio\/\" aria-describedby=\"woocommerce_loop_add_to_cart_link_describedby_3928\" data-quantity=\"1\" class=\"button product_type_variable add_to_cart_button\" data-product_id=\"3928\" data-product_sku=\"\" aria-label=\"Seleccione as op\u00e7\u00f5es para &ldquo;Novilhada 31 de Maio&rdquo;\" rel=\"nofollow\"><i class=\"g-preloader type_1\"><\/i><span class=\"w-btn-label\">Ver op\u00e7\u00f5es<\/span><\/a>\t<span id=\"woocommerce_loop_add_to_cart_link_describedby_3928\" class=\"screen-reader-text\">\n\t\tThis product has multiple variants. The options may be chosen on the product page\t<\/span>\n<\/div>\t\t<\/div>\r\n\t\t\t<\/article>\r\n\t<article class=\"w-grid-item size_1x1 post-3759 product type-product status-publish has-post-thumbnail product_cat-feira-de-abril first instock taxable shipping-taxable purchasable product-type-variable\" data-id=\"3759\">\r\n\t\t<div class=\"w-grid-item-h\">\r\n\t\t\t\t\t\t<div class=\"w-post-elm post_image usg_post_image_1 stretched\"><a href=\"https:\/\/plazatorossevilla.com\/pt-pt\/producto\/novilhada-11-de-junho\/\" aria-label=\"Novilhada 11 de Junho\"><img loading=\"lazy\" decoding=\"async\" width=\"300\" height=\"300\" src=\"https:\/\/plazatorossevilla.com\/wp-content\/uploads\/2026\/04\/Novillada-11-junio-300x300.webp\" class=\"attachment-woocommerce_thumbnail size-woocommerce_thumbnail wp-post-image\" alt=\"Novilhada 11 junho sevilha\" srcset=\"https:\/\/plazatorossevilla.com\/wp-content\/uploads\/2026\/04\/Novillada-11-junio-300x300.webp 300w, https:\/\/plazatorossevilla.com\/wp-content\/uploads\/2026\/04\/Novillada-11-junio-150x150.webp 150w, https:\/\/plazatorossevilla.com\/wp-content\/uploads\/2026\/04\/Novillada-11-junio.webp 500w\" sizes=\"auto, (max-width: 300px) 100vw, 300px\" \/><\/a><\/div><div class=\"w-vwrapper usg_vwrapper_1 align_center valign_top\"><h2 class=\"w-post-elm post_title usg_post_title_1 has_text_color woocommerce-loop-product__title color_link_inherit\"><a href=\"https:\/\/plazatorossevilla.com\/pt-pt\/producto\/novilhada-11-de-junho\/\">Novilhada 11 de Junho<\/a><\/h2><p class=\"w-post-elm product_field price usg_product_field_3\"><span class=\"woocommerce-Price-amount amount\" aria-hidden=\"true\"><bdi>14,00&nbsp;<span class=\"woocommerce-Price-currencySymbol\">&euro;<\/span><\/bdi><\/span> <span aria-hidden=\"true\">&ndash;<\/span> <span class=\"woocommerce-Price-amount amount\" aria-hidden=\"true\"><bdi>80,00&nbsp;<span class=\"woocommerce-Price-currencySymbol\">&euro;<\/span><\/bdi><\/span><span class=\"screen-reader-text\">Price range: 14,00&nbsp;&euro; through 80,00&nbsp;&euro;<\/span><\/p><\/div><div class=\"w-btn-wrapper woocommerce usg_add_to_cart_1 has_border_radius has_font_size no_view_cart_link\"><a href=\"https:\/\/plazatorossevilla.com\/pt-pt\/producto\/novilhada-11-de-junho\/\" aria-describedby=\"woocommerce_loop_add_to_cart_link_describedby_3759\" data-quantity=\"1\" class=\"button product_type_variable add_to_cart_button\" data-product_id=\"3759\" data-product_sku=\"\" aria-label=\"Seleccione as op\u00e7\u00f5es para &ldquo;Novilhada 11 de Junho&rdquo;\" rel=\"nofollow\"><i class=\"g-preloader type_1\"><\/i><span class=\"w-btn-label\">Ver op\u00e7\u00f5es<\/span><\/a>\t<span id=\"woocommerce_loop_add_to_cart_link_describedby_3759\" class=\"screen-reader-text\">\n\t\tThis product has multiple variants. The options may be chosen on the product page\t<\/span>\n<\/div>\t\t<\/div>\r\n\t\t\t<\/article>\r\n\t<article class=\"w-grid-item size_1x1 post-3818 product type-product status-publish has-post-thumbnail product_cat-feira-de-abril  instock taxable shipping-taxable purchasable product-type-variable\" data-id=\"3818\">\r\n\t\t<div class=\"w-grid-item-h\">\r\n\t\t\t\t\t\t<div class=\"w-post-elm post_image usg_post_image_1 stretched\"><a href=\"https:\/\/plazatorossevilla.com\/pt-pt\/producto\/novilhada-24-de-setembro\/\" aria-label=\"Novilhada 24 de setembro\"><img loading=\"lazy\" decoding=\"async\" width=\"300\" height=\"300\" src=\"https:\/\/plazatorossevilla.com\/wp-content\/uploads\/2026\/04\/Novillada-24-septiembre-300x300.webp\" class=\"attachment-woocommerce_thumbnail size-woocommerce_thumbnail wp-post-image\" alt=\"Novilhada 24 de setembro Sevilha\" srcset=\"https:\/\/plazatorossevilla.com\/wp-content\/uploads\/2026\/04\/Novillada-24-septiembre-300x300.webp 300w, https:\/\/plazatorossevilla.com\/wp-content\/uploads\/2026\/04\/Novillada-24-septiembre-150x150.webp 150w, https:\/\/plazatorossevilla.com\/wp-content\/uploads\/2026\/04\/Novillada-24-septiembre.webp 500w\" sizes=\"auto, (max-width: 300px) 100vw, 300px\" \/><\/a><\/div><div class=\"w-vwrapper usg_vwrapper_1 align_center valign_top\"><h2 class=\"w-post-elm post_title usg_post_title_1 has_text_color woocommerce-loop-product__title color_link_inherit\"><a href=\"https:\/\/plazatorossevilla.com\/pt-pt\/producto\/novilhada-24-de-setembro\/\">Novilhada 24 de setembro<\/a><\/h2><p class=\"w-post-elm product_field price usg_product_field_3\"><span class=\"woocommerce-Price-amount amount\" aria-hidden=\"true\"><bdi>14,00&nbsp;<span class=\"woocommerce-Price-currencySymbol\">&euro;<\/span><\/bdi><\/span> <span aria-hidden=\"true\">&ndash;<\/span> <span class=\"woocommerce-Price-amount amount\" aria-hidden=\"true\"><bdi>80,00&nbsp;<span class=\"woocommerce-Price-currencySymbol\">&euro;<\/span><\/bdi><\/span><span class=\"screen-reader-text\">Price range: 14,00&nbsp;&euro; through 80,00&nbsp;&euro;<\/span><\/p><\/div><div class=\"w-btn-wrapper woocommerce usg_add_to_cart_1 has_border_radius has_font_size no_view_cart_link\"><a href=\"https:\/\/plazatorossevilla.com\/pt-pt\/producto\/novilhada-24-de-setembro\/\" aria-describedby=\"woocommerce_loop_add_to_cart_link_describedby_3818\" data-quantity=\"1\" class=\"button product_type_variable add_to_cart_button\" data-product_id=\"3818\" data-product_sku=\"\" aria-label=\"Seleccione as op\u00e7\u00f5es para &ldquo;Novilhada 24 de setembro&rdquo;\" rel=\"nofollow\"><i class=\"g-preloader type_1\"><\/i><span class=\"w-btn-label\">Ver op\u00e7\u00f5es<\/span><\/a>\t<span id=\"woocommerce_loop_add_to_cart_link_describedby_3818\" class=\"screen-reader-text\">\n\t\tThis product has multiple variants. The options may be chosen on the product page\t<\/span>\n<\/div>\t\t<\/div>\r\n\t\t\t<\/article>\r\n\t<article class=\"w-grid-item size_1x1 post-3604 product type-product status-publish has-post-thumbnail product_cat-feira-de-abril last instock taxable shipping-taxable purchasable product-type-variable\" data-id=\"3604\">\r\n\t\t<div class=\"w-grid-item-h\">\r\n\t\t\t\t\t\t<div class=\"w-post-elm post_image usg_post_image_1 stretched\"><a href=\"https:\/\/plazatorossevilla.com\/pt-pt\/producto\/corrida-de-touros-25-de-setembro\/\" aria-label=\"Corrida de touros 25 de setembro\"><img loading=\"lazy\" decoding=\"async\" width=\"300\" height=\"300\" src=\"https:\/\/plazatorossevilla.com\/wp-content\/uploads\/2026\/04\/Corrida-toros-25-septiembre-300x300.webp\" class=\"attachment-woocommerce_thumbnail size-woocommerce_thumbnail wp-post-image\" alt=\"Corrida de touros 25 de setembro Sevilha\" srcset=\"https:\/\/plazatorossevilla.com\/wp-content\/uploads\/2026\/04\/Corrida-toros-25-septiembre-300x300.webp 300w, https:\/\/plazatorossevilla.com\/wp-content\/uploads\/2026\/04\/Corrida-toros-25-septiembre-150x150.webp 150w, https:\/\/plazatorossevilla.com\/wp-content\/uploads\/2026\/04\/Corrida-toros-25-septiembre.webp 500w\" sizes=\"auto, (max-width: 300px) 100vw, 300px\" \/><\/a><\/div><div class=\"w-vwrapper usg_vwrapper_1 align_center valign_top\"><h2 class=\"w-post-elm post_title usg_post_title_1 has_text_color woocommerce-loop-product__title color_link_inherit\"><a href=\"https:\/\/plazatorossevilla.com\/pt-pt\/producto\/corrida-de-touros-25-de-setembro\/\">Corrida de touros 25 de setembro<\/a><\/h2><p class=\"w-post-elm product_field price usg_product_field_3\"><span class=\"woocommerce-Price-amount amount\" aria-hidden=\"true\"><bdi>32,00&nbsp;<span class=\"woocommerce-Price-currencySymbol\">&euro;<\/span><\/bdi><\/span> <span aria-hidden=\"true\">&ndash;<\/span> <span class=\"woocommerce-Price-amount amount\" aria-hidden=\"true\"><bdi>199,00&nbsp;<span class=\"woocommerce-Price-currencySymbol\">&euro;<\/span><\/bdi><\/span><span class=\"screen-reader-text\">Price range: 32,00&nbsp;&euro; through 199,00&nbsp;&euro;<\/span><\/p><\/div><div class=\"w-btn-wrapper woocommerce usg_add_to_cart_1 has_border_radius has_font_size no_view_cart_link\"><a href=\"https:\/\/plazatorossevilla.com\/pt-pt\/producto\/corrida-de-touros-25-de-setembro\/\" aria-describedby=\"woocommerce_loop_add_to_cart_link_describedby_3604\" data-quantity=\"1\" class=\"button product_type_variable add_to_cart_button\" data-product_id=\"3604\" data-product_sku=\"\" aria-label=\"Seleccione as op\u00e7\u00f5es para &ldquo;Corrida de touros 25 de setembro&rdquo;\" rel=\"nofollow\"><i class=\"g-preloader type_1\"><\/i><span class=\"w-btn-label\">Ver op\u00e7\u00f5es<\/span><\/a>\t<span id=\"woocommerce_loop_add_to_cart_link_describedby_3604\" class=\"screen-reader-text\">\n\t\tThis product has multiple variants. The options may be chosen on the product page\t<\/span>\n<\/div>\t\t<\/div>\r\n\t\t\t<\/article>\r\n\t<article class=\"w-grid-item size_1x1 post-3469 product type-product status-publish has-post-thumbnail product_cat-feira-de-abril first instock taxable shipping-taxable purchasable product-type-variable\" data-id=\"3469\">\r\n\t\t<div class=\"w-grid-item-h\">\r\n\t\t\t\t\t\t<div class=\"w-post-elm post_image usg_post_image_1 stretched\"><a href=\"https:\/\/plazatorossevilla.com\/pt-pt\/producto\/corrida-de-touros-26-de-setembro\/\" aria-label=\"Corrida de touros 26 de setembro\"><img loading=\"lazy\" decoding=\"async\" width=\"300\" height=\"300\" src=\"https:\/\/plazatorossevilla.com\/wp-content\/uploads\/2026\/04\/Corrida-toros-26-septiembre-300x300.webp\" class=\"attachment-woocommerce_thumbnail size-woocommerce_thumbnail wp-post-image\" alt=\"Corrida de touros 26 de setembro sevilha\" srcset=\"https:\/\/plazatorossevilla.com\/wp-content\/uploads\/2026\/04\/Corrida-toros-26-septiembre-300x300.webp 300w, https:\/\/plazatorossevilla.com\/wp-content\/uploads\/2026\/04\/Corrida-toros-26-septiembre-150x150.webp 150w, https:\/\/plazatorossevilla.com\/wp-content\/uploads\/2026\/04\/Corrida-toros-26-septiembre.webp 500w\" sizes=\"auto, (max-width: 300px) 100vw, 300px\" \/><\/a><\/div><div class=\"w-vwrapper usg_vwrapper_1 align_center valign_top\"><h2 class=\"w-post-elm post_title usg_post_title_1 has_text_color woocommerce-loop-product__title color_link_inherit\"><a href=\"https:\/\/plazatorossevilla.com\/pt-pt\/producto\/corrida-de-touros-26-de-setembro\/\">Corrida de touros 26 de setembro<\/a><\/h2><p class=\"w-post-elm product_field price usg_product_field_3\"><span class=\"woocommerce-Price-amount amount\" aria-hidden=\"true\"><bdi>32,00&nbsp;<span class=\"woocommerce-Price-currencySymbol\">&euro;<\/span><\/bdi><\/span> <span aria-hidden=\"true\">&ndash;<\/span> <span class=\"woocommerce-Price-amount amount\" aria-hidden=\"true\"><bdi>199,00&nbsp;<span class=\"woocommerce-Price-currencySymbol\">&euro;<\/span><\/bdi><\/span><span class=\"screen-reader-text\">Price range: 32,00&nbsp;&euro; through 199,00&nbsp;&euro;<\/span><\/p><\/div><div class=\"w-btn-wrapper woocommerce usg_add_to_cart_1 has_border_radius has_font_size no_view_cart_link\"><a href=\"https:\/\/plazatorossevilla.com\/pt-pt\/producto\/corrida-de-touros-26-de-setembro\/\" aria-describedby=\"woocommerce_loop_add_to_cart_link_describedby_3469\" data-quantity=\"1\" class=\"button product_type_variable add_to_cart_button\" data-product_id=\"3469\" data-product_sku=\"\" aria-label=\"Seleccione as op\u00e7\u00f5es para &ldquo;Corrida de touros 26 de setembro&rdquo;\" rel=\"nofollow\"><i class=\"g-preloader type_1\"><\/i><span class=\"w-btn-label\">Ver op\u00e7\u00f5es<\/span><\/a>\t<span id=\"woocommerce_loop_add_to_cart_link_describedby_3469\" class=\"screen-reader-text\">\n\t\tThis product has multiple variants. The options may be chosen on the product page\t<\/span>\n<\/div>\t\t<\/div>\r\n\t\t\t<\/article>\r\n\t<article class=\"w-grid-item size_1x1 post-3523 product type-product status-publish has-post-thumbnail product_cat-feira-de-abril  instock taxable shipping-taxable purchasable product-type-variable\" data-id=\"3523\">\r\n\t\t<div class=\"w-grid-item-h\">\r\n\t\t\t\t\t\t<div class=\"w-post-elm post_image usg_post_image_1 stretched\"><a href=\"https:\/\/plazatorossevilla.com\/pt-pt\/producto\/corrida-de-touros-27-de-setembro\/\" aria-label=\"Corrida de touros 27 de setembro\"><img loading=\"lazy\" decoding=\"async\" width=\"300\" height=\"300\" src=\"https:\/\/plazatorossevilla.com\/wp-content\/uploads\/2026\/04\/Corrida-toros-27-septiembre-300x300.webp\" class=\"attachment-woocommerce_thumbnail size-woocommerce_thumbnail wp-post-image\" alt=\"Corrida de touros 27 de setembro Sevilha\" srcset=\"https:\/\/plazatorossevilla.com\/wp-content\/uploads\/2026\/04\/Corrida-toros-27-septiembre-300x300.webp 300w, https:\/\/plazatorossevilla.com\/wp-content\/uploads\/2026\/04\/Corrida-toros-27-septiembre-150x150.webp 150w, https:\/\/plazatorossevilla.com\/wp-content\/uploads\/2026\/04\/Corrida-toros-27-septiembre.webp 500w\" sizes=\"auto, (max-width: 300px) 100vw, 300px\" \/><\/a><\/div><div class=\"w-vwrapper usg_vwrapper_1 align_center valign_top\"><h2 class=\"w-post-elm post_title usg_post_title_1 has_text_color woocommerce-loop-product__title color_link_inherit\"><a href=\"https:\/\/plazatorossevilla.com\/pt-pt\/producto\/corrida-de-touros-27-de-setembro\/\">Corrida de touros 27 de setembro<\/a><\/h2><p class=\"w-post-elm product_field price usg_product_field_3\"><span class=\"woocommerce-Price-amount amount\" aria-hidden=\"true\"><bdi>32,00&nbsp;<span class=\"woocommerce-Price-currencySymbol\">&euro;<\/span><\/bdi><\/span> <span aria-hidden=\"true\">&ndash;<\/span> <span class=\"woocommerce-Price-amount amount\" aria-hidden=\"true\"><bdi>112,00&nbsp;<span class=\"woocommerce-Price-currencySymbol\">&euro;<\/span><\/bdi><\/span><span class=\"screen-reader-text\">Price range: 32,00&nbsp;&euro; through 112,00&nbsp;&euro;<\/span><\/p><\/div><div class=\"w-btn-wrapper woocommerce usg_add_to_cart_1 has_border_radius has_font_size no_view_cart_link\"><a href=\"https:\/\/plazatorossevilla.com\/pt-pt\/producto\/corrida-de-touros-27-de-setembro\/\" aria-describedby=\"woocommerce_loop_add_to_cart_link_describedby_3523\" data-quantity=\"1\" class=\"button product_type_variable add_to_cart_button\" data-product_id=\"3523\" data-product_sku=\"\" aria-label=\"Seleccione as op\u00e7\u00f5es para &ldquo;Corrida de touros 27 de setembro&rdquo;\" rel=\"nofollow\"><i class=\"g-preloader type_1\"><\/i><span class=\"w-btn-label\">Ver op\u00e7\u00f5es<\/span><\/a>\t<span id=\"woocommerce_loop_add_to_cart_link_describedby_3523\" class=\"screen-reader-text\">\n\t\tThis product has multiple variants. The options may be chosen on the product page\t<\/span>\n<\/div>\t\t<\/div>\r\n\t\t\t<\/article>\r\n<\/div><div class=\"g-loadmore hidden\"><div class=\"g-preloader type_1\"><div><\/div><\/div><\/div><div class=\"w-grid-list-json hidden\" onclick='return {&quot;max_num_pages&quot;:0,&quot;paginationBase&quot;:&quot;page&quot;,&quot;pagination&quot;:&quot;none&quot;,&quot;paged&quot;:1,&quot;ajaxData&quot;:{&quot;action&quot;:&quot;us_ajax_product_list&quot;,&quot;meta_type&quot;:&quot;post&quot;,&quot;object_id&quot;:0,&quot;template_vars&quot;:{&quot;shortcode_base&quot;:&quot;us_product_list&quot;,&quot;paged&quot;:1,&quot;max_num_pages&quot;:0,&quot;no_results&quot;:false,&quot;is_product_list&quot;:true,&quot;found_posts&quot;:0,&quot;per_page&quot;:30,&quot;items_count&quot;:8,&quot;orderby_random_seed&quot;:null,&quot;source&quot;:&quot;all&quot;,&quot;ids&quot;:&quot;&quot;,&quot;apply_url_params&quot;:0,&quot;onsale_only&quot;:0,&quot;featured_only&quot;:0,&quot;exclude_out_of_stock&quot;:0,&quot;exclude_hidden&quot;:1,&quot;exclude_current_product&quot;:1,&quot;exclude_prev_posts&quot;:0,&quot;enable_items_offset&quot;:0,&quot;items_offset&quot;:&quot;1&quot;,&quot;price_compare&quot;:&quot;none&quot;,&quot;price&quot;:&quot;99.99&quot;,&quot;price_max&quot;:&quot;299.99&quot;,&quot;tax_query_relation&quot;:&quot;none&quot;,&quot;tax_query&quot;:[{&quot;operator&quot;:&quot;IN&quot;,&quot;taxonomy&quot;:&quot;product_cat&quot;,&quot;terms&quot;:&quot;&quot;,&quot;include_children&quot;:0}],&quot;meta_query_relation&quot;:&quot;none&quot;,&quot;meta_query&quot;:[{&quot;key&quot;:&quot;custom_field_name&quot;,&quot;compare&quot;:&quot;=&quot;,&quot;value&quot;:&quot;&quot;}],&quot;orderby&quot;:&quot;date&quot;,&quot;orderby_custom_field&quot;:&quot;&quot;,&quot;orderby_recent_sales_days&quot;:&quot;30&quot;,&quot;orderby_custom_type&quot;:0,&quot;order_invert&quot;:0,&quot;show_all&quot;:0,&quot;quantity&quot;:&quot;30&quot;,&quot;posts_per_archive_page&quot;:0,&quot;no_items_action&quot;:&quot;message&quot;,&quot;no_items_message&quot;:&quot;Nenhum resultado encontrado.&quot;,&quot;no_items_page_block&quot;:&quot;&quot;,&quot;pagination&quot;:&quot;none&quot;,&quot;pagination_style&quot;:&quot;&quot;,&quot;pagination_btn_text&quot;:&quot;Load More&quot;,&quot;pagination_btn_size&quot;:&quot;&quot;,&quot;pagination_btn_style&quot;:&quot;1&quot;,&quot;pagination_btn_fullwidth&quot;:0,&quot;items_layout&quot;:&quot;shop_modern&quot;,&quot;type&quot;:&quot;grid&quot;,&quot;items_valign&quot;:0,&quot;ignore_items_size&quot;:0,&quot;columns&quot;:&quot;4&quot;,&quot;items_gap&quot;:&quot;1.5rem&quot;,&quot;load_animation&quot;:&quot;none&quot;,&quot;items_preload_style&quot;:&quot;spinner&quot;,&quot;img_size&quot;:&quot;default&quot;,&quot;title_size&quot;:&quot;&quot;,&quot;items_ratio&quot;:&quot;default&quot;,&quot;items_ratio_width&quot;:&quot;21&quot;,&quot;items_ratio_height&quot;:&quot;9&quot;,&quot;overriding_link&quot;:&quot;%7B%22url%22%3A%22%22%7D&quot;,&quot;popup_page_template&quot;:&quot;0&quot;,&quot;popup_width&quot;:&quot;&quot;,&quot;popup_arrows&quot;:1,&quot;breakpoint_1_width&quot;:&quot;1381px&quot;,&quot;breakpoint_1_cols&quot;:&quot;default&quot;,&quot;breakpoint_1_quantity&quot;:&quot;&quot;,&quot;breakpoint_1_gap&quot;:&quot;&quot;,&quot;breakpoint_2_width&quot;:&quot;1025px&quot;,&quot;breakpoint_2_cols&quot;:&quot;2&quot;,&quot;breakpoint_2_quantity&quot;:&quot;&quot;,&quot;breakpoint_2_gap&quot;:&quot;&quot;,&quot;breakpoint_3_width&quot;:&quot;601px&quot;,&quot;breakpoint_3_cols&quot;:&quot;1&quot;,&quot;breakpoint_3_quantity&quot;:&quot;&quot;,&quot;breakpoint_3_gap&quot;:&quot;&quot;,&quot;conditions_operator&quot;:&quot;always&quot;,&quot;conditions&quot;:[],&quot;css&quot;:null,&quot;el_class&quot;:&quot;&quot;,&quot;el_id&quot;:&quot;&quot;,&quot;enable_custom_html_atts&quot;:0,&quot;custom_html_atts&quot;:null,&quot;hide_on_states&quot;:&quot;&quot;,&quot;hide_for_sticky&quot;:0,&quot;hide_for_not_sticky&quot;:0,&quot;hide_below&quot;:&quot;0px&quot;,&quot;hide_above&quot;:&quot;0px&quot;,&quot;classes&quot;:&quot;&quot;},&quot;found_posts&quot;:0,&quot;per_page&quot;:30},&quot;facetedFilter&quot;:[]}'><\/div><\/div><div class=\"w-separator size_small with_line width_default thick_1 style_solid color_border align_center\"><div class=\"w-separator-h\"><\/div><\/div><\/div><\/div><\/div><\/div><\/section><section class=\"l-section wpb_row height_medium\"><div class=\"l-section-h i-cf\"><div class=\"g-cols vc_row via_grid cols_2 laptops-cols_inherit tablets-cols_inherit mobiles-cols_1 valign_middle type_default stacking_default\"><div class=\"wpb_column vc_column_container\"><div class=\"vc_column-inner\"><div class=\"wpb_text_column\"><div class=\"wpb_wrapper\"><h2 class=\"text-text-100 mt-2 -mb-1 text-base font-bold\">Tipos de bilhetes dispon\u00edveis na Maestranza<\/h2>\n<p>O <a href=\"https:\/\/plazatorossevilla.com\/pt-pt\/bilhetes-touradas\/cartaz-de-touros\/\">cartaz das touradas em Sevilha<\/a> j\u00e1 est\u00e1 confirmado!<\/p>\n<p class=\"font-claude-response-body break-words whitespace-normal leading-&#091;1.7&#093;\">A Pra\u00e7a de Touros de Sevilha oferece diferentes tipos de lugares para se adaptar a todos os or\u00e7amentos e prefer\u00eancias. A seguir, explicamos as diferen\u00e7as entre cada zona: <\/p>\n<ul>\n<li class=\"font-claude-response-body break-words whitespace-normal leading-&#091;1.7&#093;\"><strong>Barrera<\/strong> \u2013 Os lugares mais pr\u00f3ximos da arena, na primeira fila. A experi\u00eancia mais intensa e pr\u00f3xima da lide. Pre\u00e7o mais elevado e disponibilidade limitada.  <\/li>\n<li class=\"font-claude-response-body break-words whitespace-normal leading-&#091;1.7&#093;\"><strong>Contrabarrera<\/strong> \u2013 Segunda fila junto \u00e0 arena. Excelentes vistas, com uma pequena dist\u00e2ncia adicional em rela\u00e7\u00e3o \u00e0 a\u00e7\u00e3o. <\/li>\n<li class=\"font-claude-response-body break-words whitespace-normal leading-&#091;1.7&#093;\"><strong>Bancada sol \/ sombra \/ sol e sombra<\/strong> \u2013 Lugares situados a meia altura nas bancadas. A principal diferen\u00e7a \u00e9 a exposi\u00e7\u00e3o ao sol durante a corrida. Os lugares \u00e0 sombra t\u00eam maior procura e pre\u00e7o; os de sol s\u00e3o a op\u00e7\u00e3o mais econ\u00f3mica.  <\/li>\n<li class=\"font-claude-response-body break-words whitespace-normal leading-&#091;1.7&#093;\"><strong>Camarotes VIP<\/strong> \u2013 Espa\u00e7os privados nos pisos superiores, com capacidade reduzida e vistas panor\u00e2micas para a arena. Incluem servi\u00e7os exclusivos. Dispon\u00edveis tamb\u00e9m no formato de camarote privado completo.  <\/li>\n<\/ul>\n<blockquote class=\"ml-2 border-l-4 border-border-300\/10 pl-4 text-text-300\">\n<p class=\"font-claude-response-body break-words whitespace-normal leading-&#091;1.7&#093;\">\ud83d\udca1 <strong>Sol ou sombra?<\/strong> Em abril, com o calor de Sevilha, recomendamos especialmente os lugares \u00e0 sombra.<\/p>\n<\/blockquote>\n<\/div><\/div><\/div><\/div><div class=\"wpb_column vc_column_container\"><div class=\"vc_column-inner\"><div class=\"w-image us_custom_04570ec2 align_center\"><div class=\"w-image-h\"><img decoding=\"async\" width=\"600\" height=\"600\" src=\"https:\/\/plazatorossevilla.com\/wp-content\/uploads\/2026\/03\/Asientos-plaza-toros-sevilla.webp\" class=\"attachment-large size-large\" alt=\"Lugares pra\u00e7a touros La Maestranza\" loading=\"lazy\" srcset=\"https:\/\/plazatorossevilla.com\/wp-content\/uploads\/2026\/03\/Asientos-plaza-toros-sevilla.webp 600w, https:\/\/plazatorossevilla.com\/wp-content\/uploads\/2026\/03\/Asientos-plaza-toros-sevilla-300x300.webp 300w, https:\/\/plazatorossevilla.com\/wp-content\/uploads\/2026\/03\/Asientos-plaza-toros-sevilla-150x150.webp 150w\" sizes=\"auto, (max-width: 600px) 100vw, 600px\" \/><\/div><\/div><\/div><\/div><\/div><\/div><\/section><section class=\"l-section wpb_row height_medium\"><div class=\"l-section-h i-cf\"><div class=\"g-cols vc_row via_grid cols_1 laptops-cols_inherit tablets-cols_inherit mobiles-cols_1 valign_top type_default stacking_default\"><div class=\"wpb_column vc_column_container\"><div class=\"vc_column-inner\"><div class=\"wpb_text_column\"><div class=\"wpb_wrapper\"><h2>Feira de Abril de Sevilha<\/h2>\n<p>A Feira de Abril de Sevilha representa <strong>o momento mais importante do ano na Pra\u00e7a de Touros da Maestranza<\/strong> e um dos principais atrativos para os aficionados do mundo taurino. Durante estas datas, a Maestranza acolhe uma das feiras taurinas mais prestigiadas do mundo, com uma programa\u00e7\u00e3o de touradas em que participam as maiores figuras da tauromaquia e as ganadarias mais reconhecidas. \u00c9 neste per\u00edodo que se concentram os cartazes mais importantes da temporada, transformando cada tarde num evento de grande expetativa e de alto n\u00edvel.  <\/p>\n<p><strong>A procura de bilhetes durante a Feira de Abril \u00e9 especialmente elevada<\/strong>, uma vez que tanto aficionados como turistas procuram viver a experi\u00eancia de uma corrida numa das pra\u00e7as mais emblem\u00e1ticas de Espanha no seu momento mais destacado. Por isso, \u00e9 habitual que muitos lugares esgotem com anteced\u00eancia, especialmente nas zonas de sombra e nas localiza\u00e7\u00f5es preferenciais. <\/p>\n<p>Assistir a uma tourada em Sevilha durante a Feira de Abril n\u00e3o s\u00f3 permite desfrutar do espet\u00e1culo taurino ao mais alto n\u00edvel, como tamb\u00e9m fazer parte do ambiente \u00fanico que se vive na cidade nesses dias. \u00c9, sem d\u00favida, a melhor \u00e9poca para descobrir a tradi\u00e7\u00e3o taurina na Maestranza e uma das experi\u00eancias mais completas para quem procura comprar bilhetes e viver a tauromaquia na sua m\u00e1xima express\u00e3o.<\/p>\n<\/div><\/div><\/div><\/div><\/div><\/div><\/section><section class=\"l-section wpb_row height_medium\"><div class=\"l-section-h i-cf\"><div class=\"g-cols vc_row via_grid cols_1 laptops-cols_inherit tablets-cols_inherit mobiles-cols_1 valign_top type_default stacking_default\"><div class=\"wpb_column vc_column_container\"><div class=\"vc_column-inner\"><div class=\"wpb_text_column\"><div class=\"wpb_wrapper\"><h2>Perguntas frequentes sobre bilhetes para touradas em Sevilha<\/h2>\n<\/div><\/div><div class=\"w-separator size_medium\"><\/div><div class=\"w-tabs style_default switch_click accordion has_scrolling\" style=\"--sections-title-size:inherit\"><div class=\"w-tabs-sections titles-align_none icon_chevron cpos_right\"><div class=\"w-tabs-section\" id=\"x288\"><button class=\"w-tabs-section-header\" aria-controls=\"content-x288\" aria-expanded=\"false\"><div class=\"w-tabs-section-title\">Quando se realizam as touradas na Feira de Abril de Sevilha?<\/div><div class=\"w-tabs-section-control\"><\/div><\/button><div  class=\"w-tabs-section-content\" id=\"content-x288\"><div class=\"w-tabs-section-content-h i-cf\"><div class=\"wpb_text_column\"><div class=\"wpb_wrapper\"><p>As touradas realizam-se durante toda a Feira de Abril na Pra\u00e7a de Touros da Maestranza, normalmente entre abril e maio, coincidindo com os dias principais da feira.<\/p>\n<\/div><\/div><\/div><\/div><\/div><div class=\"w-tabs-section\" id=\"s3c8\"><button class=\"w-tabs-section-header\" aria-controls=\"content-s3c8\" aria-expanded=\"false\"><div class=\"w-tabs-section-title\">\u00c9 necess\u00e1rio comprar bilhetes com anteced\u00eancia para a Feira de Abril?<\/div><div class=\"w-tabs-section-control\"><\/div><\/button><div  class=\"w-tabs-section-content\" id=\"content-s3c8\"><div class=\"w-tabs-section-content-h i-cf\"><div class=\"wpb_text_column\"><div class=\"wpb_wrapper\"><p>Sim, \u00e9 muito recomend\u00e1vel. A procura \u00e9 muito elevada e muitas touradas, especialmente as mais importantes, costumam esgotar com v\u00e1rios dias ou semanas de anteced\u00eancia.<\/p>\n<\/div><\/div><\/div><\/div><\/div><div class=\"w-tabs-section\" id=\"o50b\"><button class=\"w-tabs-section-header\" aria-controls=\"content-o50b\" aria-expanded=\"false\"><div class=\"w-tabs-section-title\">Quais s\u00e3o as touradas mais importantes durante a Feira de Abril?<\/div><div class=\"w-tabs-section-control\"><\/div><\/button><div  class=\"w-tabs-section-content\" id=\"content-o50b\"><div class=\"w-tabs-section-content-h i-cf\"><div class=\"wpb_text_column\"><div class=\"wpb_wrapper\"><p>As touradas com as principais figuras da tauromaquia e as datas centrais da feira costumam ser as mais procuradas e as primeiras a esgotar.<\/p>\n<\/div><\/div><\/div><\/div><\/div><div class=\"w-tabs-section\" id=\"w631\"><button class=\"w-tabs-section-header\" aria-controls=\"content-w631\" aria-expanded=\"false\"><div class=\"w-tabs-section-title\">Posso escolher o lugar?<\/div><div class=\"w-tabs-section-control\"><\/div><\/button><div  class=\"w-tabs-section-content\" id=\"content-w631\"><div class=\"w-tabs-section-content-h i-cf\"><div class=\"wpb_text_column\"><div class=\"wpb_wrapper\"><p>Sim, pode escolher entre diferentes zonas, como sol, sombra ou sol e sombra, bem como o tipo de bancada, consoante a disponibilidade.<\/p>\n<\/div><\/div><\/div><\/div><\/div><div class=\"w-tabs-section\" id=\"d74f\"><button class=\"w-tabs-section-header\" aria-controls=\"content-d74f\" aria-expanded=\"false\"><div class=\"w-tabs-section-title\">Qual \u00e9 a melhor zona para ver uma tourada em Sevilha durante a Feira?<\/div><div class=\"w-tabs-section-control\"><\/div><\/button><div  class=\"w-tabs-section-content\" id=\"content-d74f\"><div class=\"w-tabs-section-content-h i-cf\"><div class=\"wpb_text_column\"><div class=\"wpb_wrapper\"><p>As zonas de sombra s\u00e3o as mais recomendadas pelo conforto, especialmente em dias de sol, embora tamb\u00e9m sejam as mais procuradas.<\/p>\n<\/div><\/div><\/div><\/div><\/div><div class=\"w-tabs-section\" id=\"a892\"><button class=\"w-tabs-section-header\" aria-controls=\"content-a892\" aria-expanded=\"false\"><div class=\"w-tabs-section-title\">Quanto dura uma tourada?<\/div><div class=\"w-tabs-section-control\"><\/div><\/button><div  class=\"w-tabs-section-content\" id=\"content-a892\"><div class=\"w-tabs-section-content-h i-cf\"><div class=\"wpb_text_column\"><div class=\"wpb_wrapper\"><p>Uma tourada dura aproximadamente<strong> entre 2 e 2,5 horas.<\/strong> O habitual \u00e9 que tr\u00eas matadores lidem, cada um, com dois touros. Por vezes, o formato pode ser \u201cmano a mano\u201d (dois toureiros, tr\u00eas touros cada um) ou at\u00e9 um \u00fanico matador a lidar seis touros, embora isso seja excecional.<\/p>\n<\/div><\/div><\/div><\/div><\/div><div class=\"w-tabs-section\" id=\"m9b8\"><button class=\"w-tabs-section-header\" aria-controls=\"content-m9b8\" aria-expanded=\"false\"><div class=\"w-tabs-section-title\">Os bilhetes para a Feira de Abril s\u00e3o oficiais?<\/div><div class=\"w-tabs-section-control\"><\/div><\/button><div  class=\"w-tabs-section-content\" id=\"content-m9b8\"><div class=\"w-tabs-section-content-h i-cf\"><div class=\"wpb_text_column\"><div class=\"wpb_wrapper\"><p>Sim, os bilhetes dispon\u00edveis s\u00e3o v\u00e1lidos para aceder \u00e0 pra\u00e7a e correspondem a eventos oficiais realizados na Maestranza.<\/p>\n<\/div><\/div><\/div><\/div><\/div><div class=\"w-tabs-section\" id=\"ladd\"><button class=\"w-tabs-section-header\" aria-controls=\"content-ladd\" aria-expanded=\"false\"><div class=\"w-tabs-section-title\">H\u00e1 bilhetes para crian\u00e7as?<\/div><div class=\"w-tabs-section-control\"><\/div><\/button><div  class=\"w-tabs-section-content\" id=\"content-ladd\"><div class=\"w-tabs-section-content-h i-cf\"><div class=\"wpb_text_column\"><div class=\"wpb_wrapper\"><p>N\u00e3o existem bilhetes infantis: o pre\u00e7o \u00e9 o mesmo independentemente da idade. As crian\u00e7as com menos de 5 anos podem sentar-se ao colo dos pais, embora tenha em conta que os lugares nas pra\u00e7as de touros s\u00e3o estreitos.<\/p>\n<\/div><\/div><\/div><\/div><\/div><\/div><\/div><\/div><\/div><\/div><\/div><\/section><section class=\"l-section wpb_row height_medium\"><div class=\"l-section-h i-cf\"><div class=\"g-cols vc_row via_grid cols_1 laptops-cols_inherit tablets-cols_inherit mobiles-cols_1 valign_top type_default stacking_default\"><div class=\"wpb_column vc_column_container\"><div class=\"vc_column-inner\"><div class=\"wpb_text_column\"><div class=\"wpb_wrapper\"><h2>Tipos de eventos taurinos em Sevilha<\/h2>\n<p>A Pra\u00e7a de Touros da Maestranza \u00e9 um dos principais palcos taurinos de Espanha e acolhe ao longo do ano alguns dos eventos mais importantes do calend\u00e1rio.<\/p>\n<ul>\n<li><strong>Touradas:<\/strong> As touradas s\u00e3o o evento principal da Maestranza. Nelas participam as principais figuras da tauromaquia nacional e internacional, atraindo tanto aficionados como turistas que procuram viver uma experi\u00eancia aut\u00eantica em Sevilha. <\/li>\n<li><strong>Feira de Abril de Sevilha:<\/strong> \u00c9 o evento mais importante do ano na pra\u00e7a. Durante a Feira de Abril realizam-se as touradas mais destacadas, com cartazes de primeiro n\u00edvel e uma grande procura de bilhetes. <\/li>\n<li><strong>Novilhadas:<\/strong> As novilhadas s\u00e3o festejos protagonizados por toureiros jovens que est\u00e3o a iniciar a sua carreira. S\u00e3o uma excelente op\u00e7\u00e3o para quem quer desfrutar do ambiente taurino a um pre\u00e7o mais acess\u00edvel. <\/li>\n<li><strong>Festejos especiais:<\/strong> Ao longo do ano tamb\u00e9m se realizam eventos taurinos especiais em datas assinaladas, que completam a temporada em Sevilha e mant\u00eam viva a tradi\u00e7\u00e3o.<\/li>\n<\/ul>\n<\/div><\/div><\/div><\/div><\/div><\/div><\/section><section class=\"l-section wpb_row height_medium\"><div class=\"l-section-h i-cf\"><div class=\"g-cols vc_row via_grid cols_1 laptops-cols_inherit tablets-cols_inherit mobiles-cols_1 valign_top type_default stacking_default\"><div class=\"wpb_column vc_column_container\"><div class=\"vc_column-inner\"><div class=\"wpb_text_column\"><div class=\"wpb_wrapper\"><h2>\ud83d\udccd Pra\u00e7a de Touros de Sevilha \u2013 Como chegar<\/h2>\n<p>A Pra\u00e7a de Touros da Maestranza encontra-se numa localiza\u00e7\u00e3o privilegiada, em pleno centro hist\u00f3rico de Sevilha, junto ao rio Guadalquivir e muito perto de zonas emblem\u00e1ticas como a Catedral, a Giralda ou o bairro do Arenal.<\/p>\n<p>\ud83d\udccd Morada: Paseo de Col\u00f3n, 12, 41001 Sevilha<\/p>\n<p>\ud83d\ude8c Autocarro: Linhas urbanas com paragem pr\u00f3xima no Paseo de Col\u00f3n e na Plaza Nueva<\/p>\n<p>\ud83d\ude97 Estacionamento: Parques p\u00fablicos nas imedia\u00e7\u00f5es (Parking Paseo de Col\u00f3n, Parking Arenal)<\/p>\n<p>\ud83d\udeb6 A p\u00e9: A poucos minutos a caminhar desde o centro hist\u00f3rico de Sevilha<\/p>\n<\/div><\/div><\/div><\/div><\/div><\/div><\/section>\n","protected":false},"excerpt":{"rendered":"Compre os seus bilhetes para a Corrida de touros de 2 de setembro em Sevilha, a feira taurina mais singular do ano na Pra\u00e7a de Touros La Maestranza. \ud83d\udcc5 Data: 27 de setembro de 2026 \ud83d\udd55 Hora: 18:00 \ud83d\udccd Local: P.\u00ba de Crist\u00f3bal Col\u00f3n, 12, Casco Antiguo, 41001 Sevilha \u23f1 Dura\u00e7\u00e3o aproximada: 2 a 2,5...","protected":false},"author":2,"featured_media":0,"parent":0,"menu_order":0,"comment_status":"closed","ping_status":"closed","template":"","meta":{"footnotes":""},"class_list":["post-3597","page","type-page","status-publish","hentry"],"yoast_head":"<!-- This site is optimized with the Yoast SEO plugin v27.4 - https:\/\/yoast.com\/product\/yoast-seo-wordpress\/ -->\n<title>Bilhetes Touradas Sevilha 2026 | Pra\u00e7a de Touros La Maestranza<\/title>\n<meta name=\"description\" content=\"Compre bilhetes para touradas em Sevilha 2026. Sol e Sombra na Pra\u00e7a de Touros La Malagueta. Desde 16,50 \u20ac! Reserve j\u00e1!\" \/>\n<meta name=\"robots\" content=\"index, follow, max-snippet:-1, max-image-preview:large, max-video-preview:-1\" \/>\n<link rel=\"canonical\" href=\"https:\/\/plazatorossevilla.com\/pt-pt\/bilhetes-touradas\/\" \/>\n<meta property=\"og:locale\" content=\"pt_PT\" \/>\n<meta property=\"og:type\" content=\"article\" \/>\n<meta property=\"og:title\" content=\"Bilhetes Touradas Sevilha 2026 | Pra\u00e7a de Touros La Maestranza\" \/>\n<meta property=\"og:description\" content=\"Compre bilhetes para touradas em Sevilha 2026. Sol e Sombra na Pra\u00e7a de Touros La Malagueta. Desde 16,50 \u20ac! Reserve j\u00e1!\" \/>\n<meta property=\"og:url\" content=\"https:\/\/plazatorossevilla.com\/pt-pt\/bilhetes-touradas\/\" \/>\n<meta property=\"og:site_name\" content=\"Plaza Toros Sevilla\" \/>\n<meta property=\"article:modified_time\" content=\"2026-04-20T14:09:55+00:00\" \/>\n<meta name=\"twitter:card\" content=\"summary_large_image\" \/>\n<meta name=\"twitter:label1\" content=\"Tempo estimado de leitura\" \/>\n\t<meta name=\"twitter:data1\" content=\"8 minutos\" \/>\n<script type=\"application\/ld+json\" class=\"yoast-schema-graph\">{\"@context\":\"https:\\\/\\\/schema.org\",\"@graph\":[{\"@type\":\"WebPage\",\"@id\":\"https:\\\/\\\/plazatorossevilla.com\\\/pt-pt\\\/bilhetes-touradas\\\/\",\"url\":\"https:\\\/\\\/plazatorossevilla.com\\\/pt-pt\\\/bilhetes-touradas\\\/\",\"name\":\"Bilhetes Touradas Sevilha 2026 | Pra\u00e7a de Touros La Maestranza\",\"isPartOf\":{\"@id\":\"https:\\\/\\\/plazatorossevilla.com\\\/pt-pt\\\/#website\"},\"datePublished\":\"2026-03-18T15:33:26+00:00\",\"dateModified\":\"2026-04-20T14:09:55+00:00\",\"description\":\"Compre bilhetes para touradas em Sevilha 2026. Sol e Sombra na Pra\u00e7a de Touros La Malagueta. Desde 16,50 \u20ac! Reserve j\u00e1!\",\"breadcrumb\":{\"@id\":\"https:\\\/\\\/plazatorossevilla.com\\\/pt-pt\\\/bilhetes-touradas\\\/#breadcrumb\"},\"inLanguage\":\"pt-PT\",\"potentialAction\":[{\"@type\":\"ReadAction\",\"target\":[\"https:\\\/\\\/plazatorossevilla.com\\\/pt-pt\\\/bilhetes-touradas\\\/\"]}]},{\"@type\":\"BreadcrumbList\",\"@id\":\"https:\\\/\\\/plazatorossevilla.com\\\/pt-pt\\\/bilhetes-touradas\\\/#breadcrumb\",\"itemListElement\":[{\"@type\":\"ListItem\",\"position\":1,\"name\":\"Portada\",\"item\":\"https:\\\/\\\/plazatorossevilla.com\\\/pt-pt\\\/\"},{\"@type\":\"ListItem\",\"position\":2,\"name\":\"Bilhetes Touradas\"}]},{\"@type\":\"WebSite\",\"@id\":\"https:\\\/\\\/plazatorossevilla.com\\\/pt-pt\\\/#website\",\"url\":\"https:\\\/\\\/plazatorossevilla.com\\\/pt-pt\\\/\",\"name\":\"Plaza Toros Sevilla\",\"description\":\"Entradas a corridas de toros en Sevilla, Plaza de Toros La Maestranza\",\"publisher\":{\"@id\":\"https:\\\/\\\/plazatorossevilla.com\\\/pt-pt\\\/#organization\"},\"potentialAction\":[{\"@type\":\"SearchAction\",\"target\":{\"@type\":\"EntryPoint\",\"urlTemplate\":\"https:\\\/\\\/plazatorossevilla.com\\\/pt-pt\\\/?s={search_term_string}\"},\"query-input\":{\"@type\":\"PropertyValueSpecification\",\"valueRequired\":true,\"valueName\":\"search_term_string\"}}],\"inLanguage\":\"pt-PT\"},{\"@type\":\"Organization\",\"@id\":\"https:\\\/\\\/plazatorossevilla.com\\\/pt-pt\\\/#organization\",\"name\":\"Plaza Toros Sevilla\",\"url\":\"https:\\\/\\\/plazatorossevilla.com\\\/pt-pt\\\/\",\"logo\":{\"@type\":\"ImageObject\",\"inLanguage\":\"pt-PT\",\"@id\":\"https:\\\/\\\/plazatorossevilla.com\\\/pt-pt\\\/#\\\/schema\\\/logo\\\/image\\\/\",\"url\":\"https:\\\/\\\/plazatorossevilla.com\\\/wp-content\\\/uploads\\\/2026\\\/03\\\/Logo-plaza-toros-sevilla.webp\",\"contentUrl\":\"https:\\\/\\\/plazatorossevilla.com\\\/wp-content\\\/uploads\\\/2026\\\/03\\\/Logo-plaza-toros-sevilla.webp\",\"width\":286,\"height\":200,\"caption\":\"Plaza Toros Sevilla\"},\"image\":{\"@id\":\"https:\\\/\\\/plazatorossevilla.com\\\/pt-pt\\\/#\\\/schema\\\/logo\\\/image\\\/\"}}]}<\/script>\n<!-- \/ Yoast SEO plugin. -->","yoast_head_json":{"title":"Bilhetes Touradas Sevilha 2026 | Pra\u00e7a de Touros La Maestranza","description":"Compre bilhetes para touradas em Sevilha 2026. Sol e Sombra na Pra\u00e7a de Touros La Malagueta. Desde 16,50 \u20ac! Reserve j\u00e1!","robots":{"index":"index","follow":"follow","max-snippet":"max-snippet:-1","max-image-preview":"max-image-preview:large","max-video-preview":"max-video-preview:-1"},"canonical":"https:\/\/plazatorossevilla.com\/pt-pt\/bilhetes-touradas\/","og_locale":"pt_PT","og_type":"article","og_title":"Bilhetes Touradas Sevilha 2026 | Pra\u00e7a de Touros La Maestranza","og_description":"Compre bilhetes para touradas em Sevilha 2026. Sol e Sombra na Pra\u00e7a de Touros La Malagueta. Desde 16,50 \u20ac! Reserve j\u00e1!","og_url":"https:\/\/plazatorossevilla.com\/pt-pt\/bilhetes-touradas\/","og_site_name":"Plaza Toros Sevilla","article_modified_time":"2026-04-20T14:09:55+00:00","twitter_card":"summary_large_image","twitter_misc":{"Tempo estimado de leitura":"8 minutos"},"schema":{"@context":"https:\/\/schema.org","@graph":[{"@type":"WebPage","@id":"https:\/\/plazatorossevilla.com\/pt-pt\/bilhetes-touradas\/","url":"https:\/\/plazatorossevilla.com\/pt-pt\/bilhetes-touradas\/","name":"Bilhetes Touradas Sevilha 2026 | Pra\u00e7a de Touros La Maestranza","isPartOf":{"@id":"https:\/\/plazatorossevilla.com\/pt-pt\/#website"},"datePublished":"2026-03-18T15:33:26+00:00","dateModified":"2026-04-20T14:09:55+00:00","description":"Compre bilhetes para touradas em Sevilha 2026. Sol e Sombra na Pra\u00e7a de Touros La Malagueta. Desde 16,50 \u20ac! Reserve j\u00e1!","breadcrumb":{"@id":"https:\/\/plazatorossevilla.com\/pt-pt\/bilhetes-touradas\/#breadcrumb"},"inLanguage":"pt-PT","potentialAction":[{"@type":"ReadAction","target":["https:\/\/plazatorossevilla.com\/pt-pt\/bilhetes-touradas\/"]}]},{"@type":"BreadcrumbList","@id":"https:\/\/plazatorossevilla.com\/pt-pt\/bilhetes-touradas\/#breadcrumb","itemListElement":[{"@type":"ListItem","position":1,"name":"Portada","item":"https:\/\/plazatorossevilla.com\/pt-pt\/"},{"@type":"ListItem","position":2,"name":"Bilhetes Touradas"}]},{"@type":"WebSite","@id":"https:\/\/plazatorossevilla.com\/pt-pt\/#website","url":"https:\/\/plazatorossevilla.com\/pt-pt\/","name":"Plaza Toros Sevilla","description":"Entradas a corridas de toros en Sevilla, Plaza de Toros La Maestranza","publisher":{"@id":"https:\/\/plazatorossevilla.com\/pt-pt\/#organization"},"potentialAction":[{"@type":"SearchAction","target":{"@type":"EntryPoint","urlTemplate":"https:\/\/plazatorossevilla.com\/pt-pt\/?s={search_term_string}"},"query-input":{"@type":"PropertyValueSpecification","valueRequired":true,"valueName":"search_term_string"}}],"inLanguage":"pt-PT"},{"@type":"Organization","@id":"https:\/\/plazatorossevilla.com\/pt-pt\/#organization","name":"Plaza Toros Sevilla","url":"https:\/\/plazatorossevilla.com\/pt-pt\/","logo":{"@type":"ImageObject","inLanguage":"pt-PT","@id":"https:\/\/plazatorossevilla.com\/pt-pt\/#\/schema\/logo\/image\/","url":"https:\/\/plazatorossevilla.com\/wp-content\/uploads\/2026\/03\/Logo-plaza-toros-sevilla.webp","contentUrl":"https:\/\/plazatorossevilla.com\/wp-content\/uploads\/2026\/03\/Logo-plaza-toros-sevilla.webp","width":286,"height":200,"caption":"Plaza Toros Sevilla"},"image":{"@id":"https:\/\/plazatorossevilla.com\/pt-pt\/#\/schema\/logo\/image\/"}}]}},"_links":{"self":[{"href":"https:\/\/plazatorossevilla.com\/pt-pt\/wp-json\/wp\/v2\/pages\/3597","targetHints":{"allow":["GET"]}}],"collection":[{"href":"https:\/\/plazatorossevilla.com\/pt-pt\/wp-json\/wp\/v2\/pages"}],"about":[{"href":"https:\/\/plazatorossevilla.com\/pt-pt\/wp-json\/wp\/v2\/types\/page"}],"author":[{"embeddable":true,"href":"https:\/\/plazatorossevilla.com\/pt-pt\/wp-json\/wp\/v2\/users\/2"}],"replies":[{"embeddable":true,"href":"https:\/\/plazatorossevilla.com\/pt-pt\/wp-json\/wp\/v2\/comments?post=3597"}],"version-history":[{"count":1,"href":"https:\/\/plazatorossevilla.com\/pt-pt\/wp-json\/wp\/v2\/pages\/3597\/revisions"}],"predecessor-version":[{"id":3600,"href":"https:\/\/plazatorossevilla.com\/pt-pt\/wp-json\/wp\/v2\/pages\/3597\/revisions\/3600"}],"wp:attachment":[{"href":"https:\/\/plazatorossevilla.com\/pt-pt\/wp-json\/wp\/v2\/media?parent=3597"}],"curies":[{"name":"wp","href":"https:\/\/api.w.org\/{rel}","templated":true}]}}