{"id":3591,"date":"2026-03-18T15:03:26","date_gmt":"2026-03-18T15:03:26","guid":{"rendered":"https:\/\/plazatorossevilla.com\/inicio\/"},"modified":"2026-04-20T14:42:26","modified_gmt":"2026-04-20T14:42:26","slug":"inicio","status":"publish","type":"page","link":"https:\/\/plazatorossevilla.com\/pt-pt\/","title":{"rendered":"In\u00edcio"},"content":{"rendered":"<section class=\"l-section wpb_row height_huge color_primary with_img\"><div class=\"l-section-img\" role=\"img\" aria-label=\"Pra\u00e7a de touros maestranza sevilha\" data-img-width=\"1244\" data-img-height=\"700\" style=\"background-image: url(https:\/\/plazatorossevilla.com\/wp-content\/uploads\/2026\/03\/Plaza-de-toros-de-sevilla.webp);\"><\/div><div class=\"l-section-overlay\" style=\"background:rgba(41,49,74,0.40)\"><\/div><div class=\"l-section-h i-cf\"><div class=\"g-cols vc_row via_grid cols_1 laptops-cols_inherit tablets-cols_inherit mobiles-cols_1 valign_top type_default stacking_default\"><div class=\"wpb_column vc_column_container\"><div class=\"vc_column-inner\"><div class=\"wpb_text_column\"><div class=\"wpb_wrapper\"><h1 style=\"text-align: center;\">Pra\u00e7a de Touros de Sevilha<br \/>\nBilhetes para Corridas de Touros<\/h1>\n<\/div><\/div><div class=\"w-separator size_small\"><\/div><div class=\"w-text us_custom_eb849559\"><span class=\"w-text-h\"><span class=\"w-text-value\">Compre os seus bilhetes para as corridas de touros na La Maestranza de Sevilha<\/span><\/span><\/div><div class=\"w-separator size_custom\" style=\"height:15px\"><\/div><div class=\"w-hwrapper valign_top wrap align_center\"><div class=\"w-btn-wrapper align_none\"><a class=\"w-btn us-btn-style_1 us_custom_079893a4\" title=\"Entradas toros sevilla\" href=\"https:\/\/plazatorossevilla.com\/pt-pt\/bilhetes-touradas\/\"><span class=\"w-btn-label\">Bilhetes touros<\/span><\/a><\/div><\/div><div class=\"w-separator size_medium\"><\/div><\/div><\/div><\/div><\/div><\/section><section class=\"l-section wpb_row height_medium\"><div class=\"l-section-h i-cf\"><div class=\"g-cols vc_row via_grid cols_1 laptops-cols_inherit tablets-cols_inherit mobiles-cols_1 valign_top type_default stacking_default\"><div class=\"wpb_column vc_column_container\"><div class=\"vc_column-inner\"><div class=\"wpb_text_column us_custom_60e9caca us_animate_this\"><div class=\"wpb_wrapper\"><h2 style=\"text-align: center;\">Pr\u00f3ximos eventos taurinos<\/h2>\n<\/div><\/div><div class=\"w-separator size_medium\"><\/div><div class=\"w-grid us_product_list type_grid layout_shop_modern cols_4 overflow_hidden preload_style_spinner\" id=\"us_product_list_cd33\" style=\"--columns:4;--gap:1.5rem;\"><style>@media (max-width:1024px){#us_product_list_cd33{--columns:2!important}}@media (max-width:600px){#us_product_list_cd33{--columns:1!important}}.layout_shop_modern .w-grid-item-h{background:var(--color-content-bg);color:var(--color-content-text);border-radius:var(--site-border-radius);box-shadow:0 0.03rem 0.06rem rgba(0,0,0,0.1),0 0.1rem 0.3rem rgba(0,0,0,0.1);transition-duration:0.3s}.no-touch .layout_shop_modern .w-grid-item-h:hover{box-shadow:0 0.1rem 0.2rem rgba(0,0,0,0.1),0 0.33rem 1rem rgba(0,0,0,0.15);z-index:4}.layout_shop_modern .usg_vwrapper_1{transition-duration:0.2s;transform-origin:50% 50%;transform:scale(1) translate(0%,0%)}.layout_shop_modern .w-grid-item-h:focus-within .usg_vwrapper_1,.layout_shop_modern .w-grid-item-h:hover .usg_vwrapper_1{transform:scale(1) translate(0%,-2.4rem);opacity:1}.layout_shop_modern .usg_add_to_cart_1{transition-duration:0.3s;transform-origin:50% 50%;transform:scale(1) translate(0%,0%);opacity:0}.layout_shop_modern .w-grid-item-h:focus-within .usg_add_to_cart_1,.layout_shop_modern .w-grid-item-h:hover .usg_add_to_cart_1{transform:scale(1) translate(0%,0%);opacity:1}.layout_shop_modern .usg_product_field_1{color:#fff!important;font-size:12px!important;font-weight:700!important;text-transform:uppercase!important;position:absolute!important;top:10px!important;left:10px!important;padding-right:0.8rem!important;padding-left:0.8rem!important;border-radius:9em!important;background:var(--color-content-primary)!important}.layout_shop_modern .usg_vwrapper_1{background:inherit!important;padding:1rem 1.2rem 1rem 1.2rem!important}.layout_shop_modern .usg_post_title_1{color:inherit!important;font-size:1rem!important;margin-bottom:0.3rem!important}.layout_shop_modern .usg_product_field_2{margin-bottom:0.3rem!important}.layout_shop_modern .usg_product_field_3{font-weight:700!important}.layout_shop_modern .usg_add_to_cart_1{font-size:0.8rem!important;width:100%!important;border-radius:0!important;position:absolute!important;right:0!important;bottom:0!important;left:0!important}<\/style><div class=\"w-grid-list\">\t<article class=\"w-grid-item size_1x1 post-3817 product type-product status-publish has-post-thumbnail product_cat-feira-de-abril first instock taxable shipping-taxable purchasable product-type-variable\" data-id=\"3817\">\r\n\t\t<div class=\"w-grid-item-h\">\r\n\t\t\t\t\t\t<div class=\"w-post-elm post_image usg_post_image_1 stretched\"><a href=\"https:\/\/plazatorossevilla.com\/pt-pt\/producto\/novilhada-10-de-maio\/\" aria-label=\"Novilhada 10 de Maio\"><img loading=\"lazy\" decoding=\"async\" width=\"300\" height=\"300\" src=\"https:\/\/plazatorossevilla.com\/wp-content\/uploads\/2026\/04\/Novillada-10-de-mayo-300x300.webp\" class=\"attachment-woocommerce_thumbnail size-woocommerce_thumbnail wp-post-image\" alt=\"Novilhada 10 de maio sevilha\" srcset=\"https:\/\/plazatorossevilla.com\/wp-content\/uploads\/2026\/04\/Novillada-10-de-mayo-300x300.webp 300w, https:\/\/plazatorossevilla.com\/wp-content\/uploads\/2026\/04\/Novillada-10-de-mayo-150x150.webp 150w, https:\/\/plazatorossevilla.com\/wp-content\/uploads\/2026\/04\/Novillada-10-de-mayo.webp 500w\" sizes=\"auto, (max-width: 300px) 100vw, 300px\" \/><\/a><\/div><div class=\"w-vwrapper usg_vwrapper_1 align_center valign_top\"><h2 class=\"w-post-elm post_title usg_post_title_1 has_text_color woocommerce-loop-product__title color_link_inherit\"><a href=\"https:\/\/plazatorossevilla.com\/pt-pt\/producto\/novilhada-10-de-maio\/\">Novilhada 10 de Maio<\/a><\/h2><p class=\"w-post-elm product_field price usg_product_field_3\"><span class=\"woocommerce-Price-amount amount\" aria-hidden=\"true\"><bdi>14,00&nbsp;<span class=\"woocommerce-Price-currencySymbol\">&euro;<\/span><\/bdi><\/span> <span aria-hidden=\"true\">&ndash;<\/span> <span class=\"woocommerce-Price-amount amount\" aria-hidden=\"true\"><bdi>80,00&nbsp;<span class=\"woocommerce-Price-currencySymbol\">&euro;<\/span><\/bdi><\/span><span class=\"screen-reader-text\">Price range: 14,00&nbsp;&euro; through 80,00&nbsp;&euro;<\/span><\/p><\/div><div class=\"w-btn-wrapper woocommerce usg_add_to_cart_1 has_border_radius has_font_size no_view_cart_link\"><a href=\"https:\/\/plazatorossevilla.com\/pt-pt\/producto\/novilhada-10-de-maio\/\" aria-describedby=\"woocommerce_loop_add_to_cart_link_describedby_3817\" data-quantity=\"1\" class=\"button product_type_variable add_to_cart_button\" data-product_id=\"3817\" data-product_sku=\"\" aria-label=\"Seleccione as op\u00e7\u00f5es para &ldquo;Novilhada 10 de Maio&rdquo;\" rel=\"nofollow\"><i class=\"g-preloader type_1\"><\/i><span class=\"w-btn-label\">Ver op\u00e7\u00f5es<\/span><\/a>\t<span id=\"woocommerce_loop_add_to_cart_link_describedby_3817\" class=\"screen-reader-text\">\n\t\tThis product has multiple variants. The options may be chosen on the product page\t<\/span>\n<\/div>\t\t<\/div>\r\n\t\t\t<\/article>\r\n\t<article class=\"w-grid-item size_1x1 post-3891 product type-product status-publish has-post-thumbnail product_cat-feira-de-abril  instock taxable shipping-taxable purchasable product-type-variable\" data-id=\"3891\">\r\n\t\t<div class=\"w-grid-item-h\">\r\n\t\t\t\t\t\t<div class=\"w-post-elm post_image usg_post_image_1 stretched\"><a href=\"https:\/\/plazatorossevilla.com\/pt-pt\/producto\/novilhada-17-de-maio\/\" aria-label=\"Novilhada 17 de maio\"><img loading=\"lazy\" decoding=\"async\" width=\"300\" height=\"300\" src=\"https:\/\/plazatorossevilla.com\/wp-content\/uploads\/2026\/04\/Novillada-17-de-mayo-300x300.webp\" class=\"attachment-woocommerce_thumbnail size-woocommerce_thumbnail wp-post-image\" alt=\"Novilhada 17 de maio Sevilha\" srcset=\"https:\/\/plazatorossevilla.com\/wp-content\/uploads\/2026\/04\/Novillada-17-de-mayo-300x300.webp 300w, https:\/\/plazatorossevilla.com\/wp-content\/uploads\/2026\/04\/Novillada-17-de-mayo-150x150.webp 150w, https:\/\/plazatorossevilla.com\/wp-content\/uploads\/2026\/04\/Novillada-17-de-mayo.webp 500w\" sizes=\"auto, (max-width: 300px) 100vw, 300px\" \/><\/a><\/div><div class=\"w-vwrapper usg_vwrapper_1 align_center valign_top\"><h2 class=\"w-post-elm post_title usg_post_title_1 has_text_color woocommerce-loop-product__title color_link_inherit\"><a href=\"https:\/\/plazatorossevilla.com\/pt-pt\/producto\/novilhada-17-de-maio\/\">Novilhada 17 de maio<\/a><\/h2><p class=\"w-post-elm product_field price usg_product_field_3\"><span class=\"woocommerce-Price-amount amount\" aria-hidden=\"true\"><bdi>14,00&nbsp;<span class=\"woocommerce-Price-currencySymbol\">&euro;<\/span><\/bdi><\/span> <span aria-hidden=\"true\">&ndash;<\/span> <span class=\"woocommerce-Price-amount amount\" aria-hidden=\"true\"><bdi>80,00&nbsp;<span class=\"woocommerce-Price-currencySymbol\">&euro;<\/span><\/bdi><\/span><span class=\"screen-reader-text\">Price range: 14,00&nbsp;&euro; through 80,00&nbsp;&euro;<\/span><\/p><\/div><div class=\"w-btn-wrapper woocommerce usg_add_to_cart_1 has_border_radius has_font_size no_view_cart_link\"><a href=\"https:\/\/plazatorossevilla.com\/pt-pt\/producto\/novilhada-17-de-maio\/\" aria-describedby=\"woocommerce_loop_add_to_cart_link_describedby_3891\" data-quantity=\"1\" class=\"button product_type_variable add_to_cart_button\" data-product_id=\"3891\" data-product_sku=\"\" aria-label=\"Seleccione as op\u00e7\u00f5es para &ldquo;Novilhada 17 de maio&rdquo;\" rel=\"nofollow\"><i class=\"g-preloader type_1\"><\/i><span class=\"w-btn-label\">Ver op\u00e7\u00f5es<\/span><\/a>\t<span id=\"woocommerce_loop_add_to_cart_link_describedby_3891\" class=\"screen-reader-text\">\n\t\tThis product has multiple variants. The options may be chosen on the product page\t<\/span>\n<\/div>\t\t<\/div>\r\n\t\t\t<\/article>\r\n\t<article class=\"w-grid-item size_1x1 post-3928 product type-product status-publish has-post-thumbnail product_cat-feira-de-abril last instock taxable shipping-taxable purchasable product-type-variable\" data-id=\"3928\">\r\n\t\t<div class=\"w-grid-item-h\">\r\n\t\t\t\t\t\t<div class=\"w-post-elm post_image usg_post_image_1 stretched\"><a href=\"https:\/\/plazatorossevilla.com\/pt-pt\/producto\/novilhada-31-de-maio\/\" aria-label=\"Novilhada 31 de Maio\"><img loading=\"lazy\" decoding=\"async\" width=\"300\" height=\"300\" src=\"https:\/\/plazatorossevilla.com\/wp-content\/uploads\/2026\/04\/Novillada-31-de-mayo-300x300.webp\" class=\"attachment-woocommerce_thumbnail size-woocommerce_thumbnail wp-post-image\" alt=\"Novilhada 31 de maio Sevilha\" srcset=\"https:\/\/plazatorossevilla.com\/wp-content\/uploads\/2026\/04\/Novillada-31-de-mayo-300x300.webp 300w, https:\/\/plazatorossevilla.com\/wp-content\/uploads\/2026\/04\/Novillada-31-de-mayo-150x150.webp 150w, https:\/\/plazatorossevilla.com\/wp-content\/uploads\/2026\/04\/Novillada-31-de-mayo.webp 500w\" sizes=\"auto, (max-width: 300px) 100vw, 300px\" \/><\/a><\/div><div class=\"w-vwrapper usg_vwrapper_1 align_center valign_top\"><h2 class=\"w-post-elm post_title usg_post_title_1 has_text_color woocommerce-loop-product__title color_link_inherit\"><a href=\"https:\/\/plazatorossevilla.com\/pt-pt\/producto\/novilhada-31-de-maio\/\">Novilhada 31 de Maio<\/a><\/h2><p class=\"w-post-elm product_field price usg_product_field_3\"><span class=\"woocommerce-Price-amount amount\" aria-hidden=\"true\"><bdi>14,00&nbsp;<span class=\"woocommerce-Price-currencySymbol\">&euro;<\/span><\/bdi><\/span> <span aria-hidden=\"true\">&ndash;<\/span> <span class=\"woocommerce-Price-amount amount\" aria-hidden=\"true\"><bdi>80,00&nbsp;<span class=\"woocommerce-Price-currencySymbol\">&euro;<\/span><\/bdi><\/span><span class=\"screen-reader-text\">Price range: 14,00&nbsp;&euro; through 80,00&nbsp;&euro;<\/span><\/p><\/div><div class=\"w-btn-wrapper woocommerce usg_add_to_cart_1 has_border_radius has_font_size no_view_cart_link\"><a href=\"https:\/\/plazatorossevilla.com\/pt-pt\/producto\/novilhada-31-de-maio\/\" aria-describedby=\"woocommerce_loop_add_to_cart_link_describedby_3928\" data-quantity=\"1\" class=\"button product_type_variable add_to_cart_button\" data-product_id=\"3928\" data-product_sku=\"\" aria-label=\"Seleccione as op\u00e7\u00f5es para &ldquo;Novilhada 31 de Maio&rdquo;\" rel=\"nofollow\"><i class=\"g-preloader type_1\"><\/i><span class=\"w-btn-label\">Ver op\u00e7\u00f5es<\/span><\/a>\t<span id=\"woocommerce_loop_add_to_cart_link_describedby_3928\" class=\"screen-reader-text\">\n\t\tThis product has multiple variants. The options may be chosen on the product page\t<\/span>\n<\/div>\t\t<\/div>\r\n\t\t\t<\/article>\r\n\t<article class=\"w-grid-item size_1x1 post-3759 product type-product status-publish has-post-thumbnail product_cat-feira-de-abril first instock taxable shipping-taxable purchasable product-type-variable\" data-id=\"3759\">\r\n\t\t<div class=\"w-grid-item-h\">\r\n\t\t\t\t\t\t<div class=\"w-post-elm post_image usg_post_image_1 stretched\"><a href=\"https:\/\/plazatorossevilla.com\/pt-pt\/producto\/novilhada-11-de-junho\/\" aria-label=\"Novilhada 11 de Junho\"><img loading=\"lazy\" decoding=\"async\" width=\"300\" height=\"300\" src=\"https:\/\/plazatorossevilla.com\/wp-content\/uploads\/2026\/04\/Novillada-11-junio-300x300.webp\" class=\"attachment-woocommerce_thumbnail size-woocommerce_thumbnail wp-post-image\" alt=\"Novilhada 11 junho sevilha\" srcset=\"https:\/\/plazatorossevilla.com\/wp-content\/uploads\/2026\/04\/Novillada-11-junio-300x300.webp 300w, https:\/\/plazatorossevilla.com\/wp-content\/uploads\/2026\/04\/Novillada-11-junio-150x150.webp 150w, https:\/\/plazatorossevilla.com\/wp-content\/uploads\/2026\/04\/Novillada-11-junio.webp 500w\" sizes=\"auto, (max-width: 300px) 100vw, 300px\" \/><\/a><\/div><div class=\"w-vwrapper usg_vwrapper_1 align_center valign_top\"><h2 class=\"w-post-elm post_title usg_post_title_1 has_text_color woocommerce-loop-product__title color_link_inherit\"><a href=\"https:\/\/plazatorossevilla.com\/pt-pt\/producto\/novilhada-11-de-junho\/\">Novilhada 11 de Junho<\/a><\/h2><p class=\"w-post-elm product_field price usg_product_field_3\"><span class=\"woocommerce-Price-amount amount\" aria-hidden=\"true\"><bdi>14,00&nbsp;<span class=\"woocommerce-Price-currencySymbol\">&euro;<\/span><\/bdi><\/span> <span aria-hidden=\"true\">&ndash;<\/span> <span class=\"woocommerce-Price-amount amount\" aria-hidden=\"true\"><bdi>80,00&nbsp;<span class=\"woocommerce-Price-currencySymbol\">&euro;<\/span><\/bdi><\/span><span class=\"screen-reader-text\">Price range: 14,00&nbsp;&euro; through 80,00&nbsp;&euro;<\/span><\/p><\/div><div class=\"w-btn-wrapper woocommerce usg_add_to_cart_1 has_border_radius has_font_size no_view_cart_link\"><a href=\"https:\/\/plazatorossevilla.com\/pt-pt\/producto\/novilhada-11-de-junho\/\" aria-describedby=\"woocommerce_loop_add_to_cart_link_describedby_3759\" data-quantity=\"1\" class=\"button product_type_variable add_to_cart_button\" data-product_id=\"3759\" data-product_sku=\"\" aria-label=\"Seleccione as op\u00e7\u00f5es para &ldquo;Novilhada 11 de Junho&rdquo;\" rel=\"nofollow\"><i class=\"g-preloader type_1\"><\/i><span class=\"w-btn-label\">Ver op\u00e7\u00f5es<\/span><\/a>\t<span id=\"woocommerce_loop_add_to_cart_link_describedby_3759\" class=\"screen-reader-text\">\n\t\tThis product has multiple variants. The options may be chosen on the product page\t<\/span>\n<\/div>\t\t<\/div>\r\n\t\t\t<\/article>\r\n\t<article class=\"w-grid-item size_1x1 post-3818 product type-product status-publish has-post-thumbnail product_cat-feira-de-abril  instock taxable shipping-taxable purchasable product-type-variable\" data-id=\"3818\">\r\n\t\t<div class=\"w-grid-item-h\">\r\n\t\t\t\t\t\t<div class=\"w-post-elm post_image usg_post_image_1 stretched\"><a href=\"https:\/\/plazatorossevilla.com\/pt-pt\/producto\/novilhada-24-de-setembro\/\" aria-label=\"Novilhada 24 de setembro\"><img loading=\"lazy\" decoding=\"async\" width=\"300\" height=\"300\" src=\"https:\/\/plazatorossevilla.com\/wp-content\/uploads\/2026\/04\/Novillada-24-septiembre-300x300.webp\" class=\"attachment-woocommerce_thumbnail size-woocommerce_thumbnail wp-post-image\" alt=\"Novilhada 24 de setembro Sevilha\" srcset=\"https:\/\/plazatorossevilla.com\/wp-content\/uploads\/2026\/04\/Novillada-24-septiembre-300x300.webp 300w, https:\/\/plazatorossevilla.com\/wp-content\/uploads\/2026\/04\/Novillada-24-septiembre-150x150.webp 150w, https:\/\/plazatorossevilla.com\/wp-content\/uploads\/2026\/04\/Novillada-24-septiembre.webp 500w\" sizes=\"auto, (max-width: 300px) 100vw, 300px\" \/><\/a><\/div><div class=\"w-vwrapper usg_vwrapper_1 align_center valign_top\"><h2 class=\"w-post-elm post_title usg_post_title_1 has_text_color woocommerce-loop-product__title color_link_inherit\"><a href=\"https:\/\/plazatorossevilla.com\/pt-pt\/producto\/novilhada-24-de-setembro\/\">Novilhada 24 de setembro<\/a><\/h2><p class=\"w-post-elm product_field price usg_product_field_3\"><span class=\"woocommerce-Price-amount amount\" aria-hidden=\"true\"><bdi>14,00&nbsp;<span class=\"woocommerce-Price-currencySymbol\">&euro;<\/span><\/bdi><\/span> <span aria-hidden=\"true\">&ndash;<\/span> <span class=\"woocommerce-Price-amount amount\" aria-hidden=\"true\"><bdi>80,00&nbsp;<span class=\"woocommerce-Price-currencySymbol\">&euro;<\/span><\/bdi><\/span><span class=\"screen-reader-text\">Price range: 14,00&nbsp;&euro; through 80,00&nbsp;&euro;<\/span><\/p><\/div><div class=\"w-btn-wrapper woocommerce usg_add_to_cart_1 has_border_radius has_font_size no_view_cart_link\"><a href=\"https:\/\/plazatorossevilla.com\/pt-pt\/producto\/novilhada-24-de-setembro\/\" aria-describedby=\"woocommerce_loop_add_to_cart_link_describedby_3818\" data-quantity=\"1\" class=\"button product_type_variable add_to_cart_button\" data-product_id=\"3818\" data-product_sku=\"\" aria-label=\"Seleccione as op\u00e7\u00f5es para &ldquo;Novilhada 24 de setembro&rdquo;\" rel=\"nofollow\"><i class=\"g-preloader type_1\"><\/i><span class=\"w-btn-label\">Ver op\u00e7\u00f5es<\/span><\/a>\t<span id=\"woocommerce_loop_add_to_cart_link_describedby_3818\" class=\"screen-reader-text\">\n\t\tThis product has multiple variants. The options may be chosen on the product page\t<\/span>\n<\/div>\t\t<\/div>\r\n\t\t\t<\/article>\r\n\t<article class=\"w-grid-item size_1x1 post-3604 product type-product status-publish has-post-thumbnail product_cat-feira-de-abril last instock taxable shipping-taxable purchasable product-type-variable\" data-id=\"3604\">\r\n\t\t<div class=\"w-grid-item-h\">\r\n\t\t\t\t\t\t<div class=\"w-post-elm post_image usg_post_image_1 stretched\"><a href=\"https:\/\/plazatorossevilla.com\/pt-pt\/producto\/corrida-de-touros-25-de-setembro\/\" aria-label=\"Corrida de touros 25 de setembro\"><img loading=\"lazy\" decoding=\"async\" width=\"300\" height=\"300\" src=\"https:\/\/plazatorossevilla.com\/wp-content\/uploads\/2026\/04\/Corrida-toros-25-septiembre-300x300.webp\" class=\"attachment-woocommerce_thumbnail size-woocommerce_thumbnail wp-post-image\" alt=\"Corrida de touros 25 de setembro Sevilha\" srcset=\"https:\/\/plazatorossevilla.com\/wp-content\/uploads\/2026\/04\/Corrida-toros-25-septiembre-300x300.webp 300w, https:\/\/plazatorossevilla.com\/wp-content\/uploads\/2026\/04\/Corrida-toros-25-septiembre-150x150.webp 150w, https:\/\/plazatorossevilla.com\/wp-content\/uploads\/2026\/04\/Corrida-toros-25-septiembre.webp 500w\" sizes=\"auto, (max-width: 300px) 100vw, 300px\" \/><\/a><\/div><div class=\"w-vwrapper usg_vwrapper_1 align_center valign_top\"><h2 class=\"w-post-elm post_title usg_post_title_1 has_text_color woocommerce-loop-product__title color_link_inherit\"><a href=\"https:\/\/plazatorossevilla.com\/pt-pt\/producto\/corrida-de-touros-25-de-setembro\/\">Corrida de touros 25 de setembro<\/a><\/h2><p class=\"w-post-elm product_field price usg_product_field_3\"><span class=\"woocommerce-Price-amount amount\" aria-hidden=\"true\"><bdi>32,00&nbsp;<span class=\"woocommerce-Price-currencySymbol\">&euro;<\/span><\/bdi><\/span> <span aria-hidden=\"true\">&ndash;<\/span> <span class=\"woocommerce-Price-amount amount\" aria-hidden=\"true\"><bdi>199,00&nbsp;<span class=\"woocommerce-Price-currencySymbol\">&euro;<\/span><\/bdi><\/span><span class=\"screen-reader-text\">Price range: 32,00&nbsp;&euro; through 199,00&nbsp;&euro;<\/span><\/p><\/div><div class=\"w-btn-wrapper woocommerce usg_add_to_cart_1 has_border_radius has_font_size no_view_cart_link\"><a href=\"https:\/\/plazatorossevilla.com\/pt-pt\/producto\/corrida-de-touros-25-de-setembro\/\" aria-describedby=\"woocommerce_loop_add_to_cart_link_describedby_3604\" data-quantity=\"1\" class=\"button product_type_variable add_to_cart_button\" data-product_id=\"3604\" data-product_sku=\"\" aria-label=\"Seleccione as op\u00e7\u00f5es para &ldquo;Corrida de touros 25 de setembro&rdquo;\" rel=\"nofollow\"><i class=\"g-preloader type_1\"><\/i><span class=\"w-btn-label\">Ver op\u00e7\u00f5es<\/span><\/a>\t<span id=\"woocommerce_loop_add_to_cart_link_describedby_3604\" class=\"screen-reader-text\">\n\t\tThis product has multiple variants. The options may be chosen on the product page\t<\/span>\n<\/div>\t\t<\/div>\r\n\t\t\t<\/article>\r\n\t<article class=\"w-grid-item size_1x1 post-3469 product type-product status-publish has-post-thumbnail product_cat-feira-de-abril first instock taxable shipping-taxable purchasable product-type-variable\" data-id=\"3469\">\r\n\t\t<div class=\"w-grid-item-h\">\r\n\t\t\t\t\t\t<div class=\"w-post-elm post_image usg_post_image_1 stretched\"><a href=\"https:\/\/plazatorossevilla.com\/pt-pt\/producto\/corrida-de-touros-26-de-setembro\/\" aria-label=\"Corrida de touros 26 de setembro\"><img loading=\"lazy\" decoding=\"async\" width=\"300\" height=\"300\" src=\"https:\/\/plazatorossevilla.com\/wp-content\/uploads\/2026\/04\/Corrida-toros-26-septiembre-300x300.webp\" class=\"attachment-woocommerce_thumbnail size-woocommerce_thumbnail wp-post-image\" alt=\"Corrida de touros 26 de setembro sevilha\" srcset=\"https:\/\/plazatorossevilla.com\/wp-content\/uploads\/2026\/04\/Corrida-toros-26-septiembre-300x300.webp 300w, https:\/\/plazatorossevilla.com\/wp-content\/uploads\/2026\/04\/Corrida-toros-26-septiembre-150x150.webp 150w, https:\/\/plazatorossevilla.com\/wp-content\/uploads\/2026\/04\/Corrida-toros-26-septiembre.webp 500w\" sizes=\"auto, (max-width: 300px) 100vw, 300px\" \/><\/a><\/div><div class=\"w-vwrapper usg_vwrapper_1 align_center valign_top\"><h2 class=\"w-post-elm post_title usg_post_title_1 has_text_color woocommerce-loop-product__title color_link_inherit\"><a href=\"https:\/\/plazatorossevilla.com\/pt-pt\/producto\/corrida-de-touros-26-de-setembro\/\">Corrida de touros 26 de setembro<\/a><\/h2><p class=\"w-post-elm product_field price usg_product_field_3\"><span class=\"woocommerce-Price-amount amount\" aria-hidden=\"true\"><bdi>32,00&nbsp;<span class=\"woocommerce-Price-currencySymbol\">&euro;<\/span><\/bdi><\/span> <span aria-hidden=\"true\">&ndash;<\/span> <span class=\"woocommerce-Price-amount amount\" aria-hidden=\"true\"><bdi>199,00&nbsp;<span class=\"woocommerce-Price-currencySymbol\">&euro;<\/span><\/bdi><\/span><span class=\"screen-reader-text\">Price range: 32,00&nbsp;&euro; through 199,00&nbsp;&euro;<\/span><\/p><\/div><div class=\"w-btn-wrapper woocommerce usg_add_to_cart_1 has_border_radius has_font_size no_view_cart_link\"><a href=\"https:\/\/plazatorossevilla.com\/pt-pt\/producto\/corrida-de-touros-26-de-setembro\/\" aria-describedby=\"woocommerce_loop_add_to_cart_link_describedby_3469\" data-quantity=\"1\" class=\"button product_type_variable add_to_cart_button\" data-product_id=\"3469\" data-product_sku=\"\" aria-label=\"Seleccione as op\u00e7\u00f5es para &ldquo;Corrida de touros 26 de setembro&rdquo;\" rel=\"nofollow\"><i class=\"g-preloader type_1\"><\/i><span class=\"w-btn-label\">Ver op\u00e7\u00f5es<\/span><\/a>\t<span id=\"woocommerce_loop_add_to_cart_link_describedby_3469\" class=\"screen-reader-text\">\n\t\tThis product has multiple variants. The options may be chosen on the product page\t<\/span>\n<\/div>\t\t<\/div>\r\n\t\t\t<\/article>\r\n\t<article class=\"w-grid-item size_1x1 post-3523 product type-product status-publish has-post-thumbnail product_cat-feira-de-abril  instock taxable shipping-taxable purchasable product-type-variable\" data-id=\"3523\">\r\n\t\t<div class=\"w-grid-item-h\">\r\n\t\t\t\t\t\t<div class=\"w-post-elm post_image usg_post_image_1 stretched\"><a href=\"https:\/\/plazatorossevilla.com\/pt-pt\/producto\/corrida-de-touros-27-de-setembro\/\" aria-label=\"Corrida de touros 27 de setembro\"><img loading=\"lazy\" decoding=\"async\" width=\"300\" height=\"300\" src=\"https:\/\/plazatorossevilla.com\/wp-content\/uploads\/2026\/04\/Corrida-toros-27-septiembre-300x300.webp\" class=\"attachment-woocommerce_thumbnail size-woocommerce_thumbnail wp-post-image\" alt=\"Corrida de touros 27 de setembro Sevilha\" srcset=\"https:\/\/plazatorossevilla.com\/wp-content\/uploads\/2026\/04\/Corrida-toros-27-septiembre-300x300.webp 300w, https:\/\/plazatorossevilla.com\/wp-content\/uploads\/2026\/04\/Corrida-toros-27-septiembre-150x150.webp 150w, https:\/\/plazatorossevilla.com\/wp-content\/uploads\/2026\/04\/Corrida-toros-27-septiembre.webp 500w\" sizes=\"auto, (max-width: 300px) 100vw, 300px\" \/><\/a><\/div><div class=\"w-vwrapper usg_vwrapper_1 align_center valign_top\"><h2 class=\"w-post-elm post_title usg_post_title_1 has_text_color woocommerce-loop-product__title color_link_inherit\"><a href=\"https:\/\/plazatorossevilla.com\/pt-pt\/producto\/corrida-de-touros-27-de-setembro\/\">Corrida de touros 27 de setembro<\/a><\/h2><p class=\"w-post-elm product_field price usg_product_field_3\"><span class=\"woocommerce-Price-amount amount\" aria-hidden=\"true\"><bdi>32,00&nbsp;<span class=\"woocommerce-Price-currencySymbol\">&euro;<\/span><\/bdi><\/span> <span aria-hidden=\"true\">&ndash;<\/span> <span class=\"woocommerce-Price-amount amount\" aria-hidden=\"true\"><bdi>112,00&nbsp;<span class=\"woocommerce-Price-currencySymbol\">&euro;<\/span><\/bdi><\/span><span class=\"screen-reader-text\">Price range: 32,00&nbsp;&euro; through 112,00&nbsp;&euro;<\/span><\/p><\/div><div class=\"w-btn-wrapper woocommerce usg_add_to_cart_1 has_border_radius has_font_size no_view_cart_link\"><a href=\"https:\/\/plazatorossevilla.com\/pt-pt\/producto\/corrida-de-touros-27-de-setembro\/\" aria-describedby=\"woocommerce_loop_add_to_cart_link_describedby_3523\" data-quantity=\"1\" class=\"button product_type_variable add_to_cart_button\" data-product_id=\"3523\" data-product_sku=\"\" aria-label=\"Seleccione as op\u00e7\u00f5es para &ldquo;Corrida de touros 27 de setembro&rdquo;\" rel=\"nofollow\"><i class=\"g-preloader type_1\"><\/i><span class=\"w-btn-label\">Ver op\u00e7\u00f5es<\/span><\/a>\t<span id=\"woocommerce_loop_add_to_cart_link_describedby_3523\" class=\"screen-reader-text\">\n\t\tThis product has multiple variants. The options may be chosen on the product page\t<\/span>\n<\/div>\t\t<\/div>\r\n\t\t\t<\/article>\r\n<\/div><div class=\"g-loadmore hidden\"><div class=\"g-preloader type_1\"><div><\/div><\/div><\/div><div class=\"w-grid-list-json hidden\" onclick='return {&quot;max_num_pages&quot;:0,&quot;paginationBase&quot;:&quot;page&quot;,&quot;pagination&quot;:&quot;none&quot;,&quot;paged&quot;:1,&quot;ajaxData&quot;:{&quot;action&quot;:&quot;us_ajax_product_list&quot;,&quot;meta_type&quot;:&quot;post&quot;,&quot;object_id&quot;:0,&quot;template_vars&quot;:{&quot;shortcode_base&quot;:&quot;us_product_list&quot;,&quot;paged&quot;:1,&quot;max_num_pages&quot;:0,&quot;no_results&quot;:false,&quot;is_product_list&quot;:true,&quot;found_posts&quot;:0,&quot;per_page&quot;:12,&quot;items_count&quot;:8,&quot;orderby_random_seed&quot;:null,&quot;source&quot;:&quot;all&quot;,&quot;ids&quot;:&quot;&quot;,&quot;apply_url_params&quot;:0,&quot;onsale_only&quot;:0,&quot;featured_only&quot;:0,&quot;exclude_out_of_stock&quot;:0,&quot;exclude_hidden&quot;:1,&quot;exclude_current_product&quot;:1,&quot;exclude_prev_posts&quot;:0,&quot;enable_items_offset&quot;:0,&quot;items_offset&quot;:&quot;1&quot;,&quot;price_compare&quot;:&quot;none&quot;,&quot;price&quot;:&quot;99.99&quot;,&quot;price_max&quot;:&quot;299.99&quot;,&quot;tax_query_relation&quot;:&quot;none&quot;,&quot;tax_query&quot;:[{&quot;operator&quot;:&quot;IN&quot;,&quot;taxonomy&quot;:&quot;product_cat&quot;,&quot;terms&quot;:&quot;&quot;,&quot;include_children&quot;:0}],&quot;meta_query_relation&quot;:&quot;none&quot;,&quot;meta_query&quot;:[{&quot;key&quot;:&quot;custom_field_name&quot;,&quot;compare&quot;:&quot;=&quot;,&quot;value&quot;:&quot;&quot;}],&quot;orderby&quot;:&quot;date&quot;,&quot;orderby_custom_field&quot;:&quot;&quot;,&quot;orderby_recent_sales_days&quot;:&quot;30&quot;,&quot;orderby_custom_type&quot;:0,&quot;order_invert&quot;:0,&quot;show_all&quot;:0,&quot;quantity&quot;:&quot;12&quot;,&quot;posts_per_archive_page&quot;:0,&quot;no_items_action&quot;:&quot;message&quot;,&quot;no_items_message&quot;:&quot;Nenhum resultado encontrado.&quot;,&quot;no_items_page_block&quot;:&quot;&quot;,&quot;pagination&quot;:&quot;none&quot;,&quot;pagination_style&quot;:&quot;&quot;,&quot;pagination_btn_text&quot;:&quot;Load More&quot;,&quot;pagination_btn_size&quot;:&quot;&quot;,&quot;pagination_btn_style&quot;:&quot;1&quot;,&quot;pagination_btn_fullwidth&quot;:0,&quot;items_layout&quot;:&quot;shop_modern&quot;,&quot;type&quot;:&quot;grid&quot;,&quot;items_valign&quot;:0,&quot;ignore_items_size&quot;:0,&quot;columns&quot;:&quot;4&quot;,&quot;items_gap&quot;:&quot;1.5rem&quot;,&quot;load_animation&quot;:&quot;none&quot;,&quot;items_preload_style&quot;:&quot;spinner&quot;,&quot;img_size&quot;:&quot;default&quot;,&quot;title_size&quot;:&quot;&quot;,&quot;items_ratio&quot;:&quot;default&quot;,&quot;items_ratio_width&quot;:&quot;21&quot;,&quot;items_ratio_height&quot;:&quot;9&quot;,&quot;overriding_link&quot;:&quot;%7B%22url%22%3A%22%22%7D&quot;,&quot;popup_page_template&quot;:&quot;0&quot;,&quot;popup_width&quot;:&quot;&quot;,&quot;popup_arrows&quot;:1,&quot;breakpoint_1_width&quot;:&quot;1381px&quot;,&quot;breakpoint_1_cols&quot;:&quot;default&quot;,&quot;breakpoint_1_quantity&quot;:&quot;&quot;,&quot;breakpoint_1_gap&quot;:&quot;&quot;,&quot;breakpoint_2_width&quot;:&quot;1025px&quot;,&quot;breakpoint_2_cols&quot;:&quot;2&quot;,&quot;breakpoint_2_quantity&quot;:&quot;&quot;,&quot;breakpoint_2_gap&quot;:&quot;&quot;,&quot;breakpoint_3_width&quot;:&quot;601px&quot;,&quot;breakpoint_3_cols&quot;:&quot;1&quot;,&quot;breakpoint_3_quantity&quot;:&quot;&quot;,&quot;breakpoint_3_gap&quot;:&quot;&quot;,&quot;conditions_operator&quot;:&quot;always&quot;,&quot;conditions&quot;:[],&quot;css&quot;:null,&quot;el_class&quot;:&quot;&quot;,&quot;el_id&quot;:&quot;&quot;,&quot;enable_custom_html_atts&quot;:0,&quot;custom_html_atts&quot;:null,&quot;hide_on_states&quot;:&quot;&quot;,&quot;hide_for_sticky&quot;:0,&quot;hide_for_not_sticky&quot;:0,&quot;hide_below&quot;:&quot;0px&quot;,&quot;hide_above&quot;:&quot;0px&quot;,&quot;classes&quot;:&quot;&quot;},&quot;found_posts&quot;:0,&quot;per_page&quot;:12},&quot;facetedFilter&quot;:[]}'><\/div><\/div><\/div><\/div><\/div><\/div><\/section><section class=\"l-section wpb_row height_medium\"><div class=\"l-section-h i-cf\"><div class=\"g-cols vc_row via_grid cols_1-2 laptops-cols_inherit tablets-cols_inherit mobiles-cols_1 valign_middle type_default stacking_default\"><div class=\"wpb_column vc_column_container us_custom_7e20fa79 us_animate_this\"><div class=\"vc_column-inner\"><div class=\"wpb_text_column\"><div class=\"wpb_wrapper\"><h2>Bilhetes para corrida de touros<\/h2>\n<p>Descubra as pr\u00f3ximas corridas de touros que se realizar\u00e3o na pra\u00e7a de touros La Maestranza de Sevilha e compre os seus bilhetes.<\/p>\n<\/div><\/div><div class=\"w-btn-wrapper align_none\"><a class=\"w-btn us-btn-style_2 us_custom_82d4de91 has_text_color\" title=\"eventos taurinos Sevilla\" href=\"https:\/\/plazatorossevilla.com\/entradas-corridas-de-toros\/\"><span class=\"w-btn-label\">Ver eventos<\/span><\/a><\/div><\/div><\/div><div class=\"wpb_column vc_column_container us_custom_47474b22 us_animate_this stretched\"><div class=\"vc_column-inner\"><div class=\"w-image us_custom_5e8a7298 style_shadow-1 align_center\"><div class=\"w-image-h\"><img decoding=\"async\" width=\"1000\" height=\"700\" src=\"https:\/\/plazatorossevilla.com\/wp-content\/uploads\/2026\/03\/Corrida-toros-sevilla.webp\" class=\"attachment-large size-large\" alt=\"\" loading=\"lazy\" srcset=\"https:\/\/plazatorossevilla.com\/wp-content\/uploads\/2026\/03\/Corrida-toros-sevilla.webp 1000w, https:\/\/plazatorossevilla.com\/wp-content\/uploads\/2026\/03\/Corrida-toros-sevilla-300x210.webp 300w, https:\/\/plazatorossevilla.com\/wp-content\/uploads\/2026\/03\/Corrida-toros-sevilla-600x420.webp 600w\" sizes=\"auto, (max-width: 1000px) 100vw, 1000px\" \/><\/div><\/div><\/div><\/div><\/div><\/div><\/section><section class=\"l-section wpb_row height_medium\"><div class=\"l-section-h i-cf\"><div class=\"g-cols vc_row via_grid cols_2-1 laptops-cols_inherit tablets-cols_inherit mobiles-cols_1 valign_middle type_default reversed stacking_default\"><div class=\"wpb_column vc_column_container us_custom_7e20fa79 us_animate_this stretched\"><div class=\"vc_column-inner\"><div class=\"w-image us_custom_5e8a7298 style_shadow-1 align_center\"><div class=\"w-image-h\"><img decoding=\"async\" width=\"900\" height=\"675\" src=\"https:\/\/plazatorossevilla.com\/wp-content\/uploads\/2026\/03\/Tienda-taurina-online.webp\" class=\"attachment-large size-large\" alt=\"Tienda toros sevilla\" loading=\"lazy\" srcset=\"https:\/\/plazatorossevilla.com\/wp-content\/uploads\/2026\/03\/Tienda-taurina-online.webp 900w, https:\/\/plazatorossevilla.com\/wp-content\/uploads\/2026\/03\/Tienda-taurina-online-300x225.webp 300w, https:\/\/plazatorossevilla.com\/wp-content\/uploads\/2026\/03\/Tienda-taurina-online-600x450.webp 600w\" sizes=\"auto, (max-width: 900px) 100vw, 900px\" \/><\/div><\/div><\/div><\/div><div class=\"wpb_column vc_column_container us_custom_47474b22 us_animate_this\"><div class=\"vc_column-inner\"><div class=\"wpb_text_column\"><div class=\"wpb_wrapper\"><h2>Loja taurina<\/h2>\n<p>Produtos e artesanato fabricados por alguns dos melhores artes\u00e3os taurinos de Espanha. Visite a nossa loja online e descubra a verdadeira paix\u00e3o taurina.<\/p>\n<\/div><\/div><div class=\"w-btn-wrapper align_none\"><a class=\"w-btn us-btn-style_2 us_custom_82d4de91 has_text_color\" target=\"_blank\" title=\"comprar productos taurinos\" href=\"https:\/\/www.toroshopping.com\/\"><span class=\"w-btn-label\">Visitar loja<\/span><\/a><\/div><\/div><\/div><\/div><\/div><\/section><section class=\"l-section wpb_row height_medium color_primary parallax_ver with_shape\" id=\"second\"><div class=\"l-section-overlay\" style=\"background:rgba(25,25,25,0.51)\"><\/div><div class=\"l-section-shape type_triangle pos_bottom\" style=\"height:15vmin;\"><svg xmlns=\"http:\/\/www.w3.org\/2000\/svg\" viewBox=\"0 0 64 8\" preserveAspectRatio=\"none\" width=\"100%\" height=\"100%\">\r\n\t<path fill=\"currentColor\" d=\"M64 8 L0 8 L0 0 L32 7.9 L64 0 Z\"\/>\r\n<\/svg><\/div><div class=\"l-section-h i-cf\"><div class=\"g-cols vc_row via_grid cols_1 laptops-cols_inherit tablets-cols_inherit mobiles-cols_1 valign_top type_default stacking_default\"><div class=\"wpb_column vc_column_container\"><div class=\"vc_column-inner\"><div class=\"wpb_text_column\"><div class=\"wpb_wrapper\"><p style=\"text-align: center;\"><span style=\"font-size: 30px;\">Desfrute de um monumento nacional hist\u00f3rico<\/span><\/p>\n<\/div><\/div><div class=\"w-separator size_large\"><\/div><div class=\"g-cols wpb_row via_grid cols_4 laptops-cols_inherit tablets-cols_inherit mobiles-cols_1 valign_top type_default stacking_default\" style=\"--columns-gap:3rem;\"><div class=\"wpb_column vc_column_container\"><div class=\"vc_column-inner\"><div class=\"w-counter us_custom_69e32a11 color_heading align_center animation_none has_font_size\" data-duration=\"2\" style=\"--w-counter-duration: 2s;\"><div class=\"w-counter-value\" role=\"text\" aria-label=\"+20\"><span class=\"w-counter-value-part final\" aria-hidden=\"true\">+20<\/span><span class=\"w-counter-value-part hidden type_text\" aria-hidden=\"true\" data-final=\"+\"><\/span><span class=\"w-counter-value-part hidden type_number\" aria-hidden=\"true\" data-final=\"20\">0<\/span><span class=\"w-counter-value-part hidden type_text\" aria-hidden=\"true\" data-final>+<\/span><\/div><p class=\"w-counter-title\" style=\"font-size:1.2rem;\">Corridas de touros anuais<\/p><\/div><\/div><\/div><div class=\"wpb_column vc_column_container\"><div class=\"vc_column-inner\"><div class=\"w-counter color_primary align_center animation_none\" data-duration=\"2\" style=\"--w-counter-duration: 2s;\"><div class=\"w-counter-value\" role=\"text\" aria-label=\"200.000\"><span class=\"w-counter-value-part final\" aria-hidden=\"true\">200.000<\/span><span class=\"w-counter-value-part hidden type_text\" aria-hidden=\"true\" data-final><\/span><span class=\"w-counter-value-part hidden type_number\" aria-hidden=\"true\" data-final=\"200.000\">0<\/span><span class=\"w-counter-value-part hidden type_text\" aria-hidden=\"true\" data-final><\/span><\/div><p class=\"w-counter-title\" style=\"font-size:1.2rem;\">Espectadores anuais<\/p><\/div><\/div><\/div><div class=\"wpb_column vc_column_container\"><div class=\"vc_column-inner\"><div class=\"w-counter us_custom_69e32a11 color_heading align_center animation_none has_font_size\" data-duration=\"2\" style=\"--w-counter-duration: 2s;\"><div class=\"w-counter-value\" role=\"text\" aria-label=\"250\"><span class=\"w-counter-value-part final\" aria-hidden=\"true\">250<\/span><span class=\"w-counter-value-part hidden type_text\" aria-hidden=\"true\" data-final><\/span><span class=\"w-counter-value-part hidden type_number\" aria-hidden=\"true\" data-final=\"250\">0<\/span><span class=\"w-counter-value-part hidden type_text\" aria-hidden=\"true\" data-final><\/span><\/div><p class=\"w-counter-title\" style=\"font-size:1.2rem;\">Anos de arte taurina<\/p><\/div><\/div><\/div><div class=\"wpb_column vc_column_container\"><div class=\"vc_column-inner\"><div class=\"w-counter color_primary align_center animation_none\" data-duration=\"2\" style=\"--w-counter-duration: 2s;\"><div class=\"w-counter-value\" role=\"text\" aria-label=\"1\"><span class=\"w-counter-value-part final\" aria-hidden=\"true\">1<\/span><span class=\"w-counter-value-part hidden type_text\" aria-hidden=\"true\" data-final><\/span><span class=\"w-counter-value-part hidden type_number\" aria-hidden=\"true\" data-final=\"1\">0<\/span><span class=\"w-counter-value-part hidden type_text\" aria-hidden=\"true\" data-final><\/span><\/div><p class=\"w-counter-title\" style=\"font-size:1.2rem;\">Feira de Abril<\/p><\/div><\/div><\/div><\/div><div class=\"w-separator size_custom\" style=\"height:10vh\"><\/div><\/div><\/div><\/div><\/div><\/section><section class=\"l-section wpb_row height_medium\"><div class=\"l-section-h i-cf\"><div class=\"g-cols vc_row via_grid cols_1 laptops-cols_inherit tablets-cols_inherit mobiles-cols_1 valign_top type_default stacking_default\"><div class=\"wpb_column vc_column_container\"><div class=\"vc_column-inner\"><div class=\"wpb_text_column\"><div class=\"wpb_wrapper\"><h2 style=\"text-align: center;\">Fotografias da Pra\u00e7a de Touros da Maestranza<\/h2>\n<\/div><\/div><div class=\"w-separator size_small\"><\/div><div class=\"w-gallery fit_cover type_metro_2 ratio_1x1 count_6\" style=\"--columns:4;--items-gap:10px;\"><div class=\"w-gallery-list\"><div class=\"w-gallery-item\"><div class=\"w-gallery-item-img\"><img loading=\"lazy\" decoding=\"async\" width=\"600\" height=\"600\" src=\"https:\/\/plazatorossevilla.com\/wp-content\/uploads\/2026\/03\/Tendidos-plaza-toros.webp\" class=\"attachment-large size-large\" alt=\"Tendidos plaza toros sevilla\" srcset=\"https:\/\/plazatorossevilla.com\/wp-content\/uploads\/2026\/03\/Tendidos-plaza-toros.webp 600w, https:\/\/plazatorossevilla.com\/wp-content\/uploads\/2026\/03\/Tendidos-plaza-toros-300x300.webp 300w, https:\/\/plazatorossevilla.com\/wp-content\/uploads\/2026\/03\/Tendidos-plaza-toros-150x150.webp 150w\" sizes=\"auto, (max-width: 600px) 100vw, 600px\" \/><\/div><\/div><div class=\"w-gallery-item\"><div class=\"w-gallery-item-img\"><img loading=\"lazy\" decoding=\"async\" width=\"600\" height=\"600\" src=\"https:\/\/plazatorossevilla.com\/wp-content\/uploads\/2026\/03\/Exterior-plaza-toros.webp\" class=\"attachment-large size-large\" alt=\"Exterior plaza toros sevilla\" srcset=\"https:\/\/plazatorossevilla.com\/wp-content\/uploads\/2026\/03\/Exterior-plaza-toros.webp 600w, https:\/\/plazatorossevilla.com\/wp-content\/uploads\/2026\/03\/Exterior-plaza-toros-300x300.webp 300w, https:\/\/plazatorossevilla.com\/wp-content\/uploads\/2026\/03\/Exterior-plaza-toros-150x150.webp 150w\" sizes=\"auto, (max-width: 600px) 100vw, 600px\" \/><\/div><\/div><div class=\"w-gallery-item\"><div class=\"w-gallery-item-img\"><img loading=\"lazy\" decoding=\"async\" width=\"600\" height=\"600\" src=\"https:\/\/plazatorossevilla.com\/wp-content\/uploads\/2026\/03\/Cuadrillas-plaza-toros.webp\" class=\"attachment-large size-large\" alt=\"Cuadrillas plaza toros sevilla\" srcset=\"https:\/\/plazatorossevilla.com\/wp-content\/uploads\/2026\/03\/Cuadrillas-plaza-toros.webp 600w, https:\/\/plazatorossevilla.com\/wp-content\/uploads\/2026\/03\/Cuadrillas-plaza-toros-300x300.webp 300w, https:\/\/plazatorossevilla.com\/wp-content\/uploads\/2026\/03\/Cuadrillas-plaza-toros-150x150.webp 150w\" sizes=\"auto, (max-width: 600px) 100vw, 600px\" \/><\/div><\/div><div class=\"w-gallery-item\"><div class=\"w-gallery-item-img\"><img loading=\"lazy\" decoding=\"async\" width=\"600\" height=\"600\" src=\"https:\/\/plazatorossevilla.com\/wp-content\/uploads\/2026\/03\/Gradas-plaza-toros.webp\" class=\"attachment-large size-large\" alt=\"Gradas plaza toros sevilla\" srcset=\"https:\/\/plazatorossevilla.com\/wp-content\/uploads\/2026\/03\/Gradas-plaza-toros.webp 600w, https:\/\/plazatorossevilla.com\/wp-content\/uploads\/2026\/03\/Gradas-plaza-toros-300x300.webp 300w, https:\/\/plazatorossevilla.com\/wp-content\/uploads\/2026\/03\/Gradas-plaza-toros-150x150.webp 150w\" sizes=\"auto, (max-width: 600px) 100vw, 600px\" \/><\/div><\/div><div class=\"w-gallery-item\"><div class=\"w-gallery-item-img\"><img loading=\"lazy\" decoding=\"async\" width=\"600\" height=\"600\" src=\"https:\/\/plazatorossevilla.com\/wp-content\/uploads\/2026\/03\/Ruedo-plaza-toros.webp\" class=\"attachment-large size-large\" alt=\"Ruedo plaza toros sevilla\" srcset=\"https:\/\/plazatorossevilla.com\/wp-content\/uploads\/2026\/03\/Ruedo-plaza-toros.webp 600w, https:\/\/plazatorossevilla.com\/wp-content\/uploads\/2026\/03\/Ruedo-plaza-toros-300x300.webp 300w, https:\/\/plazatorossevilla.com\/wp-content\/uploads\/2026\/03\/Ruedo-plaza-toros-150x150.webp 150w\" sizes=\"auto, (max-width: 600px) 100vw, 600px\" \/><\/div><\/div><div class=\"w-gallery-item\"><div class=\"w-gallery-item-img\"><img loading=\"lazy\" decoding=\"async\" width=\"600\" height=\"600\" src=\"https:\/\/plazatorossevilla.com\/wp-content\/uploads\/2026\/03\/Puerta-grande-plaza-toros.webp\" class=\"attachment-large size-large\" alt=\"Puerta grande plaza toros sevilla\" srcset=\"https:\/\/plazatorossevilla.com\/wp-content\/uploads\/2026\/03\/Puerta-grande-plaza-toros.webp 600w, https:\/\/plazatorossevilla.com\/wp-content\/uploads\/2026\/03\/Puerta-grande-plaza-toros-300x300.webp 300w, https:\/\/plazatorossevilla.com\/wp-content\/uploads\/2026\/03\/Puerta-grande-plaza-toros-150x150.webp 150w\" sizes=\"auto, (max-width: 600px) 100vw, 600px\" \/><\/div><\/div><\/div><\/div><div class=\"w-separator size_medium\"><\/div><\/div><\/div><\/div><\/div><\/section><section class=\"l-section wpb_row height_medium\"><div class=\"l-section-h i-cf\"><div class=\"g-cols vc_row via_grid cols_1 laptops-cols_inherit tablets-cols_inherit mobiles-cols_1 valign_top type_default stacking_default\"><div class=\"wpb_column vc_column_container\"><div class=\"vc_column-inner\"><div class=\"wpb_text_column\"><div class=\"wpb_wrapper\"><h2 style=\"text-align: center;\">Not\u00edcias da Pra\u00e7a de Touros da Maestranza<\/h2>\n<\/div><\/div><div class=\"w-separator size_small\"><\/div><div class=\"w-grid us_post_carousel type_carousel layout_blog_1 preload_style_spinner items_3\" id=\"us_post_list_f31b\" style=\"--items:3;--gap:1.5rem;\"><style>.layout_blog_1 .w-grid-item-h{}.layout_blog_1 .usg_post_image_1{margin-bottom:0.5rem!important}.layout_blog_1 .usg_post_title_1{font-size:1rem!important}<\/style><div class=\"w-grid-list owl-carousel valign_stretch dotstyle_circle navstyle_circle arrows-ver-pos_middle arrows-hor-pos_on_sides_outside arrows-disabled_hide owl-responsive-2000 with_arrows\" style=\"--transition-duration:350ms;--arrows-size:1.5rem;--arrows-gap:10px;\">\t<article class=\"w-grid-item size_1x1 post-3571 post type-post status-publish format-standard has-post-thumbnail hentry category-sem-categoria\" data-id=\"3571\">\r\n\t\t<div class=\"w-grid-item-h\">\r\n\t\t\t\t\t\t<div class=\"w-post-elm post_image usg_post_image_1 stretched\"><a href=\"https:\/\/plazatorossevilla.com\/pt-pt\/bilhetes-para-touradas-sevilha-2026\/\" aria-label=\"Bilhetes para touradas Sevilha 2026\"><img loading=\"lazy\" decoding=\"async\" width=\"1024\" height=\"790\" src=\"https:\/\/plazatorossevilla.com\/wp-content\/uploads\/2026\/04\/QJBRS2GGFBBU3HH4VICQOCLA7M-1024x790.avif\" class=\"attachment-large size-large wp-post-image\" alt=\"bilhetes touradas sevilha 2026\" srcset=\"https:\/\/plazatorossevilla.com\/wp-content\/uploads\/2026\/04\/QJBRS2GGFBBU3HH4VICQOCLA7M-1024x790.avif 1024w, https:\/\/plazatorossevilla.com\/wp-content\/uploads\/2026\/04\/QJBRS2GGFBBU3HH4VICQOCLA7M-300x232.avif 300w, https:\/\/plazatorossevilla.com\/wp-content\/uploads\/2026\/04\/QJBRS2GGFBBU3HH4VICQOCLA7M-600x463.avif 600w, https:\/\/plazatorossevilla.com\/wp-content\/uploads\/2026\/04\/QJBRS2GGFBBU3HH4VICQOCLA7M.avif 1200w\" sizes=\"auto, (max-width: 1024px) 100vw, 1024px\" \/><\/a><\/div><h2 class=\"w-post-elm post_title usg_post_title_1 entry-title color_link_inherit\"><a href=\"https:\/\/plazatorossevilla.com\/pt-pt\/bilhetes-para-touradas-sevilha-2026\/\">Bilhetes para touradas Sevilha 2026<\/a><\/h2>\t\t<\/div>\r\n\t\t\t<\/article>\r\n<\/div><div class=\"w-grid-carousel-json hidden\" onclick='return {&quot;carousel_settings&quot;:{&quot;aria_labels&quot;:{&quot;prev&quot;:&quot;Anterior&quot;,&quot;next&quot;:&quot;Seguinte&quot;},&quot;autoplayContinual&quot;:false,&quot;autoplayContinualCss&quot;:false,&quot;autoplayHoverPause&quot;:false,&quot;autoplayTimeout&quot;:3000,&quot;autoWidth&quot;:false,&quot;smartSpeed&quot;:350,&quot;margin&quot;:0,&quot;mouseDrag&quot;:true,&quot;rtl&quot;:false,&quot;slideBy&quot;:&quot;1&quot;,&quot;touchDrag&quot;:true,&quot;slideTransition&quot;:&quot;&quot;,&quot;responsive&quot;:{&quot;0&quot;:{&quot;autoHeight&quot;:false,&quot;autoplay&quot;:false,&quot;autoplayContinualCss&quot;:false,&quot;autoWidth&quot;:false,&quot;center&quot;:false,&quot;dots&quot;:false,&quot;items&quot;:1,&quot;loop&quot;:false,&quot;nav&quot;:false,&quot;stagePadding&quot;:0,&quot;slideBy&quot;:&quot;1&quot;,&quot;touchDrag&quot;:true,&quot;mouseDrag&quot;:true},&quot;601&quot;:{&quot;items&quot;:3,&quot;autoplay&quot;:false,&quot;autoplayContinualCss&quot;:false,&quot;center&quot;:false,&quot;dots&quot;:false,&quot;nav&quot;:true,&quot;autoHeight&quot;:false,&quot;autoWidth&quot;:false,&quot;loop&quot;:false,&quot;stagePadding&quot;:0}}}}'><\/div><\/div><div class=\"w-separator size_medium\"><\/div><\/div><\/div><\/div><\/div><\/section><section class=\"l-section wpb_row height_medium\"><div class=\"l-section-h i-cf\"><div class=\"g-cols vc_row via_grid cols_2 laptops-cols_inherit tablets-cols_inherit mobiles-cols_1 valign_middle type_default stacking_default\"><div class=\"wpb_column vc_column_container\"><div class=\"vc_column-inner\"><div class=\"wpb_text_column\"><div class=\"wpb_wrapper\"><h2 style=\"text-align: left;\">Informa\u00e7\u00e3o sobre a pra\u00e7a de touros de Sevilha<\/h2>\n<p>A Pra\u00e7a de Touros de Sevilha, conhecida como La Maestranza, \u00e9 um dos monumentos mais emblem\u00e1ticos de Sevilha e uma das pra\u00e7as de touros mais importantes do mundo.<\/p>\n<p>Situada em pleno centro hist\u00f3rico, junto ao rio Guadalquivir, esta pra\u00e7a destaca-se pelo seu grande valor hist\u00f3rico, arquitet\u00f3nico e cultural. Constru\u00edda entre os s\u00e9culos XVIII e XIX, \u00e9 considerada uma refer\u00eancia da tauromaquia a n\u00edvel internacional.<\/p>\n<p>Com uma capacidade aproximada de 11.000 espectadores, acolhe algumas das corridas mais prestigiadas do calend\u00e1rio taurino, especialmente durante a Feira de Abril, onde se re\u00fanem as principais figuras da tauromaquia.<\/p>\n<\/div><\/div><\/div><\/div><div class=\"wpb_column vc_column_container\"><div class=\"vc_column-inner\"><div class=\"w-tabs style_default switch_click accordion has_scrolling\" style=\"--sections-title-size:inherit\"><div class=\"w-tabs-sections titles-align_none icon_chevron cpos_right\"><div class=\"w-tabs-section\" id=\"m1e3\"><button class=\"w-tabs-section-header\" aria-controls=\"content-m1e3\" aria-expanded=\"false\"><div class=\"w-tabs-section-title\">Caracter\u00edsticas da pra\u00e7a<\/div><div class=\"w-tabs-section-control\"><\/div><\/button><div  class=\"w-tabs-section-content\" id=\"content-m1e3\"><div class=\"w-tabs-section-content-h i-cf\"><div class=\"wpb_text_column\"><div class=\"wpb_wrapper\"><ul>\n<li>Capacidade: cerca de 11.000 espectadores<\/li>\n<li>Tipo de pra\u00e7a: 1.\u00aa categoria<\/li>\n<li>Forma: ligeiramente oval (\u00fanica em Espanha)<\/li>\n<li>Gest\u00e3o: Real Maestranza de Caballer\u00eda de Sevilla<\/li>\n<li>Localiza\u00e7\u00e3o: centro hist\u00f3rico de Sevilha, junto ao rio Guadalquivir<\/li>\n<li>Uso principal: corridas de touros e eventos culturais<\/li>\n<\/ul>\n<p>\ud83d\udc49 \u00c9 uma das pra\u00e7as mais exigentes para os toureiros e das mais prestigiadas a n\u00edvel mundial.<\/p>\n<\/div><\/div><\/div><\/div><\/div><div class=\"w-tabs-section\" id=\"i388\"><button class=\"w-tabs-section-header\" aria-controls=\"content-i388\" aria-expanded=\"false\"><div class=\"w-tabs-section-title\">Arquitetura<\/div><div class=\"w-tabs-section-control\"><\/div><\/button><div  class=\"w-tabs-section-content\" id=\"content-i388\"><div class=\"w-tabs-section-content-h i-cf\"><div class=\"wpb_text_column\"><div class=\"wpb_wrapper\"><p>A Pra\u00e7a de Touros de Sevilha destaca-se pelo seu elegante estilo barroco tardio, com uma fachada branca e detalhes em tons albero que refletem a ess\u00eancia andaluza.<\/p>\n<ul>\n<li>A sua estrutura apresenta elementos arquitet\u00f3nicos \u00fanicos:<\/li>\n<li>Bancadas perfeitamente integradas na sua forma oval<\/li>\n<li>Arcos e galerias tradicionais<\/li>\n<li>Camarotes hist\u00f3ricos com grande valor patrimonial<\/li>\n<li>Puerta del Pr\u00edncipe, uma das mais emblem\u00e1ticas da tauromaquia<\/li>\n<\/ul>\n<p>O conjunto arquitet\u00f3nico torna-a n\u00e3o s\u00f3 um recinto taurino, mas um aut\u00eantico monumento hist\u00f3rico da cidade.<\/p>\n<\/div><\/div><\/div><\/div><\/div><div class=\"w-tabs-section\" id=\"p501\"><button class=\"w-tabs-section-header\" aria-controls=\"content-p501\" aria-expanded=\"false\"><div class=\"w-tabs-section-title\">Eventos e espet\u00e1culos<\/div><div class=\"w-tabs-section-control\"><\/div><\/button><div  class=\"w-tabs-section-content\" id=\"content-p501\"><div class=\"w-tabs-section-content-h i-cf\"><div class=\"wpb_text_column\"><div class=\"wpb_wrapper\"><p>La Maestranza \u00e9 o epicentro da temporada taurina em Sevilha, com eventos de destaque como:<\/p>\n<ul>\n<li>Feira de Abril de Sevilha (evento principal do ano)<\/li>\n<li>Corridas durante a temporada taurina<\/li>\n<li>Novilhadas e festejos especiais<\/li>\n<li>Eventos culturais e visitas guiadas<\/li>\n<\/ul>\n<p>Durante a Feira de Abril, a pra\u00e7a re\u00fane os toureiros mais importantes do momento, tornando-se um dos palcos mais relevantes do mundo taurino.<\/p>\n<\/div><\/div><\/div><\/div><\/div><\/div><\/div><\/div><\/div><\/div><\/div><\/section><section class=\"l-section wpb_row height_medium\"><div class=\"l-section-h i-cf\"><div class=\"g-cols vc_row via_grid cols_1 laptops-cols_inherit tablets-cols_inherit mobiles-cols_1 valign_top type_default stacking_default\"><div class=\"wpb_column vc_column_container\"><div class=\"vc_column-inner\"><div class=\"wpb_text_column\"><div class=\"wpb_wrapper\"><h2 style=\"text-align: center;\">Perguntas frequentes<\/h2>\n<\/div><\/div><div class=\"w-separator size_medium\"><\/div><div class=\"w-tabs style_default switch_click accordion has_scrolling\" style=\"--sections-title-size:inherit\"><div class=\"w-tabs-sections titles-align_none icon_chevron cpos_right\"><div class=\"w-tabs-section\" id=\"i30f\"><button class=\"w-tabs-section-header\" aria-controls=\"content-i30f\" aria-expanded=\"false\"><div class=\"w-tabs-section-title\">Onde comprar bilhetes para a Pra\u00e7a de Touros de Sevilha?<\/div><div class=\"w-tabs-section-control\"><\/div><\/button><div  class=\"w-tabs-section-content\" id=\"content-i30f\"><div class=\"w-tabs-section-content-h i-cf\"><div class=\"wpb_text_column\"><div class=\"wpb_wrapper\"><p>Pode comprar bilhetes online de forma segura atrav\u00e9s deste site, evitando filas e garantindo o seu lugar para as corridas mais procuradas.<\/p>\n<\/div><\/div><\/div><\/div><\/div><div class=\"w-tabs-section\" id=\"h45c\"><button class=\"w-tabs-section-header\" aria-controls=\"content-h45c\" aria-expanded=\"false\"><div class=\"w-tabs-section-title\">Onde fica a Pra\u00e7a de Touros de Sevilha?<\/div><div class=\"w-tabs-section-control\"><\/div><\/button><div  class=\"w-tabs-section-content\" id=\"content-h45c\"><div class=\"w-tabs-section-content-h i-cf\"><div class=\"wpb_text_column\"><div class=\"wpb_wrapper\"><p>Fica no Paseo de Col\u00f3n, no centro hist\u00f3rico de Sevilha, muito perto da Catedral e do bairro do Arenal.<\/p>\n<\/div><\/div><\/div><\/div><\/div><div class=\"w-tabs-section\" id=\"e586\"><button class=\"w-tabs-section-header\" aria-controls=\"content-e586\" aria-expanded=\"false\"><div class=\"w-tabs-section-title\">Como chegar \u00e0 Maestranza?<\/div><div class=\"w-tabs-section-control\"><\/div><\/button><div  class=\"w-tabs-section-content\" id=\"content-e586\"><div class=\"w-tabs-section-content-h i-cf\"><div class=\"wpb_text_column\"><div class=\"wpb_wrapper\"><p>Pode aceder-se facilmente a p\u00e9 a partir do centro, de transportes p\u00fablicos ou de t\u00e1xi. \u00c9 uma zona muito bem servida de acessos.<\/p>\n<\/div><\/div><\/div><\/div><\/div><div class=\"w-tabs-section\" id=\"j6a2\"><button class=\"w-tabs-section-header\" aria-controls=\"content-j6a2\" aria-expanded=\"false\"><div class=\"w-tabs-section-title\">Quantas pessoas cabem na pra\u00e7a?<\/div><div class=\"w-tabs-section-control\"><\/div><\/button><div  class=\"w-tabs-section-content\" id=\"content-j6a2\"><div class=\"w-tabs-section-content-h i-cf\"><div class=\"wpb_text_column\"><div class=\"wpb_wrapper\"><p>A capacidade aproximada \u00e9 de cerca de 11.000 espectadores.<\/p>\n<\/div><\/div><\/div><\/div><\/div><div class=\"w-tabs-section\" id=\"t7d3\"><button class=\"w-tabs-section-header\" aria-controls=\"content-t7d3\" aria-expanded=\"false\"><div class=\"w-tabs-section-title\">Quando se realizam corridas em Sevilha?<\/div><div class=\"w-tabs-section-control\"><\/div><\/button><div  class=\"w-tabs-section-content\" id=\"content-t7d3\"><div class=\"w-tabs-section-content-h i-cf\"><div class=\"wpb_text_column\"><div class=\"wpb_wrapper\"><p>Principalmente durante a Feira de Abril, embora tamb\u00e9m haja festejos noutras datas assinaladas do calend\u00e1rio taurino.<\/p>\n<\/div><\/div><\/div><\/div><\/div><div class=\"w-tabs-section\" id=\"s8f7\"><button class=\"w-tabs-section-header\" aria-controls=\"content-s8f7\" aria-expanded=\"false\"><div class=\"w-tabs-section-title\">Que toureiros atuam na Maestranza?<\/div><div class=\"w-tabs-section-control\"><\/div><\/button><div  class=\"w-tabs-section-content\" id=\"content-s8f7\"><div class=\"w-tabs-section-content-h i-cf\"><div class=\"wpb_text_column\"><div class=\"wpb_wrapper\"><p>Atuam as principais figuras da tauromaquia nacional e internacional, sendo uma das pra\u00e7as mais prestigiadas do mundo.<\/p>\n<\/div><\/div><\/div><\/div><\/div><div class=\"w-tabs-section\" id=\"oa0f\"><button class=\"w-tabs-section-header\" aria-controls=\"content-oa0f\" aria-expanded=\"false\"><div class=\"w-tabs-section-title\">Quanto dura uma corrida de touros?<\/div><div class=\"w-tabs-section-control\"><\/div><\/button><div  class=\"w-tabs-section-content\" id=\"content-oa0f\"><div class=\"w-tabs-section-content-h i-cf\"><div class=\"wpb_text_column\"><div class=\"wpb_wrapper\"><p>Costuma durar entre 2 e 3 horas, aproximadamente.<\/p>\n<\/div><\/div><\/div><\/div><\/div><\/div><\/div><\/div><\/div><\/div><\/div><\/section>\n","protected":false},"excerpt":{"rendered":"Bilhetes para touradas Sevilha 2026: Feira de Abril e S\u00e3o Miguel na Maestranza As touradas em Sevilha 2026 voltam a colocar a Real Maestranza como um dos epicentros mundiais da tauromaquia. A temporada taurina sevilhana combina tradi\u00e7\u00e3o, figuras de primeiro n\u00edvel e uma procura crescente tanto de aficionados como de turismo internacional. Se procura bilhetes...","protected":false},"author":2,"featured_media":0,"parent":0,"menu_order":0,"comment_status":"closed","ping_status":"closed","template":"","meta":{"footnotes":""},"class_list":["post-3591","page","type-page","status-publish","hentry"],"yoast_head":"<!-- This site is optimized with the Yoast SEO plugin v27.4 - https:\/\/yoast.com\/product\/yoast-seo-wordpress\/ -->\n<title>Pra\u00e7a de Touros de Sevilha | Bilhetes La Maestranza<\/title>\n<meta name=\"description\" content=\"Bilhetes para a Pra\u00e7a de Touros de Sevilha. Descubra todos os eventos taurinos da pra\u00e7a de touros de Sevilha e a Feira de Abril.\" \/>\n<meta name=\"robots\" content=\"index, follow, max-snippet:-1, max-image-preview:large, max-video-preview:-1\" \/>\n<link rel=\"canonical\" href=\"https:\/\/plazatorossevilla.com\/pt-pt\/\" \/>\n<meta property=\"og:locale\" content=\"pt_PT\" \/>\n<meta property=\"og:type\" content=\"article\" \/>\n<meta property=\"og:title\" content=\"Pra\u00e7a de Touros de Sevilha | Bilhetes La Maestranza\" \/>\n<meta property=\"og:description\" content=\"Bilhetes para a Pra\u00e7a de Touros de Sevilha. Descubra todos os eventos taurinos da pra\u00e7a de touros de Sevilha e a Feira de Abril.\" \/>\n<meta property=\"og:url\" content=\"https:\/\/plazatorossevilla.com\/pt-pt\/\" \/>\n<meta property=\"og:site_name\" content=\"Plaza Toros Sevilla\" \/>\n<meta property=\"article:modified_time\" content=\"2026-04-20T14:42:26+00:00\" \/>\n<meta name=\"twitter:card\" content=\"summary_large_image\" \/>\n<meta name=\"twitter:label1\" content=\"Tempo estimado de leitura\" \/>\n\t<meta name=\"twitter:data1\" content=\"4 minutos\" \/>\n<script type=\"application\/ld+json\" class=\"yoast-schema-graph\">{\"@context\":\"https:\\\/\\\/schema.org\",\"@graph\":[{\"@type\":\"WebPage\",\"@id\":\"https:\\\/\\\/plazatorossevilla.com\\\/pt-pt\\\/\",\"url\":\"https:\\\/\\\/plazatorossevilla.com\\\/pt-pt\\\/\",\"name\":\"Pra\u00e7a de Touros de Sevilha | Bilhetes La Maestranza\",\"isPartOf\":{\"@id\":\"https:\\\/\\\/plazatorossevilla.com\\\/pt-pt\\\/#website\"},\"datePublished\":\"2026-03-18T15:03:26+00:00\",\"dateModified\":\"2026-04-20T14:42:26+00:00\",\"description\":\"Bilhetes para a Pra\u00e7a de Touros de Sevilha. Descubra todos os eventos taurinos da pra\u00e7a de touros de Sevilha e a Feira de Abril.\",\"breadcrumb\":{\"@id\":\"https:\\\/\\\/plazatorossevilla.com\\\/pt-pt\\\/#breadcrumb\"},\"inLanguage\":\"pt-PT\",\"potentialAction\":[{\"@type\":\"ReadAction\",\"target\":[\"https:\\\/\\\/plazatorossevilla.com\\\/pt-pt\\\/\"]}]},{\"@type\":\"BreadcrumbList\",\"@id\":\"https:\\\/\\\/plazatorossevilla.com\\\/pt-pt\\\/#breadcrumb\",\"itemListElement\":[{\"@type\":\"ListItem\",\"position\":1,\"name\":\"Portada\",\"item\":\"https:\\\/\\\/plazatorossevilla.com\\\/pt-pt\\\/\"},{\"@type\":\"ListItem\",\"position\":2,\"name\":\"In\u00edcio\"}]},{\"@type\":\"WebSite\",\"@id\":\"https:\\\/\\\/plazatorossevilla.com\\\/pt-pt\\\/#website\",\"url\":\"https:\\\/\\\/plazatorossevilla.com\\\/pt-pt\\\/\",\"name\":\"Plaza Toros Sevilla\",\"description\":\"Entradas a corridas de toros en Sevilla, Plaza de Toros La Maestranza\",\"publisher\":{\"@id\":\"https:\\\/\\\/plazatorossevilla.com\\\/pt-pt\\\/#organization\"},\"potentialAction\":[{\"@type\":\"SearchAction\",\"target\":{\"@type\":\"EntryPoint\",\"urlTemplate\":\"https:\\\/\\\/plazatorossevilla.com\\\/pt-pt\\\/?s={search_term_string}\"},\"query-input\":{\"@type\":\"PropertyValueSpecification\",\"valueRequired\":true,\"valueName\":\"search_term_string\"}}],\"inLanguage\":\"pt-PT\"},{\"@type\":\"Organization\",\"@id\":\"https:\\\/\\\/plazatorossevilla.com\\\/pt-pt\\\/#organization\",\"name\":\"Plaza Toros Sevilla\",\"url\":\"https:\\\/\\\/plazatorossevilla.com\\\/pt-pt\\\/\",\"logo\":{\"@type\":\"ImageObject\",\"inLanguage\":\"pt-PT\",\"@id\":\"https:\\\/\\\/plazatorossevilla.com\\\/pt-pt\\\/#\\\/schema\\\/logo\\\/image\\\/\",\"url\":\"https:\\\/\\\/plazatorossevilla.com\\\/wp-content\\\/uploads\\\/2026\\\/03\\\/Logo-plaza-toros-sevilla.webp\",\"contentUrl\":\"https:\\\/\\\/plazatorossevilla.com\\\/wp-content\\\/uploads\\\/2026\\\/03\\\/Logo-plaza-toros-sevilla.webp\",\"width\":286,\"height\":200,\"caption\":\"Plaza Toros Sevilla\"},\"image\":{\"@id\":\"https:\\\/\\\/plazatorossevilla.com\\\/pt-pt\\\/#\\\/schema\\\/logo\\\/image\\\/\"}}]}<\/script>\n<!-- \/ Yoast SEO plugin. -->","yoast_head_json":{"title":"Pra\u00e7a de Touros de Sevilha | Bilhetes La Maestranza","description":"Bilhetes para a Pra\u00e7a de Touros de Sevilha. Descubra todos os eventos taurinos da pra\u00e7a de touros de Sevilha e a Feira de Abril.","robots":{"index":"index","follow":"follow","max-snippet":"max-snippet:-1","max-image-preview":"max-image-preview:large","max-video-preview":"max-video-preview:-1"},"canonical":"https:\/\/plazatorossevilla.com\/pt-pt\/","og_locale":"pt_PT","og_type":"article","og_title":"Pra\u00e7a de Touros de Sevilha | Bilhetes La Maestranza","og_description":"Bilhetes para a Pra\u00e7a de Touros de Sevilha. Descubra todos os eventos taurinos da pra\u00e7a de touros de Sevilha e a Feira de Abril.","og_url":"https:\/\/plazatorossevilla.com\/pt-pt\/","og_site_name":"Plaza Toros Sevilla","article_modified_time":"2026-04-20T14:42:26+00:00","twitter_card":"summary_large_image","twitter_misc":{"Tempo estimado de leitura":"4 minutos"},"schema":{"@context":"https:\/\/schema.org","@graph":[{"@type":"WebPage","@id":"https:\/\/plazatorossevilla.com\/pt-pt\/","url":"https:\/\/plazatorossevilla.com\/pt-pt\/","name":"Pra\u00e7a de Touros de Sevilha | Bilhetes La Maestranza","isPartOf":{"@id":"https:\/\/plazatorossevilla.com\/pt-pt\/#website"},"datePublished":"2026-03-18T15:03:26+00:00","dateModified":"2026-04-20T14:42:26+00:00","description":"Bilhetes para a Pra\u00e7a de Touros de Sevilha. Descubra todos os eventos taurinos da pra\u00e7a de touros de Sevilha e a Feira de Abril.","breadcrumb":{"@id":"https:\/\/plazatorossevilla.com\/pt-pt\/#breadcrumb"},"inLanguage":"pt-PT","potentialAction":[{"@type":"ReadAction","target":["https:\/\/plazatorossevilla.com\/pt-pt\/"]}]},{"@type":"BreadcrumbList","@id":"https:\/\/plazatorossevilla.com\/pt-pt\/#breadcrumb","itemListElement":[{"@type":"ListItem","position":1,"name":"Portada","item":"https:\/\/plazatorossevilla.com\/pt-pt\/"},{"@type":"ListItem","position":2,"name":"In\u00edcio"}]},{"@type":"WebSite","@id":"https:\/\/plazatorossevilla.com\/pt-pt\/#website","url":"https:\/\/plazatorossevilla.com\/pt-pt\/","name":"Plaza Toros Sevilla","description":"Entradas a corridas de toros en Sevilla, Plaza de Toros La Maestranza","publisher":{"@id":"https:\/\/plazatorossevilla.com\/pt-pt\/#organization"},"potentialAction":[{"@type":"SearchAction","target":{"@type":"EntryPoint","urlTemplate":"https:\/\/plazatorossevilla.com\/pt-pt\/?s={search_term_string}"},"query-input":{"@type":"PropertyValueSpecification","valueRequired":true,"valueName":"search_term_string"}}],"inLanguage":"pt-PT"},{"@type":"Organization","@id":"https:\/\/plazatorossevilla.com\/pt-pt\/#organization","name":"Plaza Toros Sevilla","url":"https:\/\/plazatorossevilla.com\/pt-pt\/","logo":{"@type":"ImageObject","inLanguage":"pt-PT","@id":"https:\/\/plazatorossevilla.com\/pt-pt\/#\/schema\/logo\/image\/","url":"https:\/\/plazatorossevilla.com\/wp-content\/uploads\/2026\/03\/Logo-plaza-toros-sevilla.webp","contentUrl":"https:\/\/plazatorossevilla.com\/wp-content\/uploads\/2026\/03\/Logo-plaza-toros-sevilla.webp","width":286,"height":200,"caption":"Plaza Toros Sevilla"},"image":{"@id":"https:\/\/plazatorossevilla.com\/pt-pt\/#\/schema\/logo\/image\/"}}]}},"_links":{"self":[{"href":"https:\/\/plazatorossevilla.com\/pt-pt\/wp-json\/wp\/v2\/pages\/3591","targetHints":{"allow":["GET"]}}],"collection":[{"href":"https:\/\/plazatorossevilla.com\/pt-pt\/wp-json\/wp\/v2\/pages"}],"about":[{"href":"https:\/\/plazatorossevilla.com\/pt-pt\/wp-json\/wp\/v2\/types\/page"}],"author":[{"embeddable":true,"href":"https:\/\/plazatorossevilla.com\/pt-pt\/wp-json\/wp\/v2\/users\/2"}],"replies":[{"embeddable":true,"href":"https:\/\/plazatorossevilla.com\/pt-pt\/wp-json\/wp\/v2\/comments?post=3591"}],"version-history":[{"count":9,"href":"https:\/\/plazatorossevilla.com\/pt-pt\/wp-json\/wp\/v2\/pages\/3591\/revisions"}],"predecessor-version":[{"id":3967,"href":"https:\/\/plazatorossevilla.com\/pt-pt\/wp-json\/wp\/v2\/pages\/3591\/revisions\/3967"}],"wp:attachment":[{"href":"https:\/\/plazatorossevilla.com\/pt-pt\/wp-json\/wp\/v2\/media?parent=3591"}],"curies":[{"name":"wp","href":"https:\/\/api.w.org\/{rel}","templated":true}]}}