{"id":3581,"date":"2026-03-18T15:41:26","date_gmt":"2026-03-18T15:41:26","guid":{"rendered":"https:\/\/plazatorossevilla.com\/sobre-a-praca-de-touros\/"},"modified":"2026-04-20T14:09:39","modified_gmt":"2026-04-20T14:09:39","slug":"sobre-a-praca-de-touros","status":"publish","type":"page","link":"https:\/\/plazatorossevilla.com\/pt-pt\/sobre-a-praca-de-touros\/","title":{"rendered":"Sobre a pra\u00e7a de touros"},"content":{"rendered":"<section class=\"l-section wpb_row height_medium with_img\"><div class=\"l-section-img\" role=\"img\" aria-label=\"Pra\u00e7a de touros La Maestranza\" data-img-width=\"1920\" data-img-height=\"1080\" style=\"background-image: url(https:\/\/plazatorossevilla.com\/wp-content\/uploads\/2026\/03\/Plaza-de-toros-sevilla.webp);\"><\/div><div class=\"l-section-h i-cf\"><div class=\"g-cols vc_row via_grid cols_1 laptops-cols_inherit tablets-cols_inherit mobiles-cols_1 valign_top type_default stacking_default\"><div class=\"wpb_column vc_column_container\"><div class=\"vc_column-inner\"><div class=\"wpb_text_column\"><div class=\"wpb_wrapper\"><h1 class=\"w-text us_custom_eb849559\" style=\"text-align: center;\"><span class=\"w-text-h\"><span class=\"w-text-value\">Informa\u00e7\u00e3o sobre a pra\u00e7a de touros de Sevilha<\/span><\/span><\/h1>\n<\/div><\/div><\/div><\/div><\/div><\/div><\/section><section class=\"l-section wpb_row height_medium\"><div class=\"l-section-h i-cf\"><div class=\"g-cols vc_row via_grid cols_1 laptops-cols_inherit tablets-cols_inherit mobiles-cols_1 valign_top type_default stacking_default\"><div class=\"wpb_column vc_column_container\"><div class=\"vc_column-inner\"><div class=\"wpb_text_column\"><div class=\"wpb_wrapper\"><p>Bem-vindos \u00e0 Pra\u00e7a de Touros de Sevilha, um local emblem\u00e1tico que n\u00e3o s\u00f3 faz parte fundamental da tradi\u00e7\u00e3o taurina andaluza, como tamb\u00e9m representa um dos grandes s\u00edmbolos hist\u00f3ricos e culturais da cidade. Nesta p\u00e1gina, convidamo-lo a descobrir as caracter\u00edsticas \u00fanicas da Real Maestranza, a sua hist\u00f3ria repleta de tradi\u00e7\u00e3o e legado, e os acontecimentos que a tornaram uma refer\u00eancia imprescind\u00edvel para os aficionados da tauromaquia e para quem deseja conhecer a ess\u00eancia mais aut\u00eantica de Sevilha.<\/p>\n<\/div><\/div><\/div><\/div><\/div><\/div><\/section><section class=\"l-section wpb_row height_medium\"><div class=\"l-section-h i-cf\"><div class=\"g-cols vc_row via_grid cols_2-1 laptops-cols_inherit tablets-cols_inherit mobiles-cols_1 valign_middle type_default reversed stacking_default\"><div class=\"wpb_column vc_column_container us_custom_7e20fa79 us_animate_this stretched\"><div class=\"vc_column-inner\"><div class=\"w-image us_custom_5e8a7298 style_shadow-1 align_center\"><div class=\"w-image-h\"><img decoding=\"async\" width=\"1024\" height=\"576\" src=\"https:\/\/plazatorossevilla.com\/wp-content\/uploads\/2026\/03\/Plaza-de-toros-de-sevilla-1024x576.webp\" class=\"attachment-large size-large\" alt=\"Pra\u00e7a de touros maestranza sevilha\" loading=\"lazy\" srcset=\"https:\/\/plazatorossevilla.com\/wp-content\/uploads\/2026\/03\/Plaza-de-toros-de-sevilla-1024x576.webp 1024w, https:\/\/plazatorossevilla.com\/wp-content\/uploads\/2026\/03\/Plaza-de-toros-de-sevilla-300x169.webp 300w, https:\/\/plazatorossevilla.com\/wp-content\/uploads\/2026\/03\/Plaza-de-toros-de-sevilla-600x338.webp 600w, https:\/\/plazatorossevilla.com\/wp-content\/uploads\/2026\/03\/Plaza-de-toros-de-sevilla.webp 1244w\" sizes=\"auto, (max-width: 1024px) 100vw, 1024px\" \/><\/div><\/div><\/div><\/div><div class=\"wpb_column vc_column_container us_custom_47474b22 us_animate_this\"><div class=\"vc_column-inner\"><div class=\"wpb_text_column\"><div class=\"wpb_wrapper\"><h3>Origens da pra\u00e7a<\/h3>\n<p data-start=\"25\" data-end=\"432\">A Pra\u00e7a de Touros de Sevilha, conhecida como a Real Maestranza de Caballer\u00eda, tem as suas origens no s\u00e9culo XVIII, quando a institui\u00e7\u00e3o nobili\u00e1rquica impulsionou a constru\u00e7\u00e3o de um espa\u00e7o permanente dedicado \u00e0 celebra\u00e7\u00e3o de festejos taurinos. As obras come\u00e7aram no ano de 1733 e desenvolveram-se de forma progressiva durante mais de um s\u00e9culo, at\u00e9 completar a estrutura que conhecemos atualmente. <\/p>\n<p data-start=\"434\" data-end=\"878\" data-is-last-node=\"\" data-is-only-node=\"\">A cria\u00e7\u00e3o desta pra\u00e7a respondeu ao desejo de consolidar a tauromaquia como uma das principais express\u00f5es culturais da cidade, numa altura em que Sevilha j\u00e1 se destacava como um dos grandes centros sociais e art\u00edsticos de Espanha. Desde o in\u00edcio, a Maestranza foi concebida como um local onde tradi\u00e7\u00e3o, arte e espet\u00e1culo se uniam, tornando-se, com o tempo, um dos palcos mais importantes do mundo taurino. <\/p>\n<\/div><\/div><\/div><\/div><\/div><\/div><\/section><section class=\"l-section wpb_row height_medium\"><div class=\"l-section-h i-cf\"><div class=\"g-cols vc_row via_grid cols_1 laptops-cols_inherit tablets-cols_inherit mobiles-cols_1 valign_top type_default stacking_default\"><div class=\"wpb_column vc_column_container\"><div class=\"vc_column-inner\"><div class=\"wpb_text_column\"><div class=\"wpb_wrapper\"><h2 class=\"w-text\"><span class=\"w-text-h\"><span class=\"w-text-value\">Arquitetura e design<\/span><\/span><\/h2>\n<\/div><\/div><div class=\"w-separator size_medium\"><\/div><div class=\"w-tabs layout_ver navwidth_auto navpos_left style_trendy switch_click has_scrolling\" style=\"--sections-title-size:1.5rem\"><div class=\"w-tabs-list items_3 align_none\" style=\"font-family:var(--h1-font-family);text-transform:uppercase;line-height:1;\"><div class=\"w-tabs-list-h\"><button class=\"w-tabs-item active\" aria-controls=\"content-g0de\" aria-expanded=\"false\"><span class=\"w-tabs-item-title\">Caracter\u00edsticas<\/span><\/button><button class=\"w-tabs-item\" aria-controls=\"content-j980\" aria-expanded=\"false\"><span class=\"w-tabs-item-title\">Lota\u00e7\u00e3o<\/span><\/button><button class=\"w-tabs-item\" aria-controls=\"content-y236\" aria-expanded=\"false\"><span class=\"w-tabs-item-title\">Outros espa\u00e7os<\/span><\/button><\/div><\/div><div class=\"w-tabs-sections titles-align_none icon_chevron cpos_right\"><div class=\"w-tabs-section active\" id=\"g0de\"><button class=\"w-tabs-section-header active\" aria-controls=\"content-g0de\" aria-expanded=\"true\"><div class=\"w-tabs-section-title\">Caracter\u00edsticas<\/div><div class=\"w-tabs-section-control\"><\/div><\/button><div  class=\"w-tabs-section-content\" id=\"content-g0de\"><div class=\"w-tabs-section-content-h i-cf\"><div class=\"g-cols wpb_row via_grid cols_2 laptops-cols_inherit tablets-cols_inherit mobiles-cols_1 valign_middle type_default stacking_default\" style=\"--columns-gap:3rem;\"><div class=\"wpb_column vc_column_container\"><div class=\"vc_column-inner\"><div class=\"w-image align_none\"><div class=\"w-image-h\"><img decoding=\"async\" width=\"600\" height=\"600\" src=\"https:\/\/plazatorossevilla.com\/wp-content\/uploads\/2026\/03\/vista-aerea-maestranza.webp\" class=\"attachment-large size-large\" alt=\"vista aerea plaza toros sevilla\" loading=\"lazy\" srcset=\"https:\/\/plazatorossevilla.com\/wp-content\/uploads\/2026\/03\/vista-aerea-maestranza.webp 600w, https:\/\/plazatorossevilla.com\/wp-content\/uploads\/2026\/03\/vista-aerea-maestranza-300x300.webp 300w, https:\/\/plazatorossevilla.com\/wp-content\/uploads\/2026\/03\/vista-aerea-maestranza-150x150.webp 150w\" sizes=\"auto, (max-width: 600px) 100vw, 600px\" \/><\/div><\/div><\/div><\/div><div class=\"wpb_column vc_column_container\"><div class=\"vc_column-inner\"><div class=\"wpb_text_column\"><div class=\"wpb_wrapper\"><p>A Pra\u00e7a de Touros de Sevilha destaca-se pelo seu singular design arquitet\u00f3nico, caracterizado por uma forma el\u00edptica irregular que a diferencia do resto das pra\u00e7as de touros em Espanha. A sua arena, coberta de albero, oferece uma grande visibilidade a partir de praticamente qualquer ponto do recinto, tornando-a um espa\u00e7o \u00fanico para o desenvolvimento do espet\u00e1culo taurino. <\/p>\n<p>As bancadas distribuem-se de forma escalonada, juntamente com tendidos, camarotes e barreiras que garantem uma experi\u00eancia \u00f3tima para os assistentes. Quanto \u00e0 est\u00e9tica, a fachada combina elementos pr\u00f3prios do estilo barroco andaluz, com arcos de volta perfeita, varandas e detalhes ornamentais, predominando as cores branco e albero que refor\u00e7am a sua identidade tradicional.<\/p>\n<\/div><\/div><\/div><\/div><\/div><\/div><\/div><\/div><div class=\"w-tabs-section\" id=\"j980\"><button class=\"w-tabs-section-header\" aria-controls=\"content-j980\" aria-expanded=\"false\"><div class=\"w-tabs-section-title\">Lota\u00e7\u00e3o<\/div><div class=\"w-tabs-section-control\"><\/div><\/button><div  class=\"w-tabs-section-content\" id=\"content-j980\"><div class=\"w-tabs-section-content-h i-cf\"><div class=\"g-cols wpb_row via_grid cols_2 laptops-cols_inherit tablets-cols_inherit mobiles-cols_1 valign_middle type_default stacking_default\" style=\"--columns-gap:3rem;\"><div class=\"wpb_column vc_column_container\"><div class=\"vc_column-inner\"><div class=\"w-image align_none\"><div class=\"w-image-h\"><img decoding=\"async\" width=\"600\" height=\"600\" src=\"https:\/\/plazatorossevilla.com\/wp-content\/uploads\/2026\/03\/capacidad-plaza-toros-sevilla.webp\" class=\"attachment-large size-large\" alt=\"capacidad plaza toros maestranza\" loading=\"lazy\" srcset=\"https:\/\/plazatorossevilla.com\/wp-content\/uploads\/2026\/03\/capacidad-plaza-toros-sevilla.webp 600w, https:\/\/plazatorossevilla.com\/wp-content\/uploads\/2026\/03\/capacidad-plaza-toros-sevilla-300x300.webp 300w, https:\/\/plazatorossevilla.com\/wp-content\/uploads\/2026\/03\/capacidad-plaza-toros-sevilla-150x150.webp 150w\" sizes=\"auto, (max-width: 600px) 100vw, 600px\" \/><\/div><\/div><\/div><\/div><div class=\"wpb_column vc_column_container\"><div class=\"vc_column-inner\"><div class=\"wpb_text_column\"><div class=\"wpb_wrapper\"><p>A Pra\u00e7a de Touros de Sevilha tem uma lota\u00e7\u00e3o aproximada entre 11.000 e 12.500 espectadores. O seu design mant\u00e9m as linhas e a est\u00e9tica tradicionais andaluzas, com uma estrutura pensada para oferecer uma excelente visibilidade a partir da maioria dos lugares. <\/p>\n<p>Destacam-se os seus amplos tendidos, a distribui\u00e7\u00e3o de bancadas e camarotes, bem como uma configura\u00e7\u00e3o que permite desfrutar do espet\u00e1culo com grande proximidade, refor\u00e7ando a experi\u00eancia do p\u00fablico num dos cosos mais emblem\u00e1ticos do mundo taurino.<\/p>\n<\/div><\/div><\/div><\/div><\/div><\/div><\/div><\/div><div class=\"w-tabs-section\" id=\"y236\"><button class=\"w-tabs-section-header\" aria-controls=\"content-y236\" aria-expanded=\"false\"><div class=\"w-tabs-section-title\">Outros espa\u00e7os<\/div><div class=\"w-tabs-section-control\"><\/div><\/button><div  class=\"w-tabs-section-content\" id=\"content-y236\"><div class=\"w-tabs-section-content-h i-cf\"><div class=\"g-cols wpb_row via_grid cols_2 laptops-cols_inherit tablets-cols_inherit mobiles-cols_1 valign_middle type_default stacking_default\" style=\"--columns-gap:3rem;\"><div class=\"wpb_column vc_column_container\"><div class=\"vc_column-inner\"><div class=\"w-image align_none\"><div class=\"w-image-h\"><img decoding=\"async\" width=\"600\" height=\"600\" src=\"https:\/\/plazatorossevilla.com\/wp-content\/uploads\/2026\/03\/Cuadra-de-picadores.webp\" class=\"attachment-large size-large\" alt=\"\" loading=\"lazy\" srcset=\"https:\/\/plazatorossevilla.com\/wp-content\/uploads\/2026\/03\/Cuadra-de-picadores.webp 600w, https:\/\/plazatorossevilla.com\/wp-content\/uploads\/2026\/03\/Cuadra-de-picadores-300x300.webp 300w, https:\/\/plazatorossevilla.com\/wp-content\/uploads\/2026\/03\/Cuadra-de-picadores-150x150.webp 150w\" sizes=\"auto, (max-width: 600px) 100vw, 600px\" \/><\/div><\/div><\/div><\/div><div class=\"wpb_column vc_column_container\"><div class=\"vc_column-inner\"><div class=\"wpb_text_column\"><div class=\"wpb_wrapper\"><p>A pra\u00e7a disp\u00f5e de v\u00e1rios acessos que facilitam a entrada e sa\u00edda do p\u00fablico, bem como de servi\u00e7os essenciais, como casas de banho, zonas de assist\u00eancia sanit\u00e1ria e diferentes espa\u00e7os adaptados para os assistentes. Al\u00e9m disso, conta com depend\u00eancias internas pr\u00f3prias da atividade taurina, como currais e enfermaria. <\/p>\n<p>Concebida principalmente para a realiza\u00e7\u00e3o de corridas de touros, a Real Maestranza tamb\u00e9m acolhe visitas culturais e atividades relacionadas com a divulga\u00e7\u00e3o da tauromaquia. Embora o seu uso principal seja taurino, destaca-se pelo seu valor hist\u00f3rico e por oferecer uma experi\u00eancia \u00fanica num ambiente de grande riqueza patrimonial.<\/p>\n<\/div><\/div><\/div><\/div><\/div><\/div><\/div><\/div><\/div><\/div><\/div><\/div><\/div><\/div><\/section><section class=\"l-section wpb_row height_medium\"><div class=\"l-section-h i-cf\"><div class=\"g-cols vc_row via_grid cols_1 laptops-cols_inherit tablets-cols_inherit mobiles-cols_1 valign_top type_default stacking_default\"><div class=\"wpb_column vc_column_container\"><div class=\"vc_column-inner\"><div class=\"wpb_text_column\"><div class=\"wpb_wrapper\"><h2>A pra\u00e7a de touros na atualidade<\/h2>\n<p>Atualmente, a Pra\u00e7a de Touros de Sevilha, conhecida como a Real Maestranza, continua a ser uma das principais refer\u00eancias da tauromaquia a n\u00edvel nacional e internacional. Em cada temporada, re\u00fane as figuras mais destacadas da tauromaquia, consolidando-se como um dos eventos mais importantes do calend\u00e1rio taurino. <\/p>\n<p>A sua atividade concentra-se especialmente durante a Feira de Abril e a Feira de San Miguel, momentos em que a cidade vive com maior intensidade a tradi\u00e7\u00e3o taurina. Al\u00e9m disso, a pra\u00e7a tornou-se um dos pontos tur\u00edsticos mais visitados de Sevilha, gra\u00e7as ao seu valor hist\u00f3rico, \u00e0 sua arquitetura e \u00e0 possibilidade de realizar visitas guiadas. <\/p>\n<p>Hoje em dia, a Maestranza combina tradi\u00e7\u00e3o e cultura, mantendo viva uma das marcas identit\u00e1rias mais representativas de Sevilha e oferecendo, tanto a aficionados como a visitantes, uma experi\u00eancia \u00fanica num ambiente emblem\u00e1tico.<\/p>\n<\/div><\/div><\/div><\/div><\/div><\/div><\/section>\n","protected":false},"excerpt":{"rendered":"Informa\u00e7\u00e3o sobre a pra\u00e7a de touros de Sevilha Bem-vindos \u00e0 Pra\u00e7a de Touros de Sevilha, um local emblem\u00e1tico que n\u00e3o s\u00f3 faz parte fundamental da tradi\u00e7\u00e3o taurina andaluza, como tamb\u00e9m representa um dos grandes s\u00edmbolos hist\u00f3ricos e culturais da cidade. Nesta p\u00e1gina, convidamo-lo a descobrir as caracter\u00edsticas \u00fanicas da Real Maestranza, a sua hist\u00f3ria repleta...","protected":false},"author":2,"featured_media":0,"parent":0,"menu_order":0,"comment_status":"closed","ping_status":"closed","template":"","meta":{"footnotes":""},"class_list":["post-3581","page","type-page","status-publish","hentry"],"yoast_head":"<!-- This site is optimized with the Yoast SEO plugin v27.4 - https:\/\/yoast.com\/product\/yoast-seo-wordpress\/ -->\n<title>Informa\u00e7\u00e3o sobre a Pra\u00e7a de Touros de Sevilha<\/title>\n<meta name=\"description\" content=\"Descubra curiosidades sobre a pra\u00e7a de touros La Maestranza de Sevilha | Lota\u00e7\u00e3o da pra\u00e7a, hist\u00f3ria e recantos secretos\" \/>\n<meta name=\"robots\" content=\"index, follow, max-snippet:-1, max-image-preview:large, max-video-preview:-1\" \/>\n<link rel=\"canonical\" href=\"https:\/\/plazatorossevilla.com\/pt-pt\/sobre-a-praca-de-touros\/\" \/>\n<meta property=\"og:locale\" content=\"pt_PT\" \/>\n<meta property=\"og:type\" content=\"article\" \/>\n<meta property=\"og:title\" content=\"Informa\u00e7\u00e3o sobre a Pra\u00e7a de Touros de Sevilha\" \/>\n<meta property=\"og:description\" content=\"Descubra curiosidades sobre a pra\u00e7a de touros La Maestranza de Sevilha | Lota\u00e7\u00e3o da pra\u00e7a, hist\u00f3ria e recantos secretos\" \/>\n<meta property=\"og:url\" content=\"https:\/\/plazatorossevilla.com\/pt-pt\/sobre-a-praca-de-touros\/\" \/>\n<meta property=\"og:site_name\" content=\"Plaza Toros Sevilla\" \/>\n<meta property=\"article:modified_time\" content=\"2026-04-20T14:09:39+00:00\" \/>\n<meta name=\"twitter:card\" content=\"summary_large_image\" \/>\n<meta name=\"twitter:label1\" content=\"Tempo estimado de leitura\" \/>\n\t<meta name=\"twitter:data1\" content=\"5 minutos\" \/>\n<script type=\"application\/ld+json\" class=\"yoast-schema-graph\">{\"@context\":\"https:\\\/\\\/schema.org\",\"@graph\":[{\"@type\":\"WebPage\",\"@id\":\"https:\\\/\\\/plazatorossevilla.com\\\/pt-pt\\\/sobre-a-praca-de-touros\\\/\",\"url\":\"https:\\\/\\\/plazatorossevilla.com\\\/pt-pt\\\/sobre-a-praca-de-touros\\\/\",\"name\":\"Informa\u00e7\u00e3o sobre a Pra\u00e7a de Touros de Sevilha\",\"isPartOf\":{\"@id\":\"https:\\\/\\\/plazatorossevilla.com\\\/pt-pt\\\/#website\"},\"datePublished\":\"2026-03-18T15:41:26+00:00\",\"dateModified\":\"2026-04-20T14:09:39+00:00\",\"description\":\"Descubra curiosidades sobre a pra\u00e7a de touros La Maestranza de Sevilha | Lota\u00e7\u00e3o da pra\u00e7a, hist\u00f3ria e recantos secretos\",\"breadcrumb\":{\"@id\":\"https:\\\/\\\/plazatorossevilla.com\\\/pt-pt\\\/sobre-a-praca-de-touros\\\/#breadcrumb\"},\"inLanguage\":\"pt-PT\",\"potentialAction\":[{\"@type\":\"ReadAction\",\"target\":[\"https:\\\/\\\/plazatorossevilla.com\\\/pt-pt\\\/sobre-a-praca-de-touros\\\/\"]}]},{\"@type\":\"BreadcrumbList\",\"@id\":\"https:\\\/\\\/plazatorossevilla.com\\\/pt-pt\\\/sobre-a-praca-de-touros\\\/#breadcrumb\",\"itemListElement\":[{\"@type\":\"ListItem\",\"position\":1,\"name\":\"Portada\",\"item\":\"https:\\\/\\\/plazatorossevilla.com\\\/pt-pt\\\/\"},{\"@type\":\"ListItem\",\"position\":2,\"name\":\"Sobre a pra\u00e7a de touros\"}]},{\"@type\":\"WebSite\",\"@id\":\"https:\\\/\\\/plazatorossevilla.com\\\/pt-pt\\\/#website\",\"url\":\"https:\\\/\\\/plazatorossevilla.com\\\/pt-pt\\\/\",\"name\":\"Plaza Toros Sevilla\",\"description\":\"Entradas a corridas de toros en Sevilla, Plaza de Toros La Maestranza\",\"publisher\":{\"@id\":\"https:\\\/\\\/plazatorossevilla.com\\\/pt-pt\\\/#organization\"},\"potentialAction\":[{\"@type\":\"SearchAction\",\"target\":{\"@type\":\"EntryPoint\",\"urlTemplate\":\"https:\\\/\\\/plazatorossevilla.com\\\/pt-pt\\\/?s={search_term_string}\"},\"query-input\":{\"@type\":\"PropertyValueSpecification\",\"valueRequired\":true,\"valueName\":\"search_term_string\"}}],\"inLanguage\":\"pt-PT\"},{\"@type\":\"Organization\",\"@id\":\"https:\\\/\\\/plazatorossevilla.com\\\/pt-pt\\\/#organization\",\"name\":\"Plaza Toros Sevilla\",\"url\":\"https:\\\/\\\/plazatorossevilla.com\\\/pt-pt\\\/\",\"logo\":{\"@type\":\"ImageObject\",\"inLanguage\":\"pt-PT\",\"@id\":\"https:\\\/\\\/plazatorossevilla.com\\\/pt-pt\\\/#\\\/schema\\\/logo\\\/image\\\/\",\"url\":\"https:\\\/\\\/plazatorossevilla.com\\\/wp-content\\\/uploads\\\/2026\\\/03\\\/Logo-plaza-toros-sevilla.webp\",\"contentUrl\":\"https:\\\/\\\/plazatorossevilla.com\\\/wp-content\\\/uploads\\\/2026\\\/03\\\/Logo-plaza-toros-sevilla.webp\",\"width\":286,\"height\":200,\"caption\":\"Plaza Toros Sevilla\"},\"image\":{\"@id\":\"https:\\\/\\\/plazatorossevilla.com\\\/pt-pt\\\/#\\\/schema\\\/logo\\\/image\\\/\"}}]}<\/script>\n<!-- \/ Yoast SEO plugin. -->","yoast_head_json":{"title":"Informa\u00e7\u00e3o sobre a Pra\u00e7a de Touros de Sevilha","description":"Descubra curiosidades sobre a pra\u00e7a de touros La Maestranza de Sevilha | Lota\u00e7\u00e3o da pra\u00e7a, hist\u00f3ria e recantos secretos","robots":{"index":"index","follow":"follow","max-snippet":"max-snippet:-1","max-image-preview":"max-image-preview:large","max-video-preview":"max-video-preview:-1"},"canonical":"https:\/\/plazatorossevilla.com\/pt-pt\/sobre-a-praca-de-touros\/","og_locale":"pt_PT","og_type":"article","og_title":"Informa\u00e7\u00e3o sobre a Pra\u00e7a de Touros de Sevilha","og_description":"Descubra curiosidades sobre a pra\u00e7a de touros La Maestranza de Sevilha | Lota\u00e7\u00e3o da pra\u00e7a, hist\u00f3ria e recantos secretos","og_url":"https:\/\/plazatorossevilla.com\/pt-pt\/sobre-a-praca-de-touros\/","og_site_name":"Plaza Toros Sevilla","article_modified_time":"2026-04-20T14:09:39+00:00","twitter_card":"summary_large_image","twitter_misc":{"Tempo estimado de leitura":"5 minutos"},"schema":{"@context":"https:\/\/schema.org","@graph":[{"@type":"WebPage","@id":"https:\/\/plazatorossevilla.com\/pt-pt\/sobre-a-praca-de-touros\/","url":"https:\/\/plazatorossevilla.com\/pt-pt\/sobre-a-praca-de-touros\/","name":"Informa\u00e7\u00e3o sobre a Pra\u00e7a de Touros de Sevilha","isPartOf":{"@id":"https:\/\/plazatorossevilla.com\/pt-pt\/#website"},"datePublished":"2026-03-18T15:41:26+00:00","dateModified":"2026-04-20T14:09:39+00:00","description":"Descubra curiosidades sobre a pra\u00e7a de touros La Maestranza de Sevilha | Lota\u00e7\u00e3o da pra\u00e7a, hist\u00f3ria e recantos secretos","breadcrumb":{"@id":"https:\/\/plazatorossevilla.com\/pt-pt\/sobre-a-praca-de-touros\/#breadcrumb"},"inLanguage":"pt-PT","potentialAction":[{"@type":"ReadAction","target":["https:\/\/plazatorossevilla.com\/pt-pt\/sobre-a-praca-de-touros\/"]}]},{"@type":"BreadcrumbList","@id":"https:\/\/plazatorossevilla.com\/pt-pt\/sobre-a-praca-de-touros\/#breadcrumb","itemListElement":[{"@type":"ListItem","position":1,"name":"Portada","item":"https:\/\/plazatorossevilla.com\/pt-pt\/"},{"@type":"ListItem","position":2,"name":"Sobre a pra\u00e7a de touros"}]},{"@type":"WebSite","@id":"https:\/\/plazatorossevilla.com\/pt-pt\/#website","url":"https:\/\/plazatorossevilla.com\/pt-pt\/","name":"Plaza Toros Sevilla","description":"Entradas a corridas de toros en Sevilla, Plaza de Toros La Maestranza","publisher":{"@id":"https:\/\/plazatorossevilla.com\/pt-pt\/#organization"},"potentialAction":[{"@type":"SearchAction","target":{"@type":"EntryPoint","urlTemplate":"https:\/\/plazatorossevilla.com\/pt-pt\/?s={search_term_string}"},"query-input":{"@type":"PropertyValueSpecification","valueRequired":true,"valueName":"search_term_string"}}],"inLanguage":"pt-PT"},{"@type":"Organization","@id":"https:\/\/plazatorossevilla.com\/pt-pt\/#organization","name":"Plaza Toros Sevilla","url":"https:\/\/plazatorossevilla.com\/pt-pt\/","logo":{"@type":"ImageObject","inLanguage":"pt-PT","@id":"https:\/\/plazatorossevilla.com\/pt-pt\/#\/schema\/logo\/image\/","url":"https:\/\/plazatorossevilla.com\/wp-content\/uploads\/2026\/03\/Logo-plaza-toros-sevilla.webp","contentUrl":"https:\/\/plazatorossevilla.com\/wp-content\/uploads\/2026\/03\/Logo-plaza-toros-sevilla.webp","width":286,"height":200,"caption":"Plaza Toros Sevilla"},"image":{"@id":"https:\/\/plazatorossevilla.com\/pt-pt\/#\/schema\/logo\/image\/"}}]}},"_links":{"self":[{"href":"https:\/\/plazatorossevilla.com\/pt-pt\/wp-json\/wp\/v2\/pages\/3581","targetHints":{"allow":["GET"]}}],"collection":[{"href":"https:\/\/plazatorossevilla.com\/pt-pt\/wp-json\/wp\/v2\/pages"}],"about":[{"href":"https:\/\/plazatorossevilla.com\/pt-pt\/wp-json\/wp\/v2\/types\/page"}],"author":[{"embeddable":true,"href":"https:\/\/plazatorossevilla.com\/pt-pt\/wp-json\/wp\/v2\/users\/2"}],"replies":[{"embeddable":true,"href":"https:\/\/plazatorossevilla.com\/pt-pt\/wp-json\/wp\/v2\/comments?post=3581"}],"version-history":[{"count":2,"href":"https:\/\/plazatorossevilla.com\/pt-pt\/wp-json\/wp\/v2\/pages\/3581\/revisions"}],"predecessor-version":[{"id":3590,"href":"https:\/\/plazatorossevilla.com\/pt-pt\/wp-json\/wp\/v2\/pages\/3581\/revisions\/3590"}],"wp:attachment":[{"href":"https:\/\/plazatorossevilla.com\/pt-pt\/wp-json\/wp\/v2\/media?parent=3581"}],"curies":[{"name":"wp","href":"https:\/\/api.w.org\/{rel}","templated":true}]}}