{"id":3459,"date":"2026-03-25T12:23:57","date_gmt":"2026-03-25T12:23:57","guid":{"rendered":"https:\/\/plazatorossevilla.com\/cartaz-de-touros\/"},"modified":"2026-04-20T14:09:52","modified_gmt":"2026-04-20T14:09:52","slug":"cartaz-de-touros","status":"publish","type":"page","link":"https:\/\/plazatorossevilla.com\/pt-pt\/bilhetes-touradas\/cartaz-de-touros\/","title":{"rendered":"Cartaz de touros"},"content":{"rendered":"<section class=\"l-section wpb_row height_medium\"><div class=\"l-section-h i-cf\"><div class=\"g-cols vc_row via_grid cols_1 laptops-cols_inherit tablets-cols_inherit mobiles-cols_1 valign_top type_default stacking_default\"><div class=\"wpb_column vc_column_container\"><div class=\"vc_column-inner\"><div class=\"wpb_text_column\"><div class=\"wpb_wrapper\"><h1>Cartaz de Touros Sevilha 2026<\/h1>\n<\/div><\/div><div class=\"w-separator size_medium\"><\/div><div class=\"g-cols wpb_row via_grid cols_2 laptops-cols_inherit tablets-cols_inherit mobiles-cols_1 valign_top type_default stacking_default\" style=\"--columns-gap:3rem;\"><div class=\"wpb_column vc_column_container\"><div class=\"vc_column-inner\"><div class=\"wpb_text_column\"><div class=\"wpb_wrapper\">\n<table id=\"tablepress-1\" class=\"tablepress tablepress-id-1\">\n<thead>\n<tr class=\"row-1\">\n\t<th class=\"column-1\">Feria 2026<\/th><th class=\"column-2\">D\u00eda<\/th><th class=\"column-3\">Toreros que participan<\/th>\n<\/tr>\n<\/thead>\n<tbody class=\"row-striping row-hover\">\n<tr class=\"row-2\">\n\t<td class=\"column-1\">Corrida toros<\/td><td class=\"column-2\">5 Abril<\/td><td class=\"column-3\">Morante, Roca Rey y David de Miranda<\/td>\n<\/tr>\n<tr class=\"row-3\">\n\t<td class=\"column-1\">Corrida toros<\/td><td class=\"column-2\">11 abril<\/td><td class=\"column-3\">Pepe Moral, Lama y Fabio<\/td>\n<\/tr>\n<tr class=\"row-4\">\n\t<td class=\"column-1\">Corrida toros<\/td><td class=\"column-2\">12 abril<\/td><td class=\"column-3\">\u00c1lvaro Lorenzo, Rafael Serna y Molina<br \/>\n<\/td>\n<\/tr>\n<tr class=\"row-5\">\n\t<td class=\"column-1\">Corrida toros<\/td><td class=\"column-2\">14 abril<\/td><td class=\"column-3\">Emiliano, Tom\u00e1s y Julio Norte<\/td>\n<\/tr>\n<tr class=\"row-6\">\n\t<td class=\"column-1\">Corrida toros<\/td><td class=\"column-2\">15 abril<\/td><td class=\"column-3\">Perera, Galv\u00e1n y Aaaron Palacio<\/td>\n<\/tr>\n<tr class=\"row-7\">\n\t<td class=\"column-1\">Corrida toros<\/td><td class=\"column-2\">16 abril<\/td><td class=\"column-3\">Morante, Juan Ortega y V\u00edctor H<\/td>\n<\/tr>\n<tr class=\"row-8\">\n\t<td class=\"column-1\">Corrida toros<\/td><td class=\"column-2\">17 abril<\/td><td class=\"column-3\">Talavante, Roca Rey y Aguado<\/td>\n<\/tr>\n<tr class=\"row-9\">\n\t<td class=\"column-1\">Corrida toros<\/td><td class=\"column-2\">18 abril<\/td><td class=\"column-3\">Escribano y Borja Jim\u00e9nez<\/td>\n<\/tr>\n<tr class=\"row-10\">\n\t<td class=\"column-1\">Corrida rejones<\/td><td class=\"column-2\">19 abril<\/td><td class=\"column-3\">Cartagena, Lea Vicents y Mendoza<\/td>\n<\/tr>\n<tr class=\"row-11\">\n\t<td class=\"column-1\">Corrida toros<\/td><td class=\"column-2\">20 abril<\/td><td class=\"column-3\">Morante, Borja y Tom\u00e1s Rufo<\/td>\n<\/tr>\n<tr class=\"row-12\">\n\t<td class=\"column-1\">Corrida toros<\/td><td class=\"column-2\">21 abril<\/td><td class=\"column-3\">Manzanares, Talavante y Daniel Luque<\/td>\n<\/tr>\n<tr class=\"row-13\">\n\t<td class=\"column-1\">Corrida toros<\/td><td class=\"column-2\">22 abril<\/td><td class=\"column-3\">D. Urdiales, E. de Justo y D. de Miranda<\/td>\n<\/tr>\n<tr class=\"row-14\">\n\t<td class=\"column-1\">Corrida toros<\/td><td class=\"column-2\">23 abril<\/td><td class=\"column-3\">Manzanares, Roca Rey y Zulueta<\/td>\n<\/tr>\n<tr class=\"row-15\">\n\t<td class=\"column-1\">Corrida toros<\/td><td class=\"column-2\">24 abril<\/td><td class=\"column-3\">D. Luque, Juan Ortega y Aguado<\/td>\n<\/tr>\n<tr class=\"row-16\">\n\t<td class=\"column-1\">Corrida toros<\/td><td class=\"column-2\">25 abril<\/td><td class=\"column-3\">El Cid, Fortes y Jos\u00e9 Garrido<\/td>\n<\/tr>\n<tr class=\"row-17\">\n\t<td class=\"column-1\">Corrida toros<\/td><td class=\"column-2\">26 abril<\/td><td class=\"column-3\">M. Escribano, Pepe Moral y Rom\u00e1n<\/td>\n<\/tr>\n<\/tbody>\n<\/table>\n\n<p>J\u00e1 est\u00e1 dispon\u00edvel o cartaz de touros de Sevilha 2026! Vem desfrutar das melhores corridas de touros de Espanha na impressionante pra\u00e7a de touros da Maestranza. Compra os teus bilhetes no seguinte link:<\/p>\n<\/div><\/div><div class=\"w-separator size_medium\"><\/div><div class=\"w-btn-wrapper align_none\"><a class=\"w-btn us-btn-style_1\" href=\"https:\/\/plazatorossevilla.com\/entradas-corridas-de-toros\/\"><span class=\"w-btn-label\">Comprar bilhetes<\/span><\/a><\/div><\/div><\/div><div class=\"wpb_column vc_column_container\"><div class=\"vc_column-inner\"><div class=\"w-image align_none\"><div class=\"w-image-h\"><img decoding=\"async\" width=\"576\" height=\"1024\" src=\"https:\/\/plazatorossevilla.com\/wp-content\/uploads\/2026\/03\/Cartel-toros-sevilla-2026-576x1024.webp\" class=\"attachment-large size-large\" alt=\"Cartel toros maestranza sevilla 2026\" loading=\"lazy\" srcset=\"https:\/\/plazatorossevilla.com\/wp-content\/uploads\/2026\/03\/Cartel-toros-sevilla-2026-576x1024.webp 576w, https:\/\/plazatorossevilla.com\/wp-content\/uploads\/2026\/03\/Cartel-toros-sevilla-2026-169x300.webp 169w, https:\/\/plazatorossevilla.com\/wp-content\/uploads\/2026\/03\/Cartel-toros-sevilla-2026-600x1067.webp 600w, https:\/\/plazatorossevilla.com\/wp-content\/uploads\/2026\/03\/Cartel-toros-sevilla-2026.webp 1080w\" sizes=\"auto, (max-width: 576px) 100vw, 576px\" \/><\/div><\/div><\/div><\/div><\/div><\/div><\/div><\/div><\/div><\/section><section class=\"l-section wpb_row height_medium\"><div class=\"l-section-h i-cf\"><div class=\"g-cols vc_row via_grid cols_1 laptops-cols_inherit tablets-cols_inherit mobiles-cols_1 valign_top type_default stacking_default\"><div class=\"wpb_column vc_column_container\"><div class=\"vc_column-inner\"><div class=\"wpb_text_column\"><div class=\"wpb_wrapper\"><h2>Bilhetes para o <span data-sheets-root=\"1\" data-sheets-value=\"{\"1\":2,\"2\":\"cartel toros malaga\"}\" data-sheets-userformat=\"{\"2\":4224,\"10\":2,\"15\":\"Arial\"}\">cartaz de touros de Sevilha<\/span><\/h2>\n<p>Descobre todos os bilhetes dispon\u00edveis atualmente para as corridas de touros na pra\u00e7a de touros de Sevilha:<\/p>\n<\/div><\/div><div class=\"w-separator size_medium\"><\/div><div class=\"w-grid us_grid type_grid layout_shop_modern cols_4 pagination_infinite overflow_hidden preload_style_spinner\" id=\"us_grid_1\" style=\"--columns:4;--gap:0.5rem;\" data-filterable=\"true\"><style>@media (max-width:1380px){#us_grid_1{--columns:3!important}}@media (max-width:1024px){#us_grid_1{--columns:2!important}}@media (max-width:600px){#us_grid_1{--columns:1!important}}.layout_shop_modern .w-grid-item-h{background:var(--color-content-bg);color:var(--color-content-text);border-radius:var(--site-border-radius);box-shadow:0 0.03rem 0.06rem rgba(0,0,0,0.1),0 0.1rem 0.3rem rgba(0,0,0,0.1);transition-duration:0.3s}.no-touch .layout_shop_modern .w-grid-item-h:hover{box-shadow:0 0.1rem 0.2rem rgba(0,0,0,0.1),0 0.33rem 1rem rgba(0,0,0,0.15);z-index:4}.layout_shop_modern .usg_vwrapper_1{transition-duration:0.2s;transform-origin:50% 50%;transform:scale(1) translate(0%,0%)}.layout_shop_modern .w-grid-item-h:focus-within .usg_vwrapper_1,.layout_shop_modern .w-grid-item-h:hover .usg_vwrapper_1{transform:scale(1) translate(0%,-2.4rem);opacity:1}.layout_shop_modern .usg_add_to_cart_1{transition-duration:0.3s;transform-origin:50% 50%;transform:scale(1) translate(0%,0%);opacity:0}.layout_shop_modern .w-grid-item-h:focus-within .usg_add_to_cart_1,.layout_shop_modern .w-grid-item-h:hover .usg_add_to_cart_1{transform:scale(1) translate(0%,0%);opacity:1}.layout_shop_modern .usg_product_field_1{color:#fff!important;font-size:12px!important;font-weight:700!important;text-transform:uppercase!important;position:absolute!important;top:10px!important;left:10px!important;padding-right:0.8rem!important;padding-left:0.8rem!important;border-radius:9em!important;background:var(--color-content-primary)!important}.layout_shop_modern .usg_vwrapper_1{background:inherit!important;padding:1rem 1.2rem 1rem 1.2rem!important}.layout_shop_modern .usg_post_title_1{color:inherit!important;font-size:1rem!important;margin-bottom:0.3rem!important}.layout_shop_modern .usg_product_field_2{margin-bottom:0.3rem!important}.layout_shop_modern .usg_product_field_3{font-weight:700!important}.layout_shop_modern .usg_add_to_cart_1{font-size:0.8rem!important;width:100%!important;border-radius:0!important;position:absolute!important;right:0!important;bottom:0!important;left:0!important}<\/style><div class=\"w-grid-list\">\t<article class=\"w-grid-item size_1x1 post-3523 product type-product status-publish has-post-thumbnail product_cat-feira-de-abril first instock taxable shipping-taxable purchasable product-type-variable\" data-id=\"3523\">\r\n\t\t<div class=\"w-grid-item-h\">\r\n\t\t\t\t\t\t\t<a href=\"https:\/\/plazatorossevilla.com\/pt-pt\/producto\/corrida-de-touros-27-de-setembro\/\" class=\"w-grid-item-anchor\" aria-label=\"Corrida de touros 27 de setembro\"><\/a>\r\n\t\t\t\t\t\t<div class=\"w-post-elm post_image usg_post_image_1 stretched\"><img loading=\"lazy\" decoding=\"async\" width=\"300\" height=\"300\" src=\"https:\/\/plazatorossevilla.com\/wp-content\/uploads\/2026\/04\/Corrida-toros-27-septiembre-300x300.webp\" class=\"attachment-woocommerce_thumbnail size-woocommerce_thumbnail wp-post-image\" alt=\"Corrida de touros 27 de setembro Sevilha\" srcset=\"https:\/\/plazatorossevilla.com\/wp-content\/uploads\/2026\/04\/Corrida-toros-27-septiembre-300x300.webp 300w, https:\/\/plazatorossevilla.com\/wp-content\/uploads\/2026\/04\/Corrida-toros-27-septiembre-150x150.webp 150w, https:\/\/plazatorossevilla.com\/wp-content\/uploads\/2026\/04\/Corrida-toros-27-septiembre.webp 500w\" sizes=\"auto, (max-width: 300px) 100vw, 300px\" \/><\/div><div class=\"w-vwrapper usg_vwrapper_1 align_center valign_top\"><h2 class=\"w-post-elm post_title usg_post_title_1 has_text_color woocommerce-loop-product__title color_link_inherit\">Corrida de touros 27 de setembro<\/h2><p class=\"w-post-elm product_field price usg_product_field_3\"><span class=\"woocommerce-Price-amount amount\" aria-hidden=\"true\"><bdi>32,00&nbsp;<span class=\"woocommerce-Price-currencySymbol\">&euro;<\/span><\/bdi><\/span> <span aria-hidden=\"true\">&ndash;<\/span> <span class=\"woocommerce-Price-amount amount\" aria-hidden=\"true\"><bdi>112,00&nbsp;<span class=\"woocommerce-Price-currencySymbol\">&euro;<\/span><\/bdi><\/span><span class=\"screen-reader-text\">Price range: 32,00&nbsp;&euro; through 112,00&nbsp;&euro;<\/span><\/p><\/div><div class=\"w-btn-wrapper woocommerce usg_add_to_cart_1 has_border_radius has_font_size no_view_cart_link\"><a href=\"https:\/\/plazatorossevilla.com\/pt-pt\/producto\/corrida-de-touros-27-de-setembro\/\" aria-describedby=\"woocommerce_loop_add_to_cart_link_describedby_3523\" data-quantity=\"1\" class=\"button product_type_variable add_to_cart_button\" data-product_id=\"3523\" data-product_sku=\"\" aria-label=\"Seleccione as op\u00e7\u00f5es para &ldquo;Corrida de touros 27 de setembro&rdquo;\" rel=\"nofollow\"><i class=\"g-preloader type_1\"><\/i><span class=\"w-btn-label\">Ver op\u00e7\u00f5es<\/span><\/a>\t<span id=\"woocommerce_loop_add_to_cart_link_describedby_3523\" class=\"screen-reader-text\">\n\t\tThis product has multiple variants. The options may be chosen on the product page\t<\/span>\n<\/div>\t\t<\/div>\r\n\t\t\t<\/article>\r\n\t<article class=\"w-grid-item size_1x1 post-3469 product type-product status-publish has-post-thumbnail product_cat-feira-de-abril  instock taxable shipping-taxable purchasable product-type-variable\" data-id=\"3469\">\r\n\t\t<div class=\"w-grid-item-h\">\r\n\t\t\t\t\t\t\t<a href=\"https:\/\/plazatorossevilla.com\/pt-pt\/producto\/corrida-de-touros-26-de-setembro\/\" class=\"w-grid-item-anchor\" aria-label=\"Corrida de touros 26 de setembro\"><\/a>\r\n\t\t\t\t\t\t<div class=\"w-post-elm post_image usg_post_image_1 stretched\"><img loading=\"lazy\" decoding=\"async\" width=\"300\" height=\"300\" src=\"https:\/\/plazatorossevilla.com\/wp-content\/uploads\/2026\/04\/Corrida-toros-26-septiembre-300x300.webp\" class=\"attachment-woocommerce_thumbnail size-woocommerce_thumbnail wp-post-image\" alt=\"Corrida de touros 26 de setembro sevilha\" srcset=\"https:\/\/plazatorossevilla.com\/wp-content\/uploads\/2026\/04\/Corrida-toros-26-septiembre-300x300.webp 300w, https:\/\/plazatorossevilla.com\/wp-content\/uploads\/2026\/04\/Corrida-toros-26-septiembre-150x150.webp 150w, https:\/\/plazatorossevilla.com\/wp-content\/uploads\/2026\/04\/Corrida-toros-26-septiembre.webp 500w\" sizes=\"auto, (max-width: 300px) 100vw, 300px\" \/><\/div><div class=\"w-vwrapper usg_vwrapper_1 align_center valign_top\"><h2 class=\"w-post-elm post_title usg_post_title_1 has_text_color woocommerce-loop-product__title color_link_inherit\">Corrida de touros 26 de setembro<\/h2><p class=\"w-post-elm product_field price usg_product_field_3\"><span class=\"woocommerce-Price-amount amount\" aria-hidden=\"true\"><bdi>32,00&nbsp;<span class=\"woocommerce-Price-currencySymbol\">&euro;<\/span><\/bdi><\/span> <span aria-hidden=\"true\">&ndash;<\/span> <span class=\"woocommerce-Price-amount amount\" aria-hidden=\"true\"><bdi>199,00&nbsp;<span class=\"woocommerce-Price-currencySymbol\">&euro;<\/span><\/bdi><\/span><span class=\"screen-reader-text\">Price range: 32,00&nbsp;&euro; through 199,00&nbsp;&euro;<\/span><\/p><\/div><div class=\"w-btn-wrapper woocommerce usg_add_to_cart_1 has_border_radius has_font_size no_view_cart_link\"><a href=\"https:\/\/plazatorossevilla.com\/pt-pt\/producto\/corrida-de-touros-26-de-setembro\/\" aria-describedby=\"woocommerce_loop_add_to_cart_link_describedby_3469\" data-quantity=\"1\" class=\"button product_type_variable add_to_cart_button\" data-product_id=\"3469\" data-product_sku=\"\" aria-label=\"Seleccione as op\u00e7\u00f5es para &ldquo;Corrida de touros 26 de setembro&rdquo;\" rel=\"nofollow\"><i class=\"g-preloader type_1\"><\/i><span class=\"w-btn-label\">Ver op\u00e7\u00f5es<\/span><\/a>\t<span id=\"woocommerce_loop_add_to_cart_link_describedby_3469\" class=\"screen-reader-text\">\n\t\tThis product has multiple variants. The options may be chosen on the product page\t<\/span>\n<\/div>\t\t<\/div>\r\n\t\t\t<\/article>\r\n\t<article class=\"w-grid-item size_1x1 post-3604 product type-product status-publish has-post-thumbnail product_cat-feira-de-abril last instock taxable shipping-taxable purchasable product-type-variable\" data-id=\"3604\">\r\n\t\t<div class=\"w-grid-item-h\">\r\n\t\t\t\t\t\t\t<a href=\"https:\/\/plazatorossevilla.com\/pt-pt\/producto\/corrida-de-touros-25-de-setembro\/\" class=\"w-grid-item-anchor\" aria-label=\"Corrida de touros 25 de setembro\"><\/a>\r\n\t\t\t\t\t\t<div class=\"w-post-elm post_image usg_post_image_1 stretched\"><img loading=\"lazy\" decoding=\"async\" width=\"300\" height=\"300\" src=\"https:\/\/plazatorossevilla.com\/wp-content\/uploads\/2026\/04\/Corrida-toros-25-septiembre-300x300.webp\" class=\"attachment-woocommerce_thumbnail size-woocommerce_thumbnail wp-post-image\" alt=\"Corrida de touros 25 de setembro Sevilha\" srcset=\"https:\/\/plazatorossevilla.com\/wp-content\/uploads\/2026\/04\/Corrida-toros-25-septiembre-300x300.webp 300w, https:\/\/plazatorossevilla.com\/wp-content\/uploads\/2026\/04\/Corrida-toros-25-septiembre-150x150.webp 150w, https:\/\/plazatorossevilla.com\/wp-content\/uploads\/2026\/04\/Corrida-toros-25-septiembre.webp 500w\" sizes=\"auto, (max-width: 300px) 100vw, 300px\" \/><\/div><div class=\"w-vwrapper usg_vwrapper_1 align_center valign_top\"><h2 class=\"w-post-elm post_title usg_post_title_1 has_text_color woocommerce-loop-product__title color_link_inherit\">Corrida de touros 25 de setembro<\/h2><p class=\"w-post-elm product_field price usg_product_field_3\"><span class=\"woocommerce-Price-amount amount\" aria-hidden=\"true\"><bdi>32,00&nbsp;<span class=\"woocommerce-Price-currencySymbol\">&euro;<\/span><\/bdi><\/span> <span aria-hidden=\"true\">&ndash;<\/span> <span class=\"woocommerce-Price-amount amount\" aria-hidden=\"true\"><bdi>199,00&nbsp;<span class=\"woocommerce-Price-currencySymbol\">&euro;<\/span><\/bdi><\/span><span class=\"screen-reader-text\">Price range: 32,00&nbsp;&euro; through 199,00&nbsp;&euro;<\/span><\/p><\/div><div class=\"w-btn-wrapper woocommerce usg_add_to_cart_1 has_border_radius has_font_size no_view_cart_link\"><a href=\"https:\/\/plazatorossevilla.com\/pt-pt\/producto\/corrida-de-touros-25-de-setembro\/\" aria-describedby=\"woocommerce_loop_add_to_cart_link_describedby_3604\" data-quantity=\"1\" class=\"button product_type_variable add_to_cart_button\" data-product_id=\"3604\" data-product_sku=\"\" aria-label=\"Seleccione as op\u00e7\u00f5es para &ldquo;Corrida de touros 25 de setembro&rdquo;\" rel=\"nofollow\"><i class=\"g-preloader type_1\"><\/i><span class=\"w-btn-label\">Ver op\u00e7\u00f5es<\/span><\/a>\t<span id=\"woocommerce_loop_add_to_cart_link_describedby_3604\" class=\"screen-reader-text\">\n\t\tThis product has multiple variants. The options may be chosen on the product page\t<\/span>\n<\/div>\t\t<\/div>\r\n\t\t\t<\/article>\r\n\t<article class=\"w-grid-item size_1x1 post-3818 product type-product status-publish has-post-thumbnail product_cat-feira-de-abril first instock taxable shipping-taxable purchasable product-type-variable\" data-id=\"3818\">\r\n\t\t<div class=\"w-grid-item-h\">\r\n\t\t\t\t\t\t\t<a href=\"https:\/\/plazatorossevilla.com\/pt-pt\/producto\/novilhada-24-de-setembro\/\" class=\"w-grid-item-anchor\" aria-label=\"Novilhada 24 de setembro\"><\/a>\r\n\t\t\t\t\t\t<div class=\"w-post-elm post_image usg_post_image_1 stretched\"><img loading=\"lazy\" decoding=\"async\" width=\"300\" height=\"300\" src=\"https:\/\/plazatorossevilla.com\/wp-content\/uploads\/2026\/04\/Novillada-24-septiembre-300x300.webp\" class=\"attachment-woocommerce_thumbnail size-woocommerce_thumbnail wp-post-image\" alt=\"Novilhada 24 de setembro Sevilha\" srcset=\"https:\/\/plazatorossevilla.com\/wp-content\/uploads\/2026\/04\/Novillada-24-septiembre-300x300.webp 300w, https:\/\/plazatorossevilla.com\/wp-content\/uploads\/2026\/04\/Novillada-24-septiembre-150x150.webp 150w, https:\/\/plazatorossevilla.com\/wp-content\/uploads\/2026\/04\/Novillada-24-septiembre.webp 500w\" sizes=\"auto, (max-width: 300px) 100vw, 300px\" \/><\/div><div class=\"w-vwrapper usg_vwrapper_1 align_center valign_top\"><h2 class=\"w-post-elm post_title usg_post_title_1 has_text_color woocommerce-loop-product__title color_link_inherit\">Novilhada 24 de setembro<\/h2><p class=\"w-post-elm product_field price usg_product_field_3\"><span class=\"woocommerce-Price-amount amount\" aria-hidden=\"true\"><bdi>14,00&nbsp;<span class=\"woocommerce-Price-currencySymbol\">&euro;<\/span><\/bdi><\/span> <span aria-hidden=\"true\">&ndash;<\/span> <span class=\"woocommerce-Price-amount amount\" aria-hidden=\"true\"><bdi>80,00&nbsp;<span class=\"woocommerce-Price-currencySymbol\">&euro;<\/span><\/bdi><\/span><span class=\"screen-reader-text\">Price range: 14,00&nbsp;&euro; through 80,00&nbsp;&euro;<\/span><\/p><\/div><div class=\"w-btn-wrapper woocommerce usg_add_to_cart_1 has_border_radius has_font_size no_view_cart_link\"><a href=\"https:\/\/plazatorossevilla.com\/pt-pt\/producto\/novilhada-24-de-setembro\/\" aria-describedby=\"woocommerce_loop_add_to_cart_link_describedby_3818\" data-quantity=\"1\" class=\"button product_type_variable add_to_cart_button\" data-product_id=\"3818\" data-product_sku=\"\" aria-label=\"Seleccione as op\u00e7\u00f5es para &ldquo;Novilhada 24 de setembro&rdquo;\" rel=\"nofollow\"><i class=\"g-preloader type_1\"><\/i><span class=\"w-btn-label\">Ver op\u00e7\u00f5es<\/span><\/a>\t<span id=\"woocommerce_loop_add_to_cart_link_describedby_3818\" class=\"screen-reader-text\">\n\t\tThis product has multiple variants. The options may be chosen on the product page\t<\/span>\n<\/div>\t\t<\/div>\r\n\t\t\t<\/article>\r\n\t<article class=\"w-grid-item size_1x1 post-3759 product type-product status-publish has-post-thumbnail product_cat-feira-de-abril  instock taxable shipping-taxable purchasable product-type-variable\" data-id=\"3759\">\r\n\t\t<div class=\"w-grid-item-h\">\r\n\t\t\t\t\t\t\t<a href=\"https:\/\/plazatorossevilla.com\/pt-pt\/producto\/novilhada-11-de-junho\/\" class=\"w-grid-item-anchor\" aria-label=\"Novilhada 11 de Junho\"><\/a>\r\n\t\t\t\t\t\t<div class=\"w-post-elm post_image usg_post_image_1 stretched\"><img loading=\"lazy\" decoding=\"async\" width=\"300\" height=\"300\" src=\"https:\/\/plazatorossevilla.com\/wp-content\/uploads\/2026\/04\/Novillada-11-junio-300x300.webp\" class=\"attachment-woocommerce_thumbnail size-woocommerce_thumbnail wp-post-image\" alt=\"Novilhada 11 junho sevilha\" srcset=\"https:\/\/plazatorossevilla.com\/wp-content\/uploads\/2026\/04\/Novillada-11-junio-300x300.webp 300w, https:\/\/plazatorossevilla.com\/wp-content\/uploads\/2026\/04\/Novillada-11-junio-150x150.webp 150w, https:\/\/plazatorossevilla.com\/wp-content\/uploads\/2026\/04\/Novillada-11-junio.webp 500w\" sizes=\"auto, (max-width: 300px) 100vw, 300px\" \/><\/div><div class=\"w-vwrapper usg_vwrapper_1 align_center valign_top\"><h2 class=\"w-post-elm post_title usg_post_title_1 has_text_color woocommerce-loop-product__title color_link_inherit\">Novilhada 11 de Junho<\/h2><p class=\"w-post-elm product_field price usg_product_field_3\"><span class=\"woocommerce-Price-amount amount\" aria-hidden=\"true\"><bdi>14,00&nbsp;<span class=\"woocommerce-Price-currencySymbol\">&euro;<\/span><\/bdi><\/span> <span aria-hidden=\"true\">&ndash;<\/span> <span class=\"woocommerce-Price-amount amount\" aria-hidden=\"true\"><bdi>80,00&nbsp;<span class=\"woocommerce-Price-currencySymbol\">&euro;<\/span><\/bdi><\/span><span class=\"screen-reader-text\">Price range: 14,00&nbsp;&euro; through 80,00&nbsp;&euro;<\/span><\/p><\/div><div class=\"w-btn-wrapper woocommerce usg_add_to_cart_1 has_border_radius has_font_size no_view_cart_link\"><a href=\"https:\/\/plazatorossevilla.com\/pt-pt\/producto\/novilhada-11-de-junho\/\" aria-describedby=\"woocommerce_loop_add_to_cart_link_describedby_3759\" data-quantity=\"1\" class=\"button product_type_variable add_to_cart_button\" data-product_id=\"3759\" data-product_sku=\"\" aria-label=\"Seleccione as op\u00e7\u00f5es para &ldquo;Novilhada 11 de Junho&rdquo;\" rel=\"nofollow\"><i class=\"g-preloader type_1\"><\/i><span class=\"w-btn-label\">Ver op\u00e7\u00f5es<\/span><\/a>\t<span id=\"woocommerce_loop_add_to_cart_link_describedby_3759\" class=\"screen-reader-text\">\n\t\tThis product has multiple variants. The options may be chosen on the product page\t<\/span>\n<\/div>\t\t<\/div>\r\n\t\t\t<\/article>\r\n\t<article class=\"w-grid-item size_1x1 post-3928 product type-product status-publish has-post-thumbnail product_cat-feira-de-abril last instock taxable shipping-taxable purchasable product-type-variable\" data-id=\"3928\">\r\n\t\t<div class=\"w-grid-item-h\">\r\n\t\t\t\t\t\t\t<a href=\"https:\/\/plazatorossevilla.com\/pt-pt\/producto\/novilhada-31-de-maio\/\" class=\"w-grid-item-anchor\" aria-label=\"Novilhada 31 de Maio\"><\/a>\r\n\t\t\t\t\t\t<div class=\"w-post-elm post_image usg_post_image_1 stretched\"><img loading=\"lazy\" decoding=\"async\" width=\"300\" height=\"300\" src=\"https:\/\/plazatorossevilla.com\/wp-content\/uploads\/2026\/04\/Novillada-31-de-mayo-300x300.webp\" class=\"attachment-woocommerce_thumbnail size-woocommerce_thumbnail wp-post-image\" alt=\"Novilhada 31 de maio Sevilha\" srcset=\"https:\/\/plazatorossevilla.com\/wp-content\/uploads\/2026\/04\/Novillada-31-de-mayo-300x300.webp 300w, https:\/\/plazatorossevilla.com\/wp-content\/uploads\/2026\/04\/Novillada-31-de-mayo-150x150.webp 150w, https:\/\/plazatorossevilla.com\/wp-content\/uploads\/2026\/04\/Novillada-31-de-mayo.webp 500w\" sizes=\"auto, (max-width: 300px) 100vw, 300px\" \/><\/div><div class=\"w-vwrapper usg_vwrapper_1 align_center valign_top\"><h2 class=\"w-post-elm post_title usg_post_title_1 has_text_color woocommerce-loop-product__title color_link_inherit\">Novilhada 31 de Maio<\/h2><p class=\"w-post-elm product_field price usg_product_field_3\"><span class=\"woocommerce-Price-amount amount\" aria-hidden=\"true\"><bdi>14,00&nbsp;<span class=\"woocommerce-Price-currencySymbol\">&euro;<\/span><\/bdi><\/span> <span aria-hidden=\"true\">&ndash;<\/span> <span class=\"woocommerce-Price-amount amount\" aria-hidden=\"true\"><bdi>80,00&nbsp;<span class=\"woocommerce-Price-currencySymbol\">&euro;<\/span><\/bdi><\/span><span class=\"screen-reader-text\">Price range: 14,00&nbsp;&euro; through 80,00&nbsp;&euro;<\/span><\/p><\/div><div class=\"w-btn-wrapper woocommerce usg_add_to_cart_1 has_border_radius has_font_size no_view_cart_link\"><a href=\"https:\/\/plazatorossevilla.com\/pt-pt\/producto\/novilhada-31-de-maio\/\" aria-describedby=\"woocommerce_loop_add_to_cart_link_describedby_3928\" data-quantity=\"1\" class=\"button product_type_variable add_to_cart_button\" data-product_id=\"3928\" data-product_sku=\"\" aria-label=\"Seleccione as op\u00e7\u00f5es para &ldquo;Novilhada 31 de Maio&rdquo;\" rel=\"nofollow\"><i class=\"g-preloader type_1\"><\/i><span class=\"w-btn-label\">Ver op\u00e7\u00f5es<\/span><\/a>\t<span id=\"woocommerce_loop_add_to_cart_link_describedby_3928\" class=\"screen-reader-text\">\n\t\tThis product has multiple variants. The options may be chosen on the product page\t<\/span>\n<\/div>\t\t<\/div>\r\n\t\t\t<\/article>\r\n\t<article class=\"w-grid-item size_1x1 post-3891 product type-product status-publish has-post-thumbnail product_cat-feira-de-abril first instock taxable shipping-taxable purchasable product-type-variable\" data-id=\"3891\">\r\n\t\t<div class=\"w-grid-item-h\">\r\n\t\t\t\t\t\t\t<a href=\"https:\/\/plazatorossevilla.com\/pt-pt\/producto\/novilhada-17-de-maio\/\" class=\"w-grid-item-anchor\" aria-label=\"Novilhada 17 de maio\"><\/a>\r\n\t\t\t\t\t\t<div class=\"w-post-elm post_image usg_post_image_1 stretched\"><img loading=\"lazy\" decoding=\"async\" width=\"300\" height=\"300\" src=\"https:\/\/plazatorossevilla.com\/wp-content\/uploads\/2026\/04\/Novillada-17-de-mayo-300x300.webp\" class=\"attachment-woocommerce_thumbnail size-woocommerce_thumbnail wp-post-image\" alt=\"Novilhada 17 de maio Sevilha\" srcset=\"https:\/\/plazatorossevilla.com\/wp-content\/uploads\/2026\/04\/Novillada-17-de-mayo-300x300.webp 300w, https:\/\/plazatorossevilla.com\/wp-content\/uploads\/2026\/04\/Novillada-17-de-mayo-150x150.webp 150w, https:\/\/plazatorossevilla.com\/wp-content\/uploads\/2026\/04\/Novillada-17-de-mayo.webp 500w\" sizes=\"auto, (max-width: 300px) 100vw, 300px\" \/><\/div><div class=\"w-vwrapper usg_vwrapper_1 align_center valign_top\"><h2 class=\"w-post-elm post_title usg_post_title_1 has_text_color woocommerce-loop-product__title color_link_inherit\">Novilhada 17 de maio<\/h2><p class=\"w-post-elm product_field price usg_product_field_3\"><span class=\"woocommerce-Price-amount amount\" aria-hidden=\"true\"><bdi>14,00&nbsp;<span class=\"woocommerce-Price-currencySymbol\">&euro;<\/span><\/bdi><\/span> <span aria-hidden=\"true\">&ndash;<\/span> <span class=\"woocommerce-Price-amount amount\" aria-hidden=\"true\"><bdi>80,00&nbsp;<span class=\"woocommerce-Price-currencySymbol\">&euro;<\/span><\/bdi><\/span><span class=\"screen-reader-text\">Price range: 14,00&nbsp;&euro; through 80,00&nbsp;&euro;<\/span><\/p><\/div><div class=\"w-btn-wrapper woocommerce usg_add_to_cart_1 has_border_radius has_font_size no_view_cart_link\"><a href=\"https:\/\/plazatorossevilla.com\/pt-pt\/producto\/novilhada-17-de-maio\/\" aria-describedby=\"woocommerce_loop_add_to_cart_link_describedby_3891\" data-quantity=\"1\" class=\"button product_type_variable add_to_cart_button\" data-product_id=\"3891\" data-product_sku=\"\" aria-label=\"Seleccione as op\u00e7\u00f5es para &ldquo;Novilhada 17 de maio&rdquo;\" rel=\"nofollow\"><i class=\"g-preloader type_1\"><\/i><span class=\"w-btn-label\">Ver op\u00e7\u00f5es<\/span><\/a>\t<span id=\"woocommerce_loop_add_to_cart_link_describedby_3891\" class=\"screen-reader-text\">\n\t\tThis product has multiple variants. The options may be chosen on the product page\t<\/span>\n<\/div>\t\t<\/div>\r\n\t\t\t<\/article>\r\n\t<article class=\"w-grid-item size_1x1 post-3817 product type-product status-publish has-post-thumbnail product_cat-feira-de-abril  instock taxable shipping-taxable purchasable product-type-variable\" data-id=\"3817\">\r\n\t\t<div class=\"w-grid-item-h\">\r\n\t\t\t\t\t\t\t<a href=\"https:\/\/plazatorossevilla.com\/pt-pt\/producto\/novilhada-10-de-maio\/\" class=\"w-grid-item-anchor\" aria-label=\"Novilhada 10 de Maio\"><\/a>\r\n\t\t\t\t\t\t<div class=\"w-post-elm post_image usg_post_image_1 stretched\"><img loading=\"lazy\" decoding=\"async\" width=\"300\" height=\"300\" src=\"https:\/\/plazatorossevilla.com\/wp-content\/uploads\/2026\/04\/Novillada-10-de-mayo-300x300.webp\" class=\"attachment-woocommerce_thumbnail size-woocommerce_thumbnail wp-post-image\" alt=\"Novilhada 10 de maio sevilha\" srcset=\"https:\/\/plazatorossevilla.com\/wp-content\/uploads\/2026\/04\/Novillada-10-de-mayo-300x300.webp 300w, https:\/\/plazatorossevilla.com\/wp-content\/uploads\/2026\/04\/Novillada-10-de-mayo-150x150.webp 150w, https:\/\/plazatorossevilla.com\/wp-content\/uploads\/2026\/04\/Novillada-10-de-mayo.webp 500w\" sizes=\"auto, (max-width: 300px) 100vw, 300px\" \/><\/div><div class=\"w-vwrapper usg_vwrapper_1 align_center valign_top\"><h2 class=\"w-post-elm post_title usg_post_title_1 has_text_color woocommerce-loop-product__title color_link_inherit\">Novilhada 10 de Maio<\/h2><p class=\"w-post-elm product_field price usg_product_field_3\"><span class=\"woocommerce-Price-amount amount\" aria-hidden=\"true\"><bdi>14,00&nbsp;<span class=\"woocommerce-Price-currencySymbol\">&euro;<\/span><\/bdi><\/span> <span aria-hidden=\"true\">&ndash;<\/span> <span class=\"woocommerce-Price-amount amount\" aria-hidden=\"true\"><bdi>80,00&nbsp;<span class=\"woocommerce-Price-currencySymbol\">&euro;<\/span><\/bdi><\/span><span class=\"screen-reader-text\">Price range: 14,00&nbsp;&euro; through 80,00&nbsp;&euro;<\/span><\/p><\/div><div class=\"w-btn-wrapper woocommerce usg_add_to_cart_1 has_border_radius has_font_size no_view_cart_link\"><a href=\"https:\/\/plazatorossevilla.com\/pt-pt\/producto\/novilhada-10-de-maio\/\" aria-describedby=\"woocommerce_loop_add_to_cart_link_describedby_3817\" data-quantity=\"1\" class=\"button product_type_variable add_to_cart_button\" data-product_id=\"3817\" data-product_sku=\"\" aria-label=\"Seleccione as op\u00e7\u00f5es para &ldquo;Novilhada 10 de Maio&rdquo;\" rel=\"nofollow\"><i class=\"g-preloader type_1\"><\/i><span class=\"w-btn-label\">Ver op\u00e7\u00f5es<\/span><\/a>\t<span id=\"woocommerce_loop_add_to_cart_link_describedby_3817\" class=\"screen-reader-text\">\n\t\tThis product has multiple variants. The options may be chosen on the product page\t<\/span>\n<\/div>\t\t<\/div>\r\n\t\t\t<\/article>\r\n<\/div>\t<div class=\"w-grid-preloader\">\r\n\t\t<div class=\"g-preloader type_1\">\r\n\t\t\t<div><\/div>\r\n\t\t<\/div>\r\n\t<\/div>\r\n\t\t<div class=\"w-grid-json hidden\" onclick='return {&quot;action&quot;:&quot;us_ajax_grid&quot;,&quot;infinite_scroll&quot;:0,&quot;max_num_pages&quot;:1,&quot;pagination&quot;:&quot;infinite&quot;,&quot;template_vars&quot;:{&quot;columns&quot;:&quot;4&quot;,&quot;exclude_items&quot;:&quot;none&quot;,&quot;img_size&quot;:&quot;default&quot;,&quot;ignore_items_size&quot;:0,&quot;items_layout&quot;:&quot;shop_modern&quot;,&quot;items_offset&quot;:&quot;1&quot;,&quot;load_animation&quot;:&quot;none&quot;,&quot;overriding_link&quot;:&quot;%7B%22type%22%3A%22post%22%7D&quot;,&quot;post_id&quot;:0,&quot;query_args&quot;:{&quot;post_type&quot;:[&quot;product&quot;],&quot;post_status&quot;:[&quot;publish&quot;],&quot;meta_query&quot;:[],&quot;tax_query&quot;:[{&quot;taxonomy&quot;:&quot;product_visibility&quot;,&quot;field&quot;:&quot;slug&quot;,&quot;terms&quot;:[&quot;exclude-from-catalog&quot;],&quot;operator&quot;:&quot;NOT IN&quot;}],&quot;posts_per_page&quot;:&quot;20&quot;},&quot;orderby_query_args&quot;:{&quot;orderby&quot;:{&quot;date&quot;:&quot;DESC&quot;}},&quot;type&quot;:&quot;grid&quot;,&quot;us_grid_post_type&quot;:&quot;product&quot;,&quot;us_grid_ajax_index&quot;:1,&quot;us_grid_filter_query_string&quot;:null,&quot;us_grid_index&quot;:1,&quot;page_args&quot;:[],&quot;lang&quot;:&quot;pt-pt&quot;}}'><\/div>\r\n\t<\/div><\/div><\/div><\/div><\/div><\/section>\n","protected":false},"excerpt":{"rendered":"Compre os seus bilhetes para a Corrida de touros de 10 de Maio em Sevilha, a feira taurina mais singular do ano na Pra\u00e7a de Touros La Maestranza. \ud83d\udcc5 Data: 10 de Maio de 2026 \ud83d\udd55 Hora: 19h00 \ud83d\udccd Local: P.\u00ba de Crist\u00f3bal Col\u00f3n, 12, Casco Antiguo, 41001 Sevilha \u23f1 Dura\u00e7\u00e3o aproximada: 2 a 2,5...","protected":false},"author":2,"featured_media":0,"parent":3597,"menu_order":0,"comment_status":"closed","ping_status":"closed","template":"","meta":{"footnotes":""},"class_list":["post-3459","page","type-page","status-publish","hentry"],"yoast_head":"<!-- This site is optimized with the Yoast SEO plugin v27.4 - https:\/\/yoast.com\/product\/yoast-seo-wordpress\/ -->\n<title>\u25b7 Cartaz de Touros Sevilha 2026 | Pra\u00e7a de Touros Maestranza<\/title>\n<meta name=\"description\" content=\"J\u00e1 dispon\u00edvel o novo cartaz de touros de Sevilha | Descobre os toureiros que v\u00e3o participar no pr\u00f3ximo evento taurino da Maestranza\" \/>\n<meta name=\"robots\" content=\"index, follow, max-snippet:-1, max-image-preview:large, max-video-preview:-1\" \/>\n<link rel=\"canonical\" href=\"https:\/\/plazatorossevilla.com\/pt-pt\/bilhetes-touradas\/cartaz-de-touros\/\" \/>\n<meta property=\"og:locale\" content=\"pt_PT\" \/>\n<meta property=\"og:type\" content=\"article\" \/>\n<meta property=\"og:title\" content=\"\u25b7 Cartaz de Touros Sevilha 2026 | Pra\u00e7a de Touros Maestranza\" \/>\n<meta property=\"og:description\" content=\"J\u00e1 dispon\u00edvel o novo cartaz de touros de Sevilha | Descobre os toureiros que v\u00e3o participar no pr\u00f3ximo evento taurino da Maestranza\" \/>\n<meta property=\"og:url\" content=\"https:\/\/plazatorossevilla.com\/pt-pt\/bilhetes-touradas\/cartaz-de-touros\/\" \/>\n<meta property=\"og:site_name\" content=\"Plaza Toros Sevilla\" \/>\n<meta property=\"article:modified_time\" content=\"2026-04-20T14:09:52+00:00\" \/>\n<meta name=\"twitter:card\" content=\"summary_large_image\" \/>\n<meta name=\"twitter:label1\" content=\"Tempo estimado de leitura\" \/>\n\t<meta name=\"twitter:data1\" content=\"1 minuto\" \/>\n<script type=\"application\/ld+json\" class=\"yoast-schema-graph\">{\"@context\":\"https:\\\/\\\/schema.org\",\"@graph\":[{\"@type\":\"WebPage\",\"@id\":\"https:\\\/\\\/plazatorossevilla.com\\\/pt-pt\\\/bilhetes-touradas\\\/cartaz-de-touros\\\/\",\"url\":\"https:\\\/\\\/plazatorossevilla.com\\\/pt-pt\\\/bilhetes-touradas\\\/cartaz-de-touros\\\/\",\"name\":\"\u25b7 Cartaz de Touros Sevilha 2026 | Pra\u00e7a de Touros Maestranza\",\"isPartOf\":{\"@id\":\"https:\\\/\\\/plazatorossevilla.com\\\/pt-pt\\\/#website\"},\"datePublished\":\"2026-03-25T12:23:57+00:00\",\"dateModified\":\"2026-04-20T14:09:52+00:00\",\"description\":\"J\u00e1 dispon\u00edvel o novo cartaz de touros de Sevilha | Descobre os toureiros que v\u00e3o participar no pr\u00f3ximo evento taurino da Maestranza\",\"breadcrumb\":{\"@id\":\"https:\\\/\\\/plazatorossevilla.com\\\/pt-pt\\\/bilhetes-touradas\\\/cartaz-de-touros\\\/#breadcrumb\"},\"inLanguage\":\"pt-PT\",\"potentialAction\":[{\"@type\":\"ReadAction\",\"target\":[\"https:\\\/\\\/plazatorossevilla.com\\\/pt-pt\\\/bilhetes-touradas\\\/cartaz-de-touros\\\/\"]}]},{\"@type\":\"BreadcrumbList\",\"@id\":\"https:\\\/\\\/plazatorossevilla.com\\\/pt-pt\\\/bilhetes-touradas\\\/cartaz-de-touros\\\/#breadcrumb\",\"itemListElement\":[{\"@type\":\"ListItem\",\"position\":1,\"name\":\"Portada\",\"item\":\"https:\\\/\\\/plazatorossevilla.com\\\/pt-pt\\\/\"},{\"@type\":\"ListItem\",\"position\":2,\"name\":\"Bilhetes Touradas\",\"item\":\"https:\\\/\\\/plazatorossevilla.com\\\/pt-pt\\\/bilhetes-touradas\\\/\"},{\"@type\":\"ListItem\",\"position\":3,\"name\":\"Cartaz de touros\"}]},{\"@type\":\"WebSite\",\"@id\":\"https:\\\/\\\/plazatorossevilla.com\\\/pt-pt\\\/#website\",\"url\":\"https:\\\/\\\/plazatorossevilla.com\\\/pt-pt\\\/\",\"name\":\"Plaza Toros Sevilla\",\"description\":\"Entradas a corridas de toros en Sevilla, Plaza de Toros La Maestranza\",\"publisher\":{\"@id\":\"https:\\\/\\\/plazatorossevilla.com\\\/pt-pt\\\/#organization\"},\"potentialAction\":[{\"@type\":\"SearchAction\",\"target\":{\"@type\":\"EntryPoint\",\"urlTemplate\":\"https:\\\/\\\/plazatorossevilla.com\\\/pt-pt\\\/?s={search_term_string}\"},\"query-input\":{\"@type\":\"PropertyValueSpecification\",\"valueRequired\":true,\"valueName\":\"search_term_string\"}}],\"inLanguage\":\"pt-PT\"},{\"@type\":\"Organization\",\"@id\":\"https:\\\/\\\/plazatorossevilla.com\\\/pt-pt\\\/#organization\",\"name\":\"Plaza Toros Sevilla\",\"url\":\"https:\\\/\\\/plazatorossevilla.com\\\/pt-pt\\\/\",\"logo\":{\"@type\":\"ImageObject\",\"inLanguage\":\"pt-PT\",\"@id\":\"https:\\\/\\\/plazatorossevilla.com\\\/pt-pt\\\/#\\\/schema\\\/logo\\\/image\\\/\",\"url\":\"https:\\\/\\\/plazatorossevilla.com\\\/wp-content\\\/uploads\\\/2026\\\/03\\\/Logo-plaza-toros-sevilla.webp\",\"contentUrl\":\"https:\\\/\\\/plazatorossevilla.com\\\/wp-content\\\/uploads\\\/2026\\\/03\\\/Logo-plaza-toros-sevilla.webp\",\"width\":286,\"height\":200,\"caption\":\"Plaza Toros Sevilla\"},\"image\":{\"@id\":\"https:\\\/\\\/plazatorossevilla.com\\\/pt-pt\\\/#\\\/schema\\\/logo\\\/image\\\/\"}}]}<\/script>\n<!-- \/ Yoast SEO plugin. -->","yoast_head_json":{"title":"\u25b7 Cartaz de Touros Sevilha 2026 | Pra\u00e7a de Touros Maestranza","description":"J\u00e1 dispon\u00edvel o novo cartaz de touros de Sevilha | Descobre os toureiros que v\u00e3o participar no pr\u00f3ximo evento taurino da Maestranza","robots":{"index":"index","follow":"follow","max-snippet":"max-snippet:-1","max-image-preview":"max-image-preview:large","max-video-preview":"max-video-preview:-1"},"canonical":"https:\/\/plazatorossevilla.com\/pt-pt\/bilhetes-touradas\/cartaz-de-touros\/","og_locale":"pt_PT","og_type":"article","og_title":"\u25b7 Cartaz de Touros Sevilha 2026 | Pra\u00e7a de Touros Maestranza","og_description":"J\u00e1 dispon\u00edvel o novo cartaz de touros de Sevilha | Descobre os toureiros que v\u00e3o participar no pr\u00f3ximo evento taurino da Maestranza","og_url":"https:\/\/plazatorossevilla.com\/pt-pt\/bilhetes-touradas\/cartaz-de-touros\/","og_site_name":"Plaza Toros Sevilla","article_modified_time":"2026-04-20T14:09:52+00:00","twitter_card":"summary_large_image","twitter_misc":{"Tempo estimado de leitura":"1 minuto"},"schema":{"@context":"https:\/\/schema.org","@graph":[{"@type":"WebPage","@id":"https:\/\/plazatorossevilla.com\/pt-pt\/bilhetes-touradas\/cartaz-de-touros\/","url":"https:\/\/plazatorossevilla.com\/pt-pt\/bilhetes-touradas\/cartaz-de-touros\/","name":"\u25b7 Cartaz de Touros Sevilha 2026 | Pra\u00e7a de Touros Maestranza","isPartOf":{"@id":"https:\/\/plazatorossevilla.com\/pt-pt\/#website"},"datePublished":"2026-03-25T12:23:57+00:00","dateModified":"2026-04-20T14:09:52+00:00","description":"J\u00e1 dispon\u00edvel o novo cartaz de touros de Sevilha | Descobre os toureiros que v\u00e3o participar no pr\u00f3ximo evento taurino da Maestranza","breadcrumb":{"@id":"https:\/\/plazatorossevilla.com\/pt-pt\/bilhetes-touradas\/cartaz-de-touros\/#breadcrumb"},"inLanguage":"pt-PT","potentialAction":[{"@type":"ReadAction","target":["https:\/\/plazatorossevilla.com\/pt-pt\/bilhetes-touradas\/cartaz-de-touros\/"]}]},{"@type":"BreadcrumbList","@id":"https:\/\/plazatorossevilla.com\/pt-pt\/bilhetes-touradas\/cartaz-de-touros\/#breadcrumb","itemListElement":[{"@type":"ListItem","position":1,"name":"Portada","item":"https:\/\/plazatorossevilla.com\/pt-pt\/"},{"@type":"ListItem","position":2,"name":"Bilhetes Touradas","item":"https:\/\/plazatorossevilla.com\/pt-pt\/bilhetes-touradas\/"},{"@type":"ListItem","position":3,"name":"Cartaz de touros"}]},{"@type":"WebSite","@id":"https:\/\/plazatorossevilla.com\/pt-pt\/#website","url":"https:\/\/plazatorossevilla.com\/pt-pt\/","name":"Plaza Toros Sevilla","description":"Entradas a corridas de toros en Sevilla, Plaza de Toros La Maestranza","publisher":{"@id":"https:\/\/plazatorossevilla.com\/pt-pt\/#organization"},"potentialAction":[{"@type":"SearchAction","target":{"@type":"EntryPoint","urlTemplate":"https:\/\/plazatorossevilla.com\/pt-pt\/?s={search_term_string}"},"query-input":{"@type":"PropertyValueSpecification","valueRequired":true,"valueName":"search_term_string"}}],"inLanguage":"pt-PT"},{"@type":"Organization","@id":"https:\/\/plazatorossevilla.com\/pt-pt\/#organization","name":"Plaza Toros Sevilla","url":"https:\/\/plazatorossevilla.com\/pt-pt\/","logo":{"@type":"ImageObject","inLanguage":"pt-PT","@id":"https:\/\/plazatorossevilla.com\/pt-pt\/#\/schema\/logo\/image\/","url":"https:\/\/plazatorossevilla.com\/wp-content\/uploads\/2026\/03\/Logo-plaza-toros-sevilla.webp","contentUrl":"https:\/\/plazatorossevilla.com\/wp-content\/uploads\/2026\/03\/Logo-plaza-toros-sevilla.webp","width":286,"height":200,"caption":"Plaza Toros Sevilla"},"image":{"@id":"https:\/\/plazatorossevilla.com\/pt-pt\/#\/schema\/logo\/image\/"}}]}},"_links":{"self":[{"href":"https:\/\/plazatorossevilla.com\/pt-pt\/wp-json\/wp\/v2\/pages\/3459","targetHints":{"allow":["GET"]}}],"collection":[{"href":"https:\/\/plazatorossevilla.com\/pt-pt\/wp-json\/wp\/v2\/pages"}],"about":[{"href":"https:\/\/plazatorossevilla.com\/pt-pt\/wp-json\/wp\/v2\/types\/page"}],"author":[{"embeddable":true,"href":"https:\/\/plazatorossevilla.com\/pt-pt\/wp-json\/wp\/v2\/users\/2"}],"replies":[{"embeddable":true,"href":"https:\/\/plazatorossevilla.com\/pt-pt\/wp-json\/wp\/v2\/comments?post=3459"}],"version-history":[{"count":1,"href":"https:\/\/plazatorossevilla.com\/pt-pt\/wp-json\/wp\/v2\/pages\/3459\/revisions"}],"predecessor-version":[{"id":3465,"href":"https:\/\/plazatorossevilla.com\/pt-pt\/wp-json\/wp\/v2\/pages\/3459\/revisions\/3465"}],"up":[{"embeddable":true,"href":"https:\/\/plazatorossevilla.com\/pt-pt\/wp-json\/wp\/v2\/pages\/3597"}],"wp:attachment":[{"href":"https:\/\/plazatorossevilla.com\/pt-pt\/wp-json\/wp\/v2\/media?parent=3459"}],"curies":[{"name":"wp","href":"https:\/\/api.w.org\/{rel}","templated":true}]}}